{"id":3578,"date":"2024-08-20T14:52:06","date_gmt":"2024-08-20T14:52:06","guid":{"rendered":"https:\/\/www.medinik.de\/news-events\/"},"modified":"2025-04-17T08:59:01","modified_gmt":"2025-04-17T08:59:01","slug":"news-events","status":"publish","type":"page","link":"https:\/\/www.medinik.de\/en\/news-events\/","title":{"rendered":"News &#038; Events"},"content":{"rendered":"<p>[et_pb_section fb_built=&#8221;1&#8243; custom_padding_last_edited=&#8221;off|desktop&#8221; module_class=&#8221;fade-out-section&#8221; _builder_version=&#8221;4.27.0&#8243; _module_preset=&#8221;00012f68-7d00-4818-b649-20d75de3265b&#8221; background_image=&#8221;https:\/\/www.medinik.de\/wp-content\/uploads\/2024\/08\/header_news_events_desk.jpg&#8221; background_position=&#8221;top_center&#8221; background_vertical_offset=&#8221;21%&#8221; height_tablet=&#8221;&#8221; height_phone=&#8221;&#8221; height_last_edited=&#8221;on|tablet&#8221; custom_margin=&#8221;||||false&#8221; custom_padding=&#8221;0px||0px||true|false&#8221; background_last_edited=&#8221;on|phone&#8221; background_image_tablet=&#8221;https:\/\/www.medinik.de\/wp-content\/uploads\/2024\/08\/header_news_events_medinik_tab.jpg&#8221; background_image_phone=&#8221;https:\/\/www.medinik.de\/wp-content\/uploads\/2024\/08\/header_news_events_medinik_mob.jpg&#8221; background_enable_image_tablet=&#8221;on&#8221; background_enable_image_phone=&#8221;on&#8221; locked=&#8221;off&#8221; global_colors_info=&#8221;{}&#8221;][et_pb_row column_structure=&#8221;3_5,2_5&#8243; make_equal=&#8221;on&#8221; module_class=&#8221;custom_row row-1440&#8243; _builder_version=&#8221;4.27.0&#8243; _module_preset=&#8221;fc0747b4-478d-48f4-8b1f-e468d1419db6&#8243; width_tablet=&#8221;&#8221; width_phone=&#8221;&#8221; width_last_edited=&#8221;on|desktop&#8221; min_height=&#8221;544px&#8221; min_height_tablet=&#8221;756px&#8221; min_height_phone=&#8221;722px&#8221; min_height_last_edited=&#8221;on|desktop&#8221; height=&#8221;30vw&#8221; max_height=&#8221;722px&#8221; global_colors_info=&#8221;{}&#8221;][et_pb_column type=&#8221;3_5&#8243; module_class=&#8221;second-on-mobile header-row&#8221; _builder_version=&#8221;4.23.4&#8243; _module_preset=&#8221;default&#8221; custom_css_main_element=&#8221;margin: auto;&#8221; global_colors_info=&#8221;{}&#8221; custom_css_main_element_last_edited=&#8221;on|phone&#8221; custom_css_main_element_tablet=&#8221;margin: auto auto 0;&#8221; custom_css_main_element_phone=&#8221;margin: auto auto 0;&#8221;][et_pb_text _builder_version=&#8221;4.27.0&#8243; _module_preset=&#8221;_initial&#8221; text_font=&#8221;|600|||||||&#8221; text_letter_spacing=&#8221;0.5px&#8221; background_layout=&#8221;dark&#8221; max_width=&#8221;750px&#8221; custom_margin=&#8221;|-28px|||false|false&#8221; text_line_height_tablet=&#8221;&#8221; text_line_height_phone=&#8221;&#8221; text_line_height_last_edited=&#8221;on|desktop&#8221; custom_css_main_element=&#8221;hyphens: auto !important;&#8221; locked=&#8221;off&#8221; global_colors_info=&#8221;{}&#8221;]<\/p>\n<p>News &amp; events \u2014<\/p>\n<h1>Events and news about mediNiK\u00ae.<\/h1>\n<p>[\/et_pb_text][\/et_pb_column][et_pb_column type=&#8221;2_5&#8243; module_class=&#8221;first-on-mobile&#8221; _builder_version=&#8221;4.23.4&#8243; _module_preset=&#8221;default&#8221; custom_css_main_element=&#8221;margin: auto;&#8221; global_colors_info=&#8221;{}&#8221;][\/et_pb_column][\/et_pb_row][\/et_pb_section][et_pb_section fb_built=&#8221;1&#8243; custom_padding_last_edited=&#8221;on|phone&#8221; _builder_version=&#8221;4.27.0&#8243; _module_preset=&#8221;b4603f48-ebb0-4f28-988a-3ea5c431d619&#8243; custom_padding=&#8221;100px||0px||false|false&#8221; custom_padding_tablet=&#8221;70px||50px||false|false&#8221; custom_padding_phone=&#8221;70px||50px||false|false&#8221; locked=&#8221;off&#8221; global_colors_info=&#8221;{}&#8221;][et_pb_row _builder_version=&#8221;4.27.0&#8243; _module_preset=&#8221;1633f7ce-b108-4656-b921-53141e0b6da0&#8243; max_width=&#8221;1120px&#8221; custom_margin=&#8221;||20px||false|false&#8221; custom_padding=&#8221;0px||0px||false|false&#8221; locked=&#8221;off&#8221; global_colors_info=&#8221;{}&#8221;][et_pb_column type=&#8221;4_4&#8243; _builder_version=&#8221;4.23.4&#8243; _module_preset=&#8221;default&#8221; global_colors_info=&#8221;{}&#8221;][et_pb_text _builder_version=&#8221;4.27.0&#8243; _module_preset=&#8221;default&#8221; global_colors_info=&#8221;{}&#8221;]<\/p>\n<h2>Event calendar<\/h2>\n<p>[\/et_pb_text][\/et_pb_column][\/et_pb_row][et_pb_row _builder_version=&#8221;4.23.4&#8243; _module_preset=&#8221;1633f7ce-b108-4656-b921-53141e0b6da0&#8243; max_width=&#8221;1120px&#8221; custom_padding=&#8221;0px||0px||false|false&#8221; global_colors_info=&#8221;{}&#8221;][et_pb_column type=&#8221;4_4&#8243; _builder_version=&#8221;4.23.4&#8243; _module_preset=&#8221;default&#8221; global_colors_info=&#8221;{}&#8221;][et_pb_code admin_label=&#8221;Ansicht Switch&#8221; _builder_version=&#8221;4.27.4&#8243; _module_preset=&#8221;default&#8221; custom_css_main_element=&#8221;.view-switcher {||    display: flex;||    align-items: center;||    margin-bottom: 20px;||}||||.switch-button {||    display: flex;||    align-items: center;||    cursor: pointer;||    font-size: 12px;||    font-weight: 600;||    color: #999;||    text-transform: uppercase;||    transition: color 0.3s, background-color 0.3s;||}||||.switch-button img.view-icon {||    margin-right: 8px;||    height: 14px; \/* Adjust size as needed *\/||}||||.switch-button:hover {||    color: #333;||}||&#8221; global_colors_info=&#8221;{}&#8221;]<!----><\/p>\n<div id=\"view-switcher\" class=\"view-switcher\"><!-- [et_pb_line_break_holder] -->    <span id=\"switch-button\" class=\"switch-button\"><!-- [et_pb_line_break_holder] -->        <img decoding=\"async\" src=\"https:\/\/www.medinik.de\/wp-content\/uploads\/2024\/09\/icon-kachelansicht.png\" alt=\"Kachelansicht Icon\" class=\"view-icon\"><!-- [et_pb_line_break_holder] -->        KACHELANSICHT \u2013<!-- [et_pb_line_break_holder] -->    <\/span><!-- [et_pb_line_break_holder] --><\/div>\n<p><!-- [et_pb_line_break_holder] --><!-- [et_pb_line_break_holder] --><script><!-- [et_pb_line_break_holder] -->document.addEventListener('DOMContentLoaded', function() {<!-- [et_pb_line_break_holder] -->    const switchButton = document.getElementById('switch-button');<!-- [et_pb_line_break_holder] -->    const kongressKalender = document.getElementById('kongresskalender');<!-- [et_pb_line_break_holder] --><!-- [et_pb_line_break_holder] -->    \/\/ Standardm\u00e4\u00dfig die Listenansicht aktivieren<!-- [et_pb_line_break_holder] -->    kongressKalender.classList.add('calender-list');<!-- [et_pb_line_break_holder] -->    switchButton.innerHTML = `<!-- [et_pb_line_break_holder] -->        <img decoding=\"async\" src=\"https:\/\/www.medinik.de\/wp-content\/uploads\/2024\/09\/icon-kachelansicht.png\" alt=\"Kachelansicht Icon\" class=\"view-icon\"><!-- [et_pb_line_break_holder] -->        KACHELANSICHT \u2013<!-- [et_pb_line_break_holder] -->    `;<!-- [et_pb_line_break_holder] --><!-- [et_pb_line_break_holder] -->    \/\/ Initialisiere die Event-Items entsprechend der Listenansicht<!-- [et_pb_line_break_holder] -->    updateEventItemsHTML(true);<!-- [et_pb_line_break_holder] --><!-- [et_pb_line_break_holder] -->    switchButton.addEventListener('click', function() {<!-- [et_pb_line_break_holder] -->        \/\/ F\u00fcge die Fade-Out-Klasse hinzu<!-- [et_pb_line_break_holder] -->        const eventItems = kongressKalender.querySelectorAll('.event-item');<!-- [et_pb_line_break_holder] -->        eventItems.forEach(item => item.classList.add('fade-out'));<!-- [et_pb_line_break_holder] --><!-- [et_pb_line_break_holder] -->        \/\/ Warte, bis die Fade-Out-Animation abgeschlossen ist<!-- [et_pb_line_break_holder] -->        setTimeout(() => {<!-- [et_pb_line_break_holder] -->            \/\/ Ansicht wechseln<!-- [et_pb_line_break_holder] -->            if (kongressKalender.classList.contains('calender-kachel')) {<!-- [et_pb_line_break_holder] -->                kongressKalender.classList.remove('calender-kachel');<!-- [et_pb_line_break_holder] -->                kongressKalender.classList.add('calender-list');<!-- [et_pb_line_break_holder] -->                switchButton.innerHTML = `<!-- [et_pb_line_break_holder] -->                    <img decoding=\"async\" src=\"https:\/\/www.medinik.de\/wp-content\/uploads\/2024\/09\/icon-kachelansicht.png\" alt=\"Kachelansicht Icon\" class=\"view-icon\"><!-- [et_pb_line_break_holder] -->                    KACHELANSICHT \u2013<!-- [et_pb_line_break_holder] -->                `;<!-- [et_pb_line_break_holder] -->            } else {<!-- [et_pb_line_break_holder] -->                kongressKalender.classList.remove('calender-list');<!-- [et_pb_line_break_holder] -->                kongressKalender.classList.add('calender-kachel');<!-- [et_pb_line_break_holder] -->                switchButton.innerHTML = `<!-- [et_pb_line_break_holder] -->                    <img decoding=\"async\" src=\"https:\/\/www.medinik.de\/wp-content\/uploads\/2024\/09\/icon-listenansicht.png\" alt=\"Listenansicht Icon\" class=\"view-icon\"><!-- [et_pb_line_break_holder] -->                    LISTENANSICHT \u2013<!-- [et_pb_line_break_holder] -->                `;<!-- [et_pb_line_break_holder] -->            }<!-- [et_pb_line_break_holder] --><!-- [et_pb_line_break_holder] -->            \/\/ Update HTML content based on the current view<!-- [et_pb_line_break_holder] -->            updateEventItemsHTML(kongressKalender.classList.contains('calender-list'));<!-- [et_pb_line_break_holder] --><!-- [et_pb_line_break_holder] -->            \/\/ F\u00fcge die Fade-In-Klasse hinzu<!-- [et_pb_line_break_holder] -->            eventItems.forEach(item => {<!-- [et_pb_line_break_holder] -->                item.classList.remove('fade-out');<!-- [et_pb_line_break_holder] -->                item.classList.add('fade-in');<!-- [et_pb_line_break_holder] -->            });<!-- [et_pb_line_break_holder] --><!-- [et_pb_line_break_holder] -->            \/\/ Entferne die Fade-In-Klasse nach der Animation<!-- [et_pb_line_break_holder] -->            setTimeout(() => {<!-- [et_pb_line_break_holder] -->                eventItems.forEach(item => item.classList.remove('fade-in'));<!-- [et_pb_line_break_holder] -->            }, 200); \/\/ Die Dauer sollte der CSS-\u00dcbergangszeit entsprechen<!-- [et_pb_line_break_holder] -->        }, 200); \/\/ Die Dauer sollte der CSS-\u00dcbergangszeit entsprechen<!-- [et_pb_line_break_holder] -->    });<!-- [et_pb_line_break_holder] --><!-- [et_pb_line_break_holder] -->    function updateEventItemsHTML(isListView) {<!-- [et_pb_line_break_holder] -->        const eventItems = kongressKalender.querySelectorAll('.event-item');<!-- [et_pb_line_break_holder] -->        eventItems.forEach(item => {<!-- [et_pb_line_break_holder] -->            const date = item.getAttribute('data-date');<!-- [et_pb_line_break_holder] -->            const addToCalendarURL = item.getAttribute('data-add-to-calendar-url');<!-- [et_pb_line_break_holder] -->            const title = item.getAttribute('data-title');<!-- [et_pb_line_break_holder] -->            const url = item.getAttribute('data-url');<!-- [et_pb_line_break_holder] -->            const websiteURL = item.getAttribute('data-website-url');<!-- [et_pb_line_break_holder] -->            const venueCity = item.getAttribute('data-venue-city');<!-- [et_pb_line_break_holder] -->            const fullAddress = item.getAttribute('data-full-address');<!-- [et_pb_line_break_holder] --><!-- [et_pb_line_break_holder] -->            if (isListView) {<!-- [et_pb_line_break_holder] -->                item.innerHTML = `<!-- [et_pb_line_break_holder] -->                    <\/p>\n<div class=\"event-date\">${date}<!\u2013- [et_pb_br_holder] -\u2013><a class=\"event-add-to-calendar\" href=\"${addToCalendarURL}\" target=\"_blank\">Add to<\/a><\/div>\n<p><!-- [et_pb_line_break_holder] -->                    <\/p>\n<div class=\"event-title\"><a href=\"${url}\" target=\"_blank\">${title}<\/a><!\u2013- [et_pb_br_holder] -\u2013>${websiteURL ? `<a class=\"event-website event-website-desktop animation-arrow-extend\" href=\"https:\/\/${websiteURL}\" target=\"_blank\">Learn more<\/a>` : ''}<\/div>\n<p><!-- [et_pb_line_break_holder] -->                    <\/p>\n<div class=\"event-venue\">${venueCity}<!\u2013- [et_pb_br_holder] -\u2013><span class=\"event-address\">${fullAddress}<\/span>${websiteURL ? `<!\u2013- [et_pb_br_holder] -\u2013><a class=\"event-website event-website-mobile animation-arrow-extend\" href=\"https:\/\/${websiteURL}\" target=\"_blank\">Learn more<\/a>` : ''}<\/div>\n<p><!-- [et_pb_line_break_holder] -->                `;<!-- [et_pb_line_break_holder] -->            } else {<!-- [et_pb_line_break_holder] -->                item.innerHTML = `<!-- [et_pb_line_break_holder] -->                    <\/p>\n<div class=\"event-date\">${date}<\/div>\n<p><!-- [et_pb_line_break_holder] -->                    <\/p>\n<div class=\"event-add-to-calendar\"><a href=\"${addToCalendarURL}\">Add to<\/a><\/div>\n<p><!-- [et_pb_line_break_holder] -->                    <\/p>\n<div class=\"event-title\"><a href=\"${url}\">${title}<\/a><\/div>\n<p><!-- [et_pb_line_break_holder] -->                    <\/p>\n<div class=\"event-venue\">${venueCity}<\/div>\n<p><!-- [et_pb_line_break_holder] -->                    <\/p>\n<div class=\"event-address\">${fullAddress}<\/div>\n<p><!-- [et_pb_line_break_holder] -->                    ${websiteURL ? `<\/p>\n<div class=\"event-website\"><a class=\"event-website-desktop animation-arrow-extend invert-color-white\" href=\"https:\/\/${websiteURL}\" target=\"_blank\">Learn more<\/a><\/div>\n<p>` : ''}<!-- [et_pb_line_break_holder] -->                `;<!-- [et_pb_line_break_holder] -->            }<!-- [et_pb_line_break_holder] -->        });<!-- [et_pb_line_break_holder] -->    }<!-- [et_pb_line_break_holder] -->});<!-- [et_pb_line_break_holder] --><\/script><!-- [et_pb_line_break_holder] -->[\/et_pb_code][et_pb_code admin_label=&#8221;Ansicht Switch&#8221; _builder_version=&#8221;4.27.4&#8243; _module_preset=&#8221;default&#8221; custom_css_main_element=&#8221;.view-switcher {||    display: flex;||    align-items: center;||    margin-bottom: 20px;||}||||.switch-button {||    display: flex;||    align-items: center;||    cursor: pointer;||    font-size: 12px;||    font-weight: 600;||    color: #999;||    text-transform: uppercase;||    transition: color 0.3s, background-color 0.3s;||}||||.switch-button img.view-icon {||    margin-right: 8px;||    height: 14px; \/* Adjust size as needed *\/||}||||.switch-button:hover {||    color: #333;||}||&#8221; global_colors_info=&#8221;{}&#8221;]<div class=\"events-ansicht calender-list\" id=\"kongresskalender\"><div class=\"month-separator\" id=\"january2024\"><h2 class=\"month-separator-text\">January 2024<\/h2><hr class=\"month-separator-line\"><div class=\"month-events\">\n            <div class=\"event-item\" data-date=\"13.01.\" data-add-to-calendar-url=\"\" data-title=\"Urologisches Symposium Itzehoe\" data-url=\"https:\/\/www.farco.de\/en\/event\/urologisches-symposium-itzehoe\/\" data-website-url=\"\" data-venue-city=\"Ort nicht verf\u00fcgbar\" data-full-address=\"\">\n                <div class=\"event-date\">13.01.<\/div>\n                <div class=\"event-add-to-calendar\"><a href=\" \"target=\"_blank\">Add to<\/a><\/div>\n                <div class=\"event-title\"><a href=\"https:\/\/www.farco.de\/en\/event\/urologisches-symposium-itzehoe\/\" target=\"_blank\">Urologisches Symposium Itzehoe<\/a><\/div>\n                <div class=\"event-venue-wrapper\">\n                    <div class=\"event-venue\">Ort nicht verf\u00fcgbar<\/div><div class=\"event-website-placeholder\"><\/div><\/div><\/div>\n            <div class=\"event-item\" data-date=\"18.01. \u2013 20.01.\" data-add-to-calendar-url=\"\" data-title=\"Semi-Live 2024\" data-url=\"https:\/\/www.farco.de\/en\/event\/semi-live-2024\/\" data-website-url=\"www.semi-live.org\" data-venue-city=\"Ort nicht verf\u00fcgbar\" data-full-address=\"\">\n                <div class=\"event-date\">18.01. \u2013 20.01.<\/div>\n                <div class=\"event-add-to-calendar\"><a href=\" \"target=\"_blank\">Add to<\/a><\/div>\n                <div class=\"event-title\"><a href=\"https:\/\/www.farco.de\/en\/event\/semi-live-2024\/\" target=\"_blank\">Semi-Live 2024<\/a><\/div>\n                <div class=\"event-venue-wrapper\">\n                    <div class=\"event-venue\">Ort nicht verf\u00fcgbar<\/div><div class=\"event-website\"><a href=\"https:\/\/www.semi-live.org\" class=\"animation-arrow-extend invert-color-white\" target=\"_blank\">mehr erfahren<\/a><\/div><\/div><\/div>\n            <div class=\"event-item\" data-date=\"18.01. \u2013 20.01.\" data-add-to-calendar-url=\"\" data-title=\"Schallkurs Uni Brandenburg\" data-url=\"https:\/\/www.farco.de\/en\/event\/schallkurs-uni-brandenburg\/\" data-website-url=\"\" data-venue-city=\"Deutschland\" data-full-address=\"\">\n                <div class=\"event-date\">18.01. \u2013 20.01.<\/div>\n                <div class=\"event-add-to-calendar\"><a href=\" \"target=\"_blank\">Add to<\/a><\/div>\n                <div class=\"event-title\"><a href=\"https:\/\/www.farco.de\/en\/event\/schallkurs-uni-brandenburg\/\" target=\"_blank\">Schallkurs Uni Brandenburg<\/a><\/div>\n                <div class=\"event-venue-wrapper\">\n                    <div class=\"event-venue\">Deutschland<\/div><div class=\"event-website-placeholder\"><\/div><\/div><\/div>\n            <div class=\"event-item\" data-date=\"19.01. \u2013 20.01.\" data-add-to-calendar-url=\"\" data-title=\"Rheinische Gespr\u00e4che\" data-url=\"https:\/\/www.farco.de\/en\/event\/rheinische-gespraeche\/\" data-website-url=\"\" data-venue-city=\"D\u00fcsseldorf\" data-full-address=\"\">\n                <div class=\"event-date\">19.01. \u2013 20.01.<\/div>\n                <div class=\"event-add-to-calendar\"><a href=\" \"target=\"_blank\">Add to<\/a><\/div>\n                <div class=\"event-title\"><a href=\"https:\/\/www.farco.de\/en\/event\/rheinische-gespraeche\/\" target=\"_blank\">Rheinische Gespr\u00e4che<\/a><\/div>\n                <div class=\"event-venue-wrapper\">\n                    <div class=\"event-venue\">D\u00fcsseldorf<\/div><div class=\"event-website-placeholder\"><\/div><\/div><\/div>\n            <div class=\"event-item\" data-date=\"22.01. \u2013 23.01.\" data-add-to-calendar-url=\"\" data-title=\"JAKU \u2013 Jahrestagung Kinderurologie\" data-url=\"https:\/\/www.farco.de\/en\/event\/jaku\/\" data-website-url=\"www.ja-ku.de\" data-venue-city=\"Berlin\" data-full-address=\"\">\n                <div class=\"event-date\">22.01. \u2013 23.01.<\/div>\n                <div class=\"event-add-to-calendar\"><a href=\" \"target=\"_blank\">Add to<\/a><\/div>\n                <div class=\"event-title\"><a href=\"https:\/\/www.farco.de\/en\/event\/jaku\/\" target=\"_blank\">JAKU \u2013 Jahrestagung Kinderurologie<\/a><\/div>\n                <div class=\"event-venue-wrapper\">\n                    <div class=\"event-venue\">Berlin<\/div><div class=\"event-website\"><a href=\"https:\/\/www.ja-ku.de\" class=\"animation-arrow-extend invert-color-white\" target=\"_blank\">mehr erfahren<\/a><\/div><\/div><\/div>\n            <div class=\"event-item\" data-date=\"24.01. \u2013 28.01.\" data-add-to-calendar-url=\"\" data-title=\"Urologie Compact\" data-url=\"https:\/\/www.farco.de\/en\/event\/urologie-compact\/\" data-website-url=\"www.uro-compact.de\" data-venue-city=\"Kirchheimbolanden\" data-full-address=\"\">\n                <div class=\"event-date\">24.01. \u2013 28.01.<\/div>\n                <div class=\"event-add-to-calendar\"><a href=\" \"target=\"_blank\">Add to<\/a><\/div>\n                <div class=\"event-title\"><a href=\"https:\/\/www.farco.de\/en\/event\/urologie-compact\/\" target=\"_blank\">Urologie Compact<\/a><\/div>\n                <div class=\"event-venue-wrapper\">\n                    <div class=\"event-venue\">Kirchheimbolanden<\/div><div class=\"event-website\"><a href=\"https:\/\/www.uro-compact.de\" class=\"animation-arrow-extend invert-color-white\" target=\"_blank\">mehr erfahren<\/a><\/div><\/div><\/div>\n            <div class=\"event-item\" data-date=\"25.01. \u2013 27.01.\" data-add-to-calendar-url=\"\" data-title=\"UROtech 24\" data-url=\"https:\/\/www.farco.de\/en\/event\/urotech-24\/\" data-website-url=\"urotech.uroweb.org\" data-venue-city=\"Wien\" data-full-address=\"\">\n                <div class=\"event-date\">25.01. \u2013 27.01.<\/div>\n                <div class=\"event-add-to-calendar\"><a href=\" \"target=\"_blank\">Add to<\/a><\/div>\n                <div class=\"event-title\"><a href=\"https:\/\/www.farco.de\/en\/event\/urotech-24\/\" target=\"_blank\">UROtech 24<\/a><\/div>\n                <div class=\"event-venue-wrapper\">\n                    <div class=\"event-venue\">Wien<\/div><div class=\"event-website\"><a href=\"https:\/\/urotech.uroweb.org\" class=\"animation-arrow-extend invert-color-white\" target=\"_blank\">mehr erfahren<\/a><\/div><\/div><\/div>\n            <div class=\"event-item\" data-date=\"25.01. \u2013 27.01.\" data-add-to-calendar-url=\"\" data-title=\"16. Urologisches Wintersymposium\" data-url=\"https:\/\/www.farco.de\/en\/event\/urologisches-wintersymposium\/\" data-website-url=\"www.urologisches-wintersymposium.org\" data-venue-city=\"Chemnitz\" data-full-address=\"\">\n                <div class=\"event-date\">25.01. \u2013 27.01.<\/div>\n                <div class=\"event-add-to-calendar\"><a href=\" \"target=\"_blank\">Add to<\/a><\/div>\n                <div class=\"event-title\"><a href=\"https:\/\/www.farco.de\/en\/event\/urologisches-wintersymposium\/\" target=\"_blank\">16. Urologisches Wintersymposium<\/a><\/div>\n                <div class=\"event-venue-wrapper\">\n                    <div class=\"event-venue\">Chemnitz<\/div><div class=\"event-website\"><a href=\"https:\/\/www.urologisches-wintersymposium.org\" class=\"animation-arrow-extend invert-color-white\" target=\"_blank\">mehr erfahren<\/a><\/div><\/div><\/div>\n            <div class=\"event-item\" data-date=\"28.01. \u2013 02.02.\" data-add-to-calendar-url=\"\" data-title=\"Urologisches Winterforum Grosshadern\" data-url=\"https:\/\/www.farco.de\/en\/event\/urologisches-winterforum-grosshadern\/\" data-website-url=\"www.winterforum.de\" data-venue-city=\"M\u00fcnchen\" data-full-address=\"\">\n                <div class=\"event-date\">28.01. \u2013 02.02.<\/div>\n                <div class=\"event-add-to-calendar\"><a href=\" \"target=\"_blank\">Add to<\/a><\/div>\n                <div class=\"event-title\"><a href=\"https:\/\/www.farco.de\/en\/event\/urologisches-winterforum-grosshadern\/\" target=\"_blank\">Urologisches Winterforum Grosshadern<\/a><\/div>\n                <div class=\"event-venue-wrapper\">\n                    <div class=\"event-venue\">M\u00fcnchen<\/div><div class=\"event-website\"><a href=\"https:\/\/www.winterforum.de\" class=\"animation-arrow-extend invert-color-white\" target=\"_blank\">mehr erfahren<\/a><\/div><\/div><\/div>\n            <div class=\"event-item\" data-date=\"31.01.\" data-add-to-calendar-url=\"\" data-title=\"Uro Onkologisches Update\" data-url=\"https:\/\/www.farco.de\/en\/event\/uro-onkologisches-update\/\" data-website-url=\"\" data-venue-city=\"Neuss\" data-full-address=\"\">\n                <div class=\"event-date\">31.01.<\/div>\n                <div class=\"event-add-to-calendar\"><a href=\" \"target=\"_blank\">Add to<\/a><\/div>\n                <div class=\"event-title\"><a href=\"https:\/\/www.farco.de\/en\/event\/uro-onkologisches-update\/\" target=\"_blank\">Uro Onkologisches Update<\/a><\/div>\n                <div class=\"event-venue-wrapper\">\n                    <div class=\"event-venue\">Neuss<\/div><div class=\"event-website-placeholder\"><\/div><\/div><\/div><\/div><\/div><div class=\"month-separator\" id=\"february2024\"><h2 class=\"month-separator-text\">February 2024<\/h2><hr class=\"month-separator-line\"><div class=\"month-events\">\n            <div class=\"event-item\" data-date=\"23.02. \u2013 24.02.\" data-add-to-calendar-url=\"\" data-title=\"Forum Urodynamicum\" data-url=\"https:\/\/www.farco.de\/en\/event\/forum-urodynamicum\/\" data-website-url=\"www.forum-urodynamicum.de\" data-venue-city=\"Starnberg\" data-full-address=\"\">\n                <div class=\"event-date\">23.02. \u2013 24.02.<\/div>\n                <div class=\"event-add-to-calendar\"><a href=\" \"target=\"_blank\">Add to<\/a><\/div>\n                <div class=\"event-title\"><a href=\"https:\/\/www.farco.de\/en\/event\/forum-urodynamicum\/\" target=\"_blank\">Forum Urodynamicum<\/a><\/div>\n                <div class=\"event-venue-wrapper\">\n                    <div class=\"event-venue\">Starnberg<\/div><div class=\"event-website\"><a href=\"https:\/\/www.forum-urodynamicum.de\" class=\"animation-arrow-extend invert-color-white\" target=\"_blank\">mehr erfahren<\/a><\/div><\/div><\/div>\n            <div class=\"event-item\" data-date=\"29.02. \u2013 01.03.\" data-add-to-calendar-url=\"\" data-title=\"Urotherapeut:innen Konferenz\" data-url=\"https:\/\/www.farco.de\/en\/event\/urotherapeutinnen-konferenz\/\" data-website-url=\"www.urotherapie.de\" data-venue-city=\"Bremen\" data-full-address=\"\">\n                <div class=\"event-date\">29.02. \u2013 01.03.<\/div>\n                <div class=\"event-add-to-calendar\"><a href=\" \"target=\"_blank\">Add to<\/a><\/div>\n                <div class=\"event-title\"><a href=\"https:\/\/www.farco.de\/en\/event\/urotherapeutinnen-konferenz\/\" target=\"_blank\">Urotherapeut:innen Konferenz<\/a><\/div>\n                <div class=\"event-venue-wrapper\">\n                    <div class=\"event-venue\">Bremen<\/div><div class=\"event-website\"><a href=\"https:\/\/www.urotherapie.de\" class=\"animation-arrow-extend invert-color-white\" target=\"_blank\">mehr erfahren<\/a><\/div><\/div><\/div><\/div><\/div><div class=\"month-separator\" id=\"march2024\"><h2 class=\"month-separator-text\">March 2024<\/h2><hr class=\"month-separator-line\"><div class=\"month-events\">\n            <div class=\"event-item\" data-date=\"06.03.\" data-add-to-calendar-url=\"\" data-title=\"\u201ePr\u00e4vention, Diagnostik und Therapie von Beckenbodenschw\u00e4che nach Schwangerschaft und Geburt im Kontinenz- und Beckenbodenzentrum\u201c\" data-url=\"https:\/\/www.farco.de\/en\/event\/praevention-diagnostik-und-therapie-von-beckenbodenschwaeche-nach-schwangerschaft-und-geburt-im-kontinenz-und-beckenbodenzentrum\/\" data-website-url=\"\" data-venue-city=\"Erlangen\" data-full-address=\"\">\n                <div class=\"event-date\">06.03.<\/div>\n                <div class=\"event-add-to-calendar\"><a href=\" \"target=\"_blank\">Add to<\/a><\/div>\n                <div class=\"event-title\"><a href=\"https:\/\/www.farco.de\/en\/event\/praevention-diagnostik-und-therapie-von-beckenbodenschwaeche-nach-schwangerschaft-und-geburt-im-kontinenz-und-beckenbodenzentrum\/\" target=\"_blank\">\u201ePr\u00e4vention, Diagnostik und Therapie von Beckenbodenschw\u00e4che nach Schwangerschaft und Geburt im Kontinenz- und Beckenbodenzentrum\u201c<\/a><\/div>\n                <div class=\"event-venue-wrapper\">\n                    <div class=\"event-venue\">Erlangen<\/div><div class=\"event-website-placeholder\"><\/div><\/div><\/div>\n            <div class=\"event-item\" data-date=\"08.03. \u2013 09.03.\" data-add-to-calendar-url=\"\" data-title=\"Funktionelle und Neuro-Urologie, Diagnostik und Therapieoptionen\" data-url=\"https:\/\/www.farco.de\/en\/event\/funktionelle-und-neuro-urologie-diagnostik-und-therapieoptionen\/\" data-website-url=\"\" data-venue-city=\"Bonn\" data-full-address=\"\">\n                <div class=\"event-date\">08.03. \u2013 09.03.<\/div>\n                <div class=\"event-add-to-calendar\"><a href=\" \"target=\"_blank\">Add to<\/a><\/div>\n                <div class=\"event-title\"><a href=\"https:\/\/www.farco.de\/en\/event\/funktionelle-und-neuro-urologie-diagnostik-und-therapieoptionen\/\" target=\"_blank\">Funktionelle und Neuro-Urologie, Diagnostik und Therapieoptionen<\/a><\/div>\n                <div class=\"event-venue-wrapper\">\n                    <div class=\"event-venue\">Bonn<\/div><div class=\"event-website-placeholder\"><\/div><\/div><\/div>\n            <div class=\"event-item\" data-date=\"11.03. \u2013 12.03.\" data-add-to-calendar-url=\"\" data-title=\"Bipolar Techn. WS\" data-url=\"https:\/\/www.farco.de\/en\/event\/bipolar-techn-ws\/\" data-website-url=\"\" data-venue-city=\"Salzburg\" data-full-address=\"\">\n                <div class=\"event-date\">11.03. \u2013 12.03.<\/div>\n                <div class=\"event-add-to-calendar\"><a href=\" \"target=\"_blank\">Add to<\/a><\/div>\n                <div class=\"event-title\"><a href=\"https:\/\/www.farco.de\/en\/event\/bipolar-techn-ws\/\" target=\"_blank\">Bipolar Techn. WS<\/a><\/div>\n                <div class=\"event-venue-wrapper\">\n                    <div class=\"event-venue\">Salzburg<\/div><div class=\"event-website-placeholder\"><\/div><\/div><\/div>\n            <div class=\"event-item\" data-date=\"13.03.\" data-add-to-calendar-url=\"\" data-title=\"Metropolgespr\u00e4che\" data-url=\"https:\/\/www.farco.de\/en\/event\/metropolgespraeche\/\" data-website-url=\"\" data-venue-city=\"Mannheim\" data-full-address=\"\">\n                <div class=\"event-date\">13.03.<\/div>\n                <div class=\"event-add-to-calendar\"><a href=\" \"target=\"_blank\">Add to<\/a><\/div>\n                <div class=\"event-title\"><a href=\"https:\/\/www.farco.de\/en\/event\/metropolgespraeche\/\" target=\"_blank\">Metropolgespr\u00e4che<\/a><\/div>\n                <div class=\"event-venue-wrapper\">\n                    <div class=\"event-venue\">Mannheim<\/div><div class=\"event-website-placeholder\"><\/div><\/div><\/div>\n            <div class=\"event-item\" data-date=\"14.03. \u2013 16.03.\" data-add-to-calendar-url=\"\" data-title=\"DGPFG (Deutsche Gesellschaft f\u00fcr Psychosomatische Frauenheilkunde &amp;#038; Geburtshilfe)\" data-url=\"https:\/\/www.farco.de\/en\/event\/dgpfg-deutsche-gesellschaft-fuer-psychosomatische-frauenheilkunde-geburtshilfe\/\" data-website-url=\"\" data-venue-city=\"Bonn\" data-full-address=\"\">\n                <div class=\"event-date\">14.03. \u2013 16.03.<\/div>\n                <div class=\"event-add-to-calendar\"><a href=\" \"target=\"_blank\">Add to<\/a><\/div>\n                <div class=\"event-title\"><a href=\"https:\/\/www.farco.de\/en\/event\/dgpfg-deutsche-gesellschaft-fuer-psychosomatische-frauenheilkunde-geburtshilfe\/\" target=\"_blank\">DGPFG (Deutsche Gesellschaft f\u00fcr Psychosomatische Frauenheilkunde &amp;#038; Geburtshilfe)<\/a><\/div>\n                <div class=\"event-venue-wrapper\">\n                    <div class=\"event-venue\">Bonn<\/div><div class=\"event-website-placeholder\"><\/div><\/div><\/div>\n            <div class=\"event-item\" data-date=\"16.03.\" data-add-to-calendar-url=\"\" data-title=\"Eifeler Urologentag\" data-url=\"https:\/\/www.farco.de\/en\/event\/eifeler-urologentag\/\" data-website-url=\"\" data-venue-city=\"Kall\" data-full-address=\"\">\n                <div class=\"event-date\">16.03.<\/div>\n                <div class=\"event-add-to-calendar\"><a href=\" \"target=\"_blank\">Add to<\/a><\/div>\n                <div class=\"event-title\"><a href=\"https:\/\/www.farco.de\/en\/event\/eifeler-urologentag\/\" target=\"_blank\">Eifeler Urologentag<\/a><\/div>\n                <div class=\"event-venue-wrapper\">\n                    <div class=\"event-venue\">Kall<\/div><div class=\"event-website-placeholder\"><\/div><\/div><\/div><\/div><\/div><div class=\"month-separator\" id=\"june2024\"><h2 class=\"month-separator-text\">June 2024<\/h2><hr class=\"month-separator-line\"><div class=\"month-events\">\n            <div class=\"event-item\" data-date=\"05.06. \u2013 08.06.\" data-add-to-calendar-url=\"\" data-title=\"DMGP \u2013 37. Jahrestagung Deutschsprachige Medizinische Gesellschaft f\u00fcr Paraplegiologie\" data-url=\"https:\/\/www.farco.de\/en\/event\/dmgp-37-jahrestagung-deutschsprachige-medizinische-gesellschaft-fuer-paraplegiologie\/\" data-website-url=\"\" data-venue-city=\"Weimar\" data-full-address=\"\">\n                <div class=\"event-date\">05.06. \u2013 08.06.<\/div>\n                <div class=\"event-add-to-calendar\"><a href=\" \"target=\"_blank\">Add to<\/a><\/div>\n                <div class=\"event-title\"><a href=\"https:\/\/www.farco.de\/en\/event\/dmgp-37-jahrestagung-deutschsprachige-medizinische-gesellschaft-fuer-paraplegiologie\/\" target=\"_blank\">DMGP \u2013 37. Jahrestagung Deutschsprachige Medizinische Gesellschaft f\u00fcr Paraplegiologie<\/a><\/div>\n                <div class=\"event-venue-wrapper\">\n                    <div class=\"event-venue\">Weimar<\/div><div class=\"event-website-placeholder\"><\/div><\/div><\/div>\n            <div class=\"event-item\" data-date=\"07.06. \u2013 09.06.\" data-add-to-calendar-url=\"\" data-title=\"#NDOteenCamp Herzberg\" data-url=\"https:\/\/www.farco.de\/en\/event\/ndoteencamp-herzberg\/\" data-website-url=\"www.ndo-camp.de\" data-venue-city=\"Herzberg (Elster)\" data-full-address=\"\">\n                <div class=\"event-date\">07.06. \u2013 09.06.<\/div>\n                <div class=\"event-add-to-calendar\"><a href=\" \"target=\"_blank\">Add to<\/a><\/div>\n                <div class=\"event-title\"><a href=\"https:\/\/www.farco.de\/en\/event\/ndoteencamp-herzberg\/\" target=\"_blank\">#NDOteenCamp Herzberg<\/a><\/div>\n                <div class=\"event-venue-wrapper\">\n                    <div class=\"event-venue\">Herzberg (Elster)<\/div><div class=\"event-website\"><a href=\"https:\/\/www.ndo-camp.de\" class=\"animation-arrow-extend invert-color-white\" target=\"_blank\">mehr erfahren<\/a><\/div><\/div><\/div>\n            <div class=\"event-item\" data-date=\"12.06. \u2013 14.06.\" data-add-to-calendar-url=\"\" data-title=\"18. Nordkongress Urologie\" data-url=\"https:\/\/www.farco.de\/en\/event\/18-nordkongress-urologie\/\" data-website-url=\"www.nordkongress-urologie.de\/2024\/\" data-venue-city=\"L\u00fcbeck\" data-full-address=\"\">\n                <div class=\"event-date\">12.06. \u2013 14.06.<\/div>\n                <div class=\"event-add-to-calendar\"><a href=\" \"target=\"_blank\">Add to<\/a><\/div>\n                <div class=\"event-title\"><a href=\"https:\/\/www.farco.de\/en\/event\/18-nordkongress-urologie\/\" target=\"_blank\">18. Nordkongress Urologie<\/a><\/div>\n                <div class=\"event-venue-wrapper\">\n                    <div class=\"event-venue\">L\u00fcbeck<\/div><div class=\"event-website\"><a href=\"https:\/\/www.nordkongress-urologie.de\/2024\/\" class=\"animation-arrow-extend invert-color-white\" target=\"_blank\">mehr erfahren<\/a><\/div><\/div><\/div>\n            <div class=\"event-item\" data-date=\"13.06. \u2013 16.06.\" data-add-to-calendar-url=\"\" data-title=\"UROWorxx Assistentenseminar Irsee\" data-url=\"https:\/\/www.farco.de\/en\/event\/uroworxx-assistentenseminar-irsee-2\/\" data-website-url=\"www.gesru.de\/fuer-assistenzaerztinnen\/\" data-venue-city=\"Irsee\" data-full-address=\"\">\n                <div class=\"event-date\">13.06. \u2013 16.06.<\/div>\n                <div class=\"event-add-to-calendar\"><a href=\" \"target=\"_blank\">Add to<\/a><\/div>\n                <div class=\"event-title\"><a href=\"https:\/\/www.farco.de\/en\/event\/uroworxx-assistentenseminar-irsee-2\/\" target=\"_blank\">UROWorxx Assistentenseminar Irsee<\/a><\/div>\n                <div class=\"event-venue-wrapper\">\n                    <div class=\"event-venue\">Irsee<\/div><div class=\"event-website\"><a href=\"https:\/\/www.gesru.de\/fuer-assistenzaerztinnen\/\" class=\"animation-arrow-extend invert-color-white\" target=\"_blank\">mehr erfahren<\/a><\/div><\/div><\/div>\n            <div class=\"event-item\" data-date=\"15.06.\" data-add-to-calendar-url=\"\" data-title=\"Kontinenz- und Beckenbodensymposium\" data-url=\"https:\/\/www.farco.de\/en\/event\/kontinenz-und-beckenbodensymposium\/\" data-website-url=\"\" data-venue-city=\"Bad Hersfeld\" data-full-address=\"\">\n                <div class=\"event-date\">15.06.<\/div>\n                <div class=\"event-add-to-calendar\"><a href=\" \"target=\"_blank\">Add to<\/a><\/div>\n                <div class=\"event-title\"><a href=\"https:\/\/www.farco.de\/en\/event\/kontinenz-und-beckenbodensymposium\/\" target=\"_blank\">Kontinenz- und Beckenbodensymposium<\/a><\/div>\n                <div class=\"event-venue-wrapper\">\n                    <div class=\"event-venue\">Bad Hersfeld<\/div><div class=\"event-website-placeholder\"><\/div><\/div><\/div>\n            <div class=\"event-item\" data-date=\"17.06. \u2013 18.06.\" data-add-to-calendar-url=\"\" data-title=\"Bipolar Techn. WS\" data-url=\"https:\/\/www.farco.de\/en\/event\/bipolar-techn-ws-2\/\" data-website-url=\"\" data-venue-city=\"Salzburg\" data-full-address=\"\">\n                <div class=\"event-date\">17.06. \u2013 18.06.<\/div>\n                <div class=\"event-add-to-calendar\"><a href=\" \"target=\"_blank\">Add to<\/a><\/div>\n                <div class=\"event-title\"><a href=\"https:\/\/www.farco.de\/en\/event\/bipolar-techn-ws-2\/\" target=\"_blank\">Bipolar Techn. WS<\/a><\/div>\n                <div class=\"event-venue-wrapper\">\n                    <div class=\"event-venue\">Salzburg<\/div><div class=\"event-website-placeholder\"><\/div><\/div><\/div>\n            <div class=\"event-item\" data-date=\"19.06.\" data-add-to-calendar-url=\"\" data-title=\"6. Bonner Urologiegespr\u00e4che\" data-url=\"https:\/\/www.farco.de\/en\/event\/bonner-urologiegespraeche\/\" data-website-url=\"\" data-venue-city=\"Bonn\" data-full-address=\"\">\n                <div class=\"event-date\">19.06.<\/div>\n                <div class=\"event-add-to-calendar\"><a href=\" \"target=\"_blank\">Add to<\/a><\/div>\n                <div class=\"event-title\"><a href=\"https:\/\/www.farco.de\/en\/event\/bonner-urologiegespraeche\/\" target=\"_blank\">6. Bonner Urologiegespr\u00e4che<\/a><\/div>\n                <div class=\"event-venue-wrapper\">\n                    <div class=\"event-venue\">Bonn<\/div><div class=\"event-website-placeholder\"><\/div><\/div><\/div>\n            <div class=\"event-item\" data-date=\"19.06. \u2013 22.06.\" data-add-to-calendar-url=\"\" data-title=\"SWDGU &amp;#8211; 64. Jahrestagung der S\u00fcdwestdeutschen Gesellschaft f\u00fcr Urologie\" data-url=\"https:\/\/www.farco.de\/en\/event\/swdgu-64-jahrestagung-der-suedwestdeutschen-gesellschaft-fuer-urologie\/\" data-website-url=\"www.SWDGU-kongress.de\" data-venue-city=\"Freiburg\" data-full-address=\"\">\n                <div class=\"event-date\">19.06. \u2013 22.06.<\/div>\n                <div class=\"event-add-to-calendar\"><a href=\" \"target=\"_blank\">Add to<\/a><\/div>\n                <div class=\"event-title\"><a href=\"https:\/\/www.farco.de\/en\/event\/swdgu-64-jahrestagung-der-suedwestdeutschen-gesellschaft-fuer-urologie\/\" target=\"_blank\">SWDGU &amp;#8211; 64. Jahrestagung der S\u00fcdwestdeutschen Gesellschaft f\u00fcr Urologie<\/a><\/div>\n                <div class=\"event-venue-wrapper\">\n                    <div class=\"event-venue\">Freiburg<\/div><div class=\"event-website\"><a href=\"https:\/\/www.SWDGU-kongress.de\" class=\"animation-arrow-extend invert-color-white\" target=\"_blank\">mehr erfahren<\/a><\/div><\/div><\/div>\n            <div class=\"event-item\" data-date=\"21.06.\" data-add-to-calendar-url=\"\" data-title=\"22. Sommersymposium Querschnittl\u00e4hmung, Multiple Sklerose, spinale Erkrankungen\" data-url=\"https:\/\/www.farco.de\/en\/event\/22-sommersymposium-querschnittlaehmung-multiple-sklerose-spinale-erkrankungen\/\" data-website-url=\"\" data-venue-city=\"Beelitz\" data-full-address=\"\">\n                <div class=\"event-date\">21.06.<\/div>\n                <div class=\"event-add-to-calendar\"><a href=\" \"target=\"_blank\">Add to<\/a><\/div>\n                <div class=\"event-title\"><a href=\"https:\/\/www.farco.de\/en\/event\/22-sommersymposium-querschnittlaehmung-multiple-sklerose-spinale-erkrankungen\/\" target=\"_blank\">22. Sommersymposium Querschnittl\u00e4hmung, Multiple Sklerose, spinale Erkrankungen<\/a><\/div>\n                <div class=\"event-venue-wrapper\">\n                    <div class=\"event-venue\">Beelitz<\/div><div class=\"event-website-placeholder\"><\/div><\/div><\/div>\n            <div class=\"event-item\" data-date=\"24.06.\" data-add-to-calendar-url=\"\" data-title=\"World Continence Week\" data-url=\"https:\/\/www.farco.de\/en\/event\/world-continence-week\/\" data-website-url=\"\" data-venue-city=\"Villingen-Schwenningen\" data-full-address=\"\">\n                <div class=\"event-date\">24.06.<\/div>\n                <div class=\"event-add-to-calendar\"><a href=\" \"target=\"_blank\">Add to<\/a><\/div>\n                <div class=\"event-title\"><a href=\"https:\/\/www.farco.de\/en\/event\/world-continence-week\/\" target=\"_blank\">World Continence Week<\/a><\/div>\n                <div class=\"event-venue-wrapper\">\n                    <div class=\"event-venue\">Villingen-Schwenningen<\/div><div class=\"event-website-placeholder\"><\/div><\/div><\/div>\n            <div class=\"event-item\" data-date=\"26.06.\" data-add-to-calendar-url=\"\" data-title=\"4. Kinderurologisches Sommerforum\" data-url=\"https:\/\/www.farco.de\/en\/event\/4-kinderurologisches-sommerforum\/\" data-website-url=\"www.uro-fortbildungen.de\" data-venue-city=\"M\u00fcnchen\" data-full-address=\"\">\n                <div class=\"event-date\">26.06.<\/div>\n                <div class=\"event-add-to-calendar\"><a href=\" \"target=\"_blank\">Add to<\/a><\/div>\n                <div class=\"event-title\"><a href=\"https:\/\/www.farco.de\/en\/event\/4-kinderurologisches-sommerforum\/\" target=\"_blank\">4. Kinderurologisches Sommerforum<\/a><\/div>\n                <div class=\"event-venue-wrapper\">\n                    <div class=\"event-venue\">M\u00fcnchen<\/div><div class=\"event-website\"><a href=\"https:\/\/www.uro-fortbildungen.de\" class=\"animation-arrow-extend invert-color-white\" target=\"_blank\">mehr erfahren<\/a><\/div><\/div><\/div><\/div><\/div><div class=\"month-separator\" id=\"july2024\"><h2 class=\"month-separator-text\">July 2024<\/h2><hr class=\"month-separator-line\"><div class=\"month-events\">\n            <div class=\"event-item\" data-date=\"03.07.\" data-add-to-calendar-url=\"\" data-title=\"Uro-Onkologischer Arbeitskreis Fulda\" data-url=\"https:\/\/www.farco.de\/en\/event\/uro-onkologischer-arbeitskreis-fulda\/\" data-website-url=\"\" data-venue-city=\"Fulda\" data-full-address=\"\">\n                <div class=\"event-date\">03.07.<\/div>\n                <div class=\"event-add-to-calendar\"><a href=\" \"target=\"_blank\">Add to<\/a><\/div>\n                <div class=\"event-title\"><a href=\"https:\/\/www.farco.de\/en\/event\/uro-onkologischer-arbeitskreis-fulda\/\" target=\"_blank\">Uro-Onkologischer Arbeitskreis Fulda<\/a><\/div>\n                <div class=\"event-venue-wrapper\">\n                    <div class=\"event-venue\">Fulda<\/div><div class=\"event-website-placeholder\"><\/div><\/div><\/div>\n            <div class=\"event-item\" data-date=\"06.07.\" data-add-to-calendar-url=\"\" data-title=\"Jubil\u00e4umssymposium Kaiserslautern\" data-url=\"https:\/\/www.farco.de\/en\/event\/jubilaeumssymposium-kaiserslautern\/\" data-website-url=\"\" data-venue-city=\"Kaiserslautern\" data-full-address=\"\">\n                <div class=\"event-date\">06.07.<\/div>\n                <div class=\"event-add-to-calendar\"><a href=\" \"target=\"_blank\">Add to<\/a><\/div>\n                <div class=\"event-title\"><a href=\"https:\/\/www.farco.de\/en\/event\/jubilaeumssymposium-kaiserslautern\/\" target=\"_blank\">Jubil\u00e4umssymposium Kaiserslautern<\/a><\/div>\n                <div class=\"event-venue-wrapper\">\n                    <div class=\"event-venue\">Kaiserslautern<\/div><div class=\"event-website-placeholder\"><\/div><\/div><\/div>\n            <div class=\"event-item\" data-date=\"12.07. \u2013 14.07.\" data-add-to-calendar-url=\"\" data-title=\"#NDOteenCamp, Wolfach\" data-url=\"https:\/\/www.farco.de\/en\/event\/ndoteencamp-wolfach\/\" data-website-url=\"\" data-venue-city=\"Wolfach\" data-full-address=\"\">\n                <div class=\"event-date\">12.07. \u2013 14.07.<\/div>\n                <div class=\"event-add-to-calendar\"><a href=\" \"target=\"_blank\">Add to<\/a><\/div>\n                <div class=\"event-title\"><a href=\"https:\/\/www.farco.de\/en\/event\/ndoteencamp-wolfach\/\" target=\"_blank\">#NDOteenCamp, Wolfach<\/a><\/div>\n                <div class=\"event-venue-wrapper\">\n                    <div class=\"event-venue\">Wolfach<\/div><div class=\"event-website-placeholder\"><\/div><\/div><\/div>\n            <div class=\"event-item\" data-date=\"18.07. \u2013 19.07.\" data-add-to-calendar-url=\"\" data-title=\"Prostata WS Grosshadern\" data-url=\"https:\/\/www.farco.de\/en\/event\/prostata-ws-grosshadern\/\" data-website-url=\"\" data-venue-city=\"M\u00fcnchen\" data-full-address=\"\">\n                <div class=\"event-date\">18.07. \u2013 19.07.<\/div>\n                <div class=\"event-add-to-calendar\"><a href=\" \"target=\"_blank\">Add to<\/a><\/div>\n                <div class=\"event-title\"><a href=\"https:\/\/www.farco.de\/en\/event\/prostata-ws-grosshadern\/\" target=\"_blank\">Prostata WS Grosshadern<\/a><\/div>\n                <div class=\"event-venue-wrapper\">\n                    <div class=\"event-venue\">M\u00fcnchen<\/div><div class=\"event-website-placeholder\"><\/div><\/div><\/div><\/div><\/div><div class=\"month-separator\" id=\"august2024\"><h2 class=\"month-separator-text\">August 2024<\/h2><hr class=\"month-separator-line\"><div class=\"month-events\">\n            <div class=\"event-item\" data-date=\"12.08. \u2013 17.08.\" data-add-to-calendar-url=\"\" data-title=\"WCET &amp;#8211; World Congress of Endourology and Uro-Technology\" data-url=\"https:\/\/www.farco.de\/en\/event\/wcet-world-congress-od-endourology-and-uro-technology\/\" data-website-url=\"uroweb.org\/education-events\/41st-world-congress-of-endourology-and-uro-technology\" data-venue-city=\"Seoul\" data-full-address=\"\">\n                <div class=\"event-date\">12.08. \u2013 17.08.<\/div>\n                <div class=\"event-add-to-calendar\"><a href=\" \"target=\"_blank\">Add to<\/a><\/div>\n                <div class=\"event-title\"><a href=\"https:\/\/www.farco.de\/en\/event\/wcet-world-congress-od-endourology-and-uro-technology\/\" target=\"_blank\">WCET &amp;#8211; World Congress of Endourology and Uro-Technology<\/a><\/div>\n                <div class=\"event-venue-wrapper\">\n                    <div class=\"event-venue\">Seoul<\/div><div class=\"event-website\"><a href=\"https:\/\/uroweb.org\/education-events\/41st-world-congress-of-endourology-and-uro-technology\" class=\"animation-arrow-extend invert-color-white\" target=\"_blank\">mehr erfahren<\/a><\/div><\/div><\/div>\n            <div class=\"event-item\" data-date=\"30.08. \u2013 31.08.\" data-add-to-calendar-url=\"\" data-title=\"3. Urologischer Sommerdiskurs\" data-url=\"https:\/\/www.farco.de\/en\/event\/3-urologischer-sommerdiskurs\/\" data-website-url=\"www.uniklinikum-dresden.de\/de\/das-klinikum\/kliniken-polikliniken-institute\/uro\/lehre-und-fortbildung\/3-urologischer-sommerdiskurs-wissen-waechst-mit-diskurs\" data-venue-city=\"Dresden\" data-full-address=\"\">\n                <div class=\"event-date\">30.08. \u2013 31.08.<\/div>\n                <div class=\"event-add-to-calendar\"><a href=\" \"target=\"_blank\">Add to<\/a><\/div>\n                <div class=\"event-title\"><a href=\"https:\/\/www.farco.de\/en\/event\/3-urologischer-sommerdiskurs\/\" target=\"_blank\">3. Urologischer Sommerdiskurs<\/a><\/div>\n                <div class=\"event-venue-wrapper\">\n                    <div class=\"event-venue\">Dresden<\/div><div class=\"event-website\"><a href=\"https:\/\/www.uniklinikum-dresden.de\/de\/das-klinikum\/kliniken-polikliniken-institute\/uro\/lehre-und-fortbildung\/3-urologischer-sommerdiskurs-wissen-waechst-mit-diskurs\" class=\"animation-arrow-extend invert-color-white\" target=\"_blank\">mehr erfahren<\/a><\/div><\/div><\/div><\/div><\/div><div class=\"month-separator\" id=\"september2024\"><h2 class=\"month-separator-text\">September 2024<\/h2><hr class=\"month-separator-line\"><div class=\"month-events\">\n            <div class=\"event-item\" data-date=\"05.09. \u2013 08.09.\" data-add-to-calendar-url=\"\" data-title=\"UAA \u2013 The 21. Urological Association of Asia Congress\" data-url=\"https:\/\/www.farco.de\/en\/event\/uaa-the-21-urological-association-of-asia-congress\/\" data-website-url=\"uaa2024.com\" data-venue-city=\"Bali, ID\" data-full-address=\"\">\n                <div class=\"event-date\">05.09. \u2013 08.09.<\/div>\n                <div class=\"event-add-to-calendar\"><a href=\" \"target=\"_blank\">Add to<\/a><\/div>\n                <div class=\"event-title\"><a href=\"https:\/\/www.farco.de\/en\/event\/uaa-the-21-urological-association-of-asia-congress\/\" target=\"_blank\">UAA \u2013 The 21. Urological Association of Asia Congress<\/a><\/div>\n                <div class=\"event-venue-wrapper\">\n                    <div class=\"event-venue\">Bali, ID<\/div><div class=\"event-website\"><a href=\"https:\/\/uaa2024.com\" class=\"animation-arrow-extend invert-color-white\" target=\"_blank\">mehr erfahren<\/a><\/div><\/div><\/div>\n            <div class=\"event-item\" data-date=\"11.09. \u2013 13.09.\" data-add-to-calendar-url=\"\" data-title=\"80. Jahresversammlung der SGU\" data-url=\"https:\/\/www.farco.de\/en\/event\/80-jahresvesammlung-der-sgu\/\" data-website-url=\"sgu2024.congress-imk.ch\" data-venue-city=\"Lugano, CH\" data-full-address=\"\">\n                <div class=\"event-date\">11.09. \u2013 13.09.<\/div>\n                <div class=\"event-add-to-calendar\"><a href=\" \"target=\"_blank\">Add to<\/a><\/div>\n                <div class=\"event-title\"><a href=\"https:\/\/www.farco.de\/en\/event\/80-jahresvesammlung-der-sgu\/\" target=\"_blank\">80. Jahresversammlung der SGU<\/a><\/div>\n                <div class=\"event-venue-wrapper\">\n                    <div class=\"event-venue\">Lugano, CH<\/div><div class=\"event-website\"><a href=\"https:\/\/sgu2024.congress-imk.ch\" class=\"animation-arrow-extend invert-color-white\" target=\"_blank\">mehr erfahren<\/a><\/div><\/div><\/div>\n            <div class=\"event-item\" data-date=\"16.09. \u2013 17.09.\" data-add-to-calendar-url=\"\" data-title=\"Workshop Bipolar Techniques\" data-url=\"https:\/\/www.farco.de\/en\/event\/workshop-bipolar-techniques\/\" data-website-url=\"\" data-venue-city=\"Salzburg\" data-full-address=\"\">\n                <div class=\"event-date\">16.09. \u2013 17.09.<\/div>\n                <div class=\"event-add-to-calendar\"><a href=\" \"target=\"_blank\">Add to<\/a><\/div>\n                <div class=\"event-title\"><a href=\"https:\/\/www.farco.de\/en\/event\/workshop-bipolar-techniques\/\" target=\"_blank\">Workshop Bipolar Techniques<\/a><\/div>\n                <div class=\"event-venue-wrapper\">\n                    <div class=\"event-venue\">Salzburg<\/div><div class=\"event-website-placeholder\"><\/div><\/div><\/div>\n            <div class=\"event-item\" data-date=\"25.09. \u2013 28.09.\" data-add-to-calendar-url=\"\" data-title=\"DGU \u2013 76. Kongress der Deutschen Gesellschaft f\u00fcr Urologie\" data-url=\"https:\/\/www.farco.de\/en\/event\/dgu-76-kongress-der-deutschen-gesellschaft-fuer-urologie\/\" data-website-url=\"www.urologenportal.de\" data-venue-city=\"Leipzig\" data-full-address=\"\">\n                <div class=\"event-date\">25.09. \u2013 28.09.<\/div>\n                <div class=\"event-add-to-calendar\"><a href=\" \"target=\"_blank\">Add to<\/a><\/div>\n                <div class=\"event-title\"><a href=\"https:\/\/www.farco.de\/en\/event\/dgu-76-kongress-der-deutschen-gesellschaft-fuer-urologie\/\" target=\"_blank\">DGU \u2013 76. Kongress der Deutschen Gesellschaft f\u00fcr Urologie<\/a><\/div>\n                <div class=\"event-venue-wrapper\">\n                    <div class=\"event-venue\">Leipzig<\/div><div class=\"event-website\"><a href=\"https:\/\/www.urologenportal.de\" class=\"animation-arrow-extend invert-color-white\" target=\"_blank\">mehr erfahren<\/a><\/div><\/div><\/div><\/div><\/div><div class=\"month-separator\" id=\"october2024\"><h2 class=\"month-separator-text\">October 2024<\/h2><hr class=\"month-separator-line\"><div class=\"month-events\">\n            <div class=\"event-item\" data-date=\"02.10. \u2013 05.10.\" data-add-to-calendar-url=\"\" data-title=\"CAU &amp;#8211; Confederacion Americana de Urologia\" data-url=\"https:\/\/www.farco.de\/en\/event\/cau-confederacion-americana-de-urologia\/\" data-website-url=\"caunet.org\" data-venue-city=\"Punta Cana\" data-full-address=\"\">\n                <div class=\"event-date\">02.10. \u2013 05.10.<\/div>\n                <div class=\"event-add-to-calendar\"><a href=\" \"target=\"_blank\">Add to<\/a><\/div>\n                <div class=\"event-title\"><a href=\"https:\/\/www.farco.de\/en\/event\/cau-confederacion-americana-de-urologia\/\" target=\"_blank\">CAU &amp;#8211; Confederacion Americana de Urologia<\/a><\/div>\n                <div class=\"event-venue-wrapper\">\n                    <div class=\"event-venue\">Punta Cana<\/div><div class=\"event-website\"><a href=\"https:\/\/caunet.org\" class=\"animation-arrow-extend invert-color-white\" target=\"_blank\">mehr erfahren<\/a><\/div><\/div><\/div>\n            <div class=\"event-item\" data-date=\"02.10. \u2013 03.10.\" data-add-to-calendar-url=\"\" data-title=\"Fokus Kinderurologie\" data-url=\"https:\/\/www.farco.de\/en\/event\/fokus-kinderurologie\/\" data-website-url=\"\" data-venue-city=\"Linz\" data-full-address=\"\">\n                <div class=\"event-date\">02.10. \u2013 03.10.<\/div>\n                <div class=\"event-add-to-calendar\"><a href=\" \"target=\"_blank\">Add to<\/a><\/div>\n                <div class=\"event-title\"><a href=\"https:\/\/www.farco.de\/en\/event\/fokus-kinderurologie\/\" target=\"_blank\">Fokus Kinderurologie<\/a><\/div>\n                <div class=\"event-venue-wrapper\">\n                    <div class=\"event-venue\">Linz<\/div><div class=\"event-website-placeholder\"><\/div><\/div><\/div>\n            <div class=\"event-item\" data-date=\"07.10. \u2013 09.10.\" data-add-to-calendar-url=\"\" data-title=\"WUNC\" data-url=\"https:\/\/www.farco.de\/en\/event\/wunc\/\" data-website-url=\"\" data-venue-city=\"Rom, IT\" data-full-address=\"\">\n                <div class=\"event-date\">07.10. \u2013 09.10.<\/div>\n                <div class=\"event-add-to-calendar\"><a href=\" \"target=\"_blank\">Add to<\/a><\/div>\n                <div class=\"event-title\"><a href=\"https:\/\/www.farco.de\/en\/event\/wunc\/\" target=\"_blank\">WUNC<\/a><\/div>\n                <div class=\"event-venue-wrapper\">\n                    <div class=\"event-venue\">Rom, IT<\/div><div class=\"event-website-placeholder\"><\/div><\/div><\/div>\n            <div class=\"event-item\" data-date=\"08.10. \u2013 10.10.\" data-add-to-calendar-url=\"\" data-title=\"CPHI &amp;#8211; Convention on Pharmaceutical Ingredients\" data-url=\"https:\/\/www.farco.de\/en\/event\/cphi-convention-on-pharmaceutical-ingredients\/\" data-website-url=\"\" data-venue-city=\"Mailand, IT\" data-full-address=\"\">\n                <div class=\"event-date\">08.10. \u2013 10.10.<\/div>\n                <div class=\"event-add-to-calendar\"><a href=\" \"target=\"_blank\">Add to<\/a><\/div>\n                <div class=\"event-title\"><a href=\"https:\/\/www.farco.de\/en\/event\/cphi-convention-on-pharmaceutical-ingredients\/\" target=\"_blank\">CPHI &amp;#8211; Convention on Pharmaceutical Ingredients<\/a><\/div>\n                <div class=\"event-venue-wrapper\">\n                    <div class=\"event-venue\">Mailand, IT<\/div><div class=\"event-website-placeholder\"><\/div><\/div><\/div>\n            <div class=\"event-item\" data-date=\"16.10. \u2013 19.10.\" data-add-to-calendar-url=\"\" data-title=\"DGGG &amp;#8211; Deutsche Gesellschaft f\u00fcr Gyn\u00e4kologie und Geburtshilfe e.V.\" data-url=\"https:\/\/www.farco.de\/en\/event\/dggg-deutsche-gesellschaft-fuer-gynaekologie-und-geburtshilfe-e-v\/\" data-website-url=\"www.dggg.de\" data-venue-city=\"Berlin\" data-full-address=\"\">\n                <div class=\"event-date\">16.10. \u2013 19.10.<\/div>\n                <div class=\"event-add-to-calendar\"><a href=\" \"target=\"_blank\">Add to<\/a><\/div>\n                <div class=\"event-title\"><a href=\"https:\/\/www.farco.de\/en\/event\/dggg-deutsche-gesellschaft-fuer-gynaekologie-und-geburtshilfe-e-v\/\" target=\"_blank\">DGGG &amp;#8211; Deutsche Gesellschaft f\u00fcr Gyn\u00e4kologie und Geburtshilfe e.V.<\/a><\/div>\n                <div class=\"event-venue-wrapper\">\n                    <div class=\"event-venue\">Berlin<\/div><div class=\"event-website\"><a href=\"https:\/\/www.dggg.de\" class=\"animation-arrow-extend invert-color-white\" target=\"_blank\">mehr erfahren<\/a><\/div><\/div><\/div>\n            <div class=\"event-item\" data-date=\"18.10. \u2013 19.10.\" data-add-to-calendar-url=\"\" data-title=\"TUR Kurs f\u00fcr Anf\u00e4nger und Fortgeschrittene\" data-url=\"https:\/\/www.farco.de\/en\/event\/tur-kurs-fuer-anfaenger-und-fortgeschrittene\/\" data-website-url=\"\" data-venue-city=\"Heilbronn\" data-full-address=\"\">\n                <div class=\"event-date\">18.10. \u2013 19.10.<\/div>\n                <div class=\"event-add-to-calendar\"><a href=\" \"target=\"_blank\">Add to<\/a><\/div>\n                <div class=\"event-title\"><a href=\"https:\/\/www.farco.de\/en\/event\/tur-kurs-fuer-anfaenger-und-fortgeschrittene\/\" target=\"_blank\">TUR Kurs f\u00fcr Anf\u00e4nger und Fortgeschrittene<\/a><\/div>\n                <div class=\"event-venue-wrapper\">\n                    <div class=\"event-venue\">Heilbronn<\/div><div class=\"event-website-placeholder\"><\/div><\/div><\/div>\n            <div class=\"event-item\" data-date=\"23.10. \u2013 25.10.\" data-add-to-calendar-url=\"\" data-title=\"ICS\" data-url=\"https:\/\/www.farco.de\/en\/event\/ics\/\" data-website-url=\"www.ics.org\/2024\" data-venue-city=\"Madrid, ES\" data-full-address=\"\">\n                <div class=\"event-date\">23.10. \u2013 25.10.<\/div>\n                <div class=\"event-add-to-calendar\"><a href=\" \"target=\"_blank\">Add to<\/a><\/div>\n                <div class=\"event-title\"><a href=\"https:\/\/www.farco.de\/en\/event\/ics\/\" target=\"_blank\">ICS<\/a><\/div>\n                <div class=\"event-venue-wrapper\">\n                    <div class=\"event-venue\">Madrid, ES<\/div><div class=\"event-website\"><a href=\"https:\/\/www.ics.org\/2024\" class=\"animation-arrow-extend invert-color-white\" target=\"_blank\">mehr erfahren<\/a><\/div><\/div><\/div>\n            <div class=\"event-item\" data-date=\"25.10.\" data-add-to-calendar-url=\"\" data-title=\"KgKS \u2013 Jahrestagung Konsensusgruppe Kontinenzschulung im Kindes- und Jugendalter e.V.\" data-url=\"https:\/\/www.farco.de\/en\/event\/kgks-jahrestagung-konsensusgruppe-kontinenzschulung-im-kindes-und-jugendalter-e-v\/\" data-website-url=\"\" data-venue-city=\"Online\" data-full-address=\"\">\n                <div class=\"event-date\">25.10.<\/div>\n                <div class=\"event-add-to-calendar\"><a href=\" \"target=\"_blank\">Add to<\/a><\/div>\n                <div class=\"event-title\"><a href=\"https:\/\/www.farco.de\/en\/event\/kgks-jahrestagung-konsensusgruppe-kontinenzschulung-im-kindes-und-jugendalter-e-v\/\" target=\"_blank\">KgKS \u2013 Jahrestagung Konsensusgruppe Kontinenzschulung im Kindes- und Jugendalter e.V.<\/a><\/div>\n                <div class=\"event-venue-wrapper\">\n                    <div class=\"event-venue\">Online<\/div><div class=\"event-website-placeholder\"><\/div><\/div><\/div>\n            <div class=\"event-item\" data-date=\"25.10. \u2013 26.10.\" data-add-to-calendar-url=\"\" data-title=\"14. Brennpunkt f\u00fcr Urologie\" data-url=\"https:\/\/www.farco.de\/en\/event\/14-brennpunkt-fuer-urologie\/\" data-website-url=\"www.med-innocare.ch\" data-venue-city=\"Luzern, CH\" data-full-address=\"\">\n                <div class=\"event-date\">25.10. \u2013 26.10.<\/div>\n                <div class=\"event-add-to-calendar\"><a href=\" \"target=\"_blank\">Add to<\/a><\/div>\n                <div class=\"event-title\"><a href=\"https:\/\/www.farco.de\/en\/event\/14-brennpunkt-fuer-urologie\/\" target=\"_blank\">14. Brennpunkt f\u00fcr Urologie<\/a><\/div>\n                <div class=\"event-venue-wrapper\">\n                    <div class=\"event-venue\">Luzern, CH<\/div><div class=\"event-website\"><a href=\"https:\/\/www.med-innocare.ch\" class=\"animation-arrow-extend invert-color-white\" target=\"_blank\">mehr erfahren<\/a><\/div><\/div><\/div>\n            <div class=\"event-item\" data-date=\"26.10.\" data-add-to-calendar-url=\"\" data-title=\"CUC \u2013 16. Colloquium urologicum Crefeld\" data-url=\"https:\/\/www.farco.de\/en\/event\/cuc-16-colloquium-urologicum-crefeld\/\" data-website-url=\"\" data-venue-city=\"Krefeld\" data-full-address=\"\">\n                <div class=\"event-date\">26.10.<\/div>\n                <div class=\"event-add-to-calendar\"><a href=\" \"target=\"_blank\">Add to<\/a><\/div>\n                <div class=\"event-title\"><a href=\"https:\/\/www.farco.de\/en\/event\/cuc-16-colloquium-urologicum-crefeld\/\" target=\"_blank\">CUC \u2013 16. Colloquium urologicum Crefeld<\/a><\/div>\n                <div class=\"event-venue-wrapper\">\n                    <div class=\"event-venue\">Krefeld<\/div><div class=\"event-website-placeholder\"><\/div><\/div><\/div><\/div><\/div><div class=\"month-separator\" id=\"november2024\"><h2 class=\"month-separator-text\">November 2024<\/h2><hr class=\"month-separator-line\"><div class=\"month-events\">\n            <div class=\"event-item\" data-date=\"06.11.\" data-add-to-calendar-url=\"\" data-title=\"Uro-Onkologischer Arbeitskreis Fulda\" data-url=\"https:\/\/www.farco.de\/en\/event\/uro-onkologischer-arbeitskreis-fulda-2\/\" data-website-url=\"\" data-venue-city=\"Fulda\" data-full-address=\"\">\n                <div class=\"event-date\">06.11.<\/div>\n                <div class=\"event-add-to-calendar\"><a href=\" \"target=\"_blank\">Add to<\/a><\/div>\n                <div class=\"event-title\"><a href=\"https:\/\/www.farco.de\/en\/event\/uro-onkologischer-arbeitskreis-fulda-2\/\" target=\"_blank\">Uro-Onkologischer Arbeitskreis Fulda<\/a><\/div>\n                <div class=\"event-venue-wrapper\">\n                    <div class=\"event-venue\">Fulda<\/div><div class=\"event-website-placeholder\"><\/div><\/div><\/div>\n            <div class=\"event-item\" data-date=\"08.11. \u2013 09.11.\" data-add-to-calendar-url=\"\" data-title=\"AKIC\" data-url=\"https:\/\/www.farco.de\/en\/event\/akic\/\" data-website-url=\"\" data-venue-city=\"Basel, CH\" data-full-address=\"\">\n                <div class=\"event-date\">08.11. \u2013 09.11.<\/div>\n                <div class=\"event-add-to-calendar\"><a href=\" \"target=\"_blank\">Add to<\/a><\/div>\n                <div class=\"event-title\"><a href=\"https:\/\/www.farco.de\/en\/event\/akic\/\" target=\"_blank\">AKIC<\/a><\/div>\n                <div class=\"event-venue-wrapper\">\n                    <div class=\"event-venue\">Basel, CH<\/div><div class=\"event-website-placeholder\"><\/div><\/div><\/div>\n            <div class=\"event-item\" data-date=\"13.11. \u2013 17.11.\" data-add-to-calendar-url=\"\" data-title=\"Urologie compact \u2013 Einsteigerkurs\" data-url=\"https:\/\/www.farco.de\/en\/event\/urologie-compact-einsteigerkurs\/\" data-website-url=\"www.uro-compact.de\" data-venue-city=\"Kirchheimbolanden\" data-full-address=\"\">\n                <div class=\"event-date\">13.11. \u2013 17.11.<\/div>\n                <div class=\"event-add-to-calendar\"><a href=\" \"target=\"_blank\">Add to<\/a><\/div>\n                <div class=\"event-title\"><a href=\"https:\/\/www.farco.de\/en\/event\/urologie-compact-einsteigerkurs\/\" target=\"_blank\">Urologie compact \u2013 Einsteigerkurs<\/a><\/div>\n                <div class=\"event-venue-wrapper\">\n                    <div class=\"event-venue\">Kirchheimbolanden<\/div><div class=\"event-website\"><a href=\"https:\/\/www.uro-compact.de\" class=\"animation-arrow-extend invert-color-white\" target=\"_blank\">mehr erfahren<\/a><\/div><\/div><\/div>\n            <div class=\"event-item\" data-date=\"14.11. \u2013 16.11.\" data-add-to-calendar-url=\"\" data-title=\"15. Symposium Urologische Forschung der Deutschen Gesellschaft f\u00fcr Urologie\" data-url=\"https:\/\/www.farco.de\/en\/event\/15-symposium-urologische-forschung-der-deutschen-gesellschaft-fuer-urologie\/\" data-website-url=\"www.urologenportal.de\" data-venue-city=\"Homburg\" data-full-address=\"\">\n                <div class=\"event-date\">14.11. \u2013 16.11.<\/div>\n                <div class=\"event-add-to-calendar\"><a href=\" \"target=\"_blank\">Add to<\/a><\/div>\n                <div class=\"event-title\"><a href=\"https:\/\/www.farco.de\/en\/event\/15-symposium-urologische-forschung-der-deutschen-gesellschaft-fuer-urologie\/\" target=\"_blank\">15. Symposium Urologische Forschung der Deutschen Gesellschaft f\u00fcr Urologie<\/a><\/div>\n                <div class=\"event-venue-wrapper\">\n                    <div class=\"event-venue\">Homburg<\/div><div class=\"event-website\"><a href=\"https:\/\/www.urologenportal.de\" class=\"animation-arrow-extend invert-color-white\" target=\"_blank\">mehr erfahren<\/a><\/div><\/div><\/div>\n            <div class=\"event-item\" data-date=\"15.11.\" data-add-to-calendar-url=\"\" data-title=\"UroArena, 21st Urology Arena\" data-url=\"https:\/\/www.farco.de\/en\/event\/uroarena-21st-urology-arena\/\" data-website-url=\"urology-arena.ch\" data-venue-city=\"Bern, CH\" data-full-address=\"\">\n                <div class=\"event-date\">15.11.<\/div>\n                <div class=\"event-add-to-calendar\"><a href=\" \"target=\"_blank\">Add to<\/a><\/div>\n                <div class=\"event-title\"><a href=\"https:\/\/www.farco.de\/en\/event\/uroarena-21st-urology-arena\/\" target=\"_blank\">UroArena, 21st Urology Arena<\/a><\/div>\n                <div class=\"event-venue-wrapper\">\n                    <div class=\"event-venue\">Bern, CH<\/div><div class=\"event-website\"><a href=\"https:\/\/urology-arena.ch\" class=\"animation-arrow-extend invert-color-white\" target=\"_blank\">mehr erfahren<\/a><\/div><\/div><\/div>\n            <div class=\"event-item\" data-date=\"18.11. \u2013 19.11.\" data-add-to-calendar-url=\"\" data-title=\"Workshop Bipolar Techniques\" data-url=\"https:\/\/www.farco.de\/en\/event\/workshop-bipolar-techniques-2\/\" data-website-url=\"\" data-venue-city=\"Salzburg\" data-full-address=\"\">\n                <div class=\"event-date\">18.11. \u2013 19.11.<\/div>\n                <div class=\"event-add-to-calendar\"><a href=\" \"target=\"_blank\">Add to<\/a><\/div>\n                <div class=\"event-title\"><a href=\"https:\/\/www.farco.de\/en\/event\/workshop-bipolar-techniques-2\/\" target=\"_blank\">Workshop Bipolar Techniques<\/a><\/div>\n                <div class=\"event-venue-wrapper\">\n                    <div class=\"event-venue\">Salzburg<\/div><div class=\"event-website-placeholder\"><\/div><\/div><\/div>\n            <div class=\"event-item\" data-date=\"21.11. \u2013 22.11.\" data-add-to-calendar-url=\"\" data-title=\"DRUS \u2013 14. Symposium der Deutschen Gesellschaft f\u00fcr Roboter-assistierte Urologie e.V.\" data-url=\"https:\/\/www.farco.de\/en\/event\/drus-14-symposium-der-deutschen-gesellschaft-fuer-roboter-assistierte-urologie-e-v\/\" data-website-url=\"drus2024.dgru.de\" data-venue-city=\"Straubing\" data-full-address=\"\">\n                <div class=\"event-date\">21.11. \u2013 22.11.<\/div>\n                <div class=\"event-add-to-calendar\"><a href=\" \"target=\"_blank\">Add to<\/a><\/div>\n                <div class=\"event-title\"><a href=\"https:\/\/www.farco.de\/en\/event\/drus-14-symposium-der-deutschen-gesellschaft-fuer-roboter-assistierte-urologie-e-v\/\" target=\"_blank\">DRUS \u2013 14. Symposium der Deutschen Gesellschaft f\u00fcr Roboter-assistierte Urologie e.V.<\/a><\/div>\n                <div class=\"event-venue-wrapper\">\n                    <div class=\"event-venue\">Straubing<\/div><div class=\"event-website\"><a href=\"https:\/\/drus2024.dgru.de\" class=\"animation-arrow-extend invert-color-white\" target=\"_blank\">mehr erfahren<\/a><\/div><\/div><\/div>\n            <div class=\"event-item\" data-date=\"21.11. \u2013 23.11.\" data-add-to-calendar-url=\"\" data-title=\"DKG \u2013\u00a035. Kongress der Deutschen Kontinenz Gesellschaft\" data-url=\"https:\/\/www.farco.de\/en\/event\/dkg-35-kongress-der-deutschen-kontinenz-gesellschaft\/\" data-website-url=\"www.kontinenzkongress.de\" data-venue-city=\"Essen\" data-full-address=\"\">\n                <div class=\"event-date\">21.11. \u2013 23.11.<\/div>\n                <div class=\"event-add-to-calendar\"><a href=\" \"target=\"_blank\">Add to<\/a><\/div>\n                <div class=\"event-title\"><a href=\"https:\/\/www.farco.de\/en\/event\/dkg-35-kongress-der-deutschen-kontinenz-gesellschaft\/\" target=\"_blank\">DKG \u2013\u00a035. Kongress der Deutschen Kontinenz Gesellschaft<\/a><\/div>\n                <div class=\"event-venue-wrapper\">\n                    <div class=\"event-venue\">Essen<\/div><div class=\"event-website\"><a href=\"https:\/\/www.kontinenzkongress.de\" class=\"animation-arrow-extend invert-color-white\" target=\"_blank\">mehr erfahren<\/a><\/div><\/div><\/div>\n            <div class=\"event-item\" data-date=\"21.11. \u2013 24.11.\" data-add-to-calendar-url=\"\" data-title=\"21. AAU \u2013 Arab Assosiation of Urology Congress\" data-url=\"https:\/\/www.farco.de\/en\/event\/21-aau-arab-assosiation-of-urology-congress\/\" data-website-url=\"\" data-venue-city=\"Qatar\" data-full-address=\"\">\n                <div class=\"event-date\">21.11. \u2013 24.11.<\/div>\n                <div class=\"event-add-to-calendar\"><a href=\" \"target=\"_blank\">Add to<\/a><\/div>\n                <div class=\"event-title\"><a href=\"https:\/\/www.farco.de\/en\/event\/21-aau-arab-assosiation-of-urology-congress\/\" target=\"_blank\">21. AAU \u2013 Arab Assosiation of Urology Congress<\/a><\/div>\n                <div class=\"event-venue-wrapper\">\n                    <div class=\"event-venue\">Qatar<\/div><div class=\"event-website-placeholder\"><\/div><\/div><\/div>\n            <div class=\"event-item\" data-date=\"22.11. \u2013 23.11.\" data-add-to-calendar-url=\"\" data-title=\"Herbsttagung der Brandenburgischen Gesellschaft f\u00fcr Urologie e.V.\" data-url=\"https:\/\/www.farco.de\/en\/event\/herbsttagung-der-brandenburgischen-gesellschaft-fuer-urologie-e-v\/\" data-website-url=\"\" data-venue-city=\"Blankenfelde-Mahlow\" data-full-address=\"\">\n                <div class=\"event-date\">22.11. \u2013 23.11.<\/div>\n                <div class=\"event-add-to-calendar\"><a href=\" \"target=\"_blank\">Add to<\/a><\/div>\n                <div class=\"event-title\"><a href=\"https:\/\/www.farco.de\/en\/event\/herbsttagung-der-brandenburgischen-gesellschaft-fuer-urologie-e-v\/\" target=\"_blank\">Herbsttagung der Brandenburgischen Gesellschaft f\u00fcr Urologie e.V.<\/a><\/div>\n                <div class=\"event-venue-wrapper\">\n                    <div class=\"event-venue\">Blankenfelde-Mahlow<\/div><div class=\"event-website-placeholder\"><\/div><\/div><\/div>\n            <div class=\"event-item\" data-date=\"22.11. \u2013 23.11.\" data-add-to-calendar-url=\"\" data-title=\"Forum Hebammenarbeit\" data-url=\"https:\/\/www.farco.de\/en\/event\/forum-hebammenarbeit\/\" data-website-url=\"\" data-venue-city=\"Mainz\" data-full-address=\"\">\n                <div class=\"event-date\">22.11. \u2013 23.11.<\/div>\n                <div class=\"event-add-to-calendar\"><a href=\" \"target=\"_blank\">Add to<\/a><\/div>\n                <div class=\"event-title\"><a href=\"https:\/\/www.farco.de\/en\/event\/forum-hebammenarbeit\/\" target=\"_blank\">Forum Hebammenarbeit<\/a><\/div>\n                <div class=\"event-venue-wrapper\">\n                    <div class=\"event-venue\">Mainz<\/div><div class=\"event-website-placeholder\"><\/div><\/div><\/div><\/div><\/div><div class=\"month-separator\" id=\"december2024\"><h2 class=\"month-separator-text\">December 2024<\/h2><hr class=\"month-separator-line\"><div class=\"month-events\">\n            <div class=\"event-item\" data-date=\"05.12. \u2013 07.12.\" data-add-to-calendar-url=\"\" data-title=\"Alkenpreistr\u00e4ger-Treffen\" data-url=\"https:\/\/www.farco.de\/en\/event\/alkenpreistraeger-treffen\/\" data-website-url=\"\" data-venue-city=\"Frankfurt am Main\" data-full-address=\"\">\n                <div class=\"event-date\">05.12. \u2013 07.12.<\/div>\n                <div class=\"event-add-to-calendar\"><a href=\" \"target=\"_blank\">Add to<\/a><\/div>\n                <div class=\"event-title\"><a href=\"https:\/\/www.farco.de\/en\/event\/alkenpreistraeger-treffen\/\" target=\"_blank\">Alkenpreistr\u00e4ger-Treffen<\/a><\/div>\n                <div class=\"event-venue-wrapper\">\n                    <div class=\"event-venue\">Frankfurt am Main<\/div><div class=\"event-website-placeholder\"><\/div><\/div><\/div><\/div><\/div><div class=\"month-separator\" id=\"january2025\"><h2 class=\"month-separator-text\">January 2025<\/h2><hr class=\"month-separator-line\"><div class=\"month-events\">\n            <div class=\"event-item\" data-date=\"15.01.\" data-add-to-calendar-url=\"\" data-title=\"1. Rostocker Urologischer Abend\" data-url=\"https:\/\/www.farco.de\/en\/event\/1-rostocker-urologischer-abend\/\" data-website-url=\"urologie.med.uni-rostock.de\/veranstaltungen\" data-venue-city=\"Rostock\" data-full-address=\"\">\n                <div class=\"event-date\">15.01.<\/div>\n                <div class=\"event-add-to-calendar\"><a href=\" \"target=\"_blank\">Add to<\/a><\/div>\n                <div class=\"event-title\"><a href=\"https:\/\/www.farco.de\/en\/event\/1-rostocker-urologischer-abend\/\" target=\"_blank\">1. Rostocker Urologischer Abend<\/a><\/div>\n                <div class=\"event-venue-wrapper\">\n                    <div class=\"event-venue\">Rostock<\/div><div class=\"event-website\"><a href=\"https:\/\/urologie.med.uni-rostock.de\/veranstaltungen\" class=\"animation-arrow-extend invert-color-white\" target=\"_blank\">mehr erfahren<\/a><\/div><\/div><\/div>\n            <div class=\"event-item\" data-date=\"17.01.\" data-add-to-calendar-url=\"\" data-title=\"3. UROART Basel Symposium\" data-url=\"https:\/\/www.farco.de\/en\/event\/3-uroart-basel-symposium\/\" data-website-url=\"www.med-innocare.ch\" data-venue-city=\"Basel, CH\" data-full-address=\"\">\n                <div class=\"event-date\">17.01.<\/div>\n                <div class=\"event-add-to-calendar\"><a href=\" \"target=\"_blank\">Add to<\/a><\/div>\n                <div class=\"event-title\"><a href=\"https:\/\/www.farco.de\/en\/event\/3-uroart-basel-symposium\/\" target=\"_blank\">3. UROART Basel Symposium<\/a><\/div>\n                <div class=\"event-venue-wrapper\">\n                    <div class=\"event-venue\">Basel, CH<\/div><div class=\"event-website\"><a href=\"https:\/\/www.med-innocare.ch\" class=\"animation-arrow-extend invert-color-white\" target=\"_blank\">mehr erfahren<\/a><\/div><\/div><\/div>\n            <div class=\"event-item\" data-date=\"23.01. \u2013 25.01.\" data-add-to-calendar-url=\"\" data-title=\"17. Urologisches Wintersymposium\" data-url=\"https:\/\/www.farco.de\/en\/event\/17-urologisches-wintersymposium\/\" data-website-url=\"urologisches-wintersymposium.org\" data-venue-city=\"Chemnitz\" data-full-address=\"\">\n                <div class=\"event-date\">23.01. \u2013 25.01.<\/div>\n                <div class=\"event-add-to-calendar\"><a href=\" \"target=\"_blank\">Add to<\/a><\/div>\n                <div class=\"event-title\"><a href=\"https:\/\/www.farco.de\/en\/event\/17-urologisches-wintersymposium\/\" target=\"_blank\">17. Urologisches Wintersymposium<\/a><\/div>\n                <div class=\"event-venue-wrapper\">\n                    <div class=\"event-venue\">Chemnitz<\/div><div class=\"event-website\"><a href=\"https:\/\/urologisches-wintersymposium.org\" class=\"animation-arrow-extend invert-color-white\" target=\"_blank\">mehr erfahren<\/a><\/div><\/div><\/div>\n            <div class=\"event-item\" data-date=\"24.01. \u2013 25.01.\" data-add-to-calendar-url=\"\" data-title=\"Rheinische Gespr\u00e4che\" data-url=\"https:\/\/www.farco.de\/en\/event\/rheinische-gespraeche-2\/\" data-website-url=\"\" data-venue-city=\"D\u00fcsseldorf\" data-full-address=\"\">\n                <div class=\"event-date\">24.01. \u2013 25.01.<\/div>\n                <div class=\"event-add-to-calendar\"><a href=\" \"target=\"_blank\">Add to<\/a><\/div>\n                <div class=\"event-title\"><a href=\"https:\/\/www.farco.de\/en\/event\/rheinische-gespraeche-2\/\" target=\"_blank\">Rheinische Gespr\u00e4che<\/a><\/div>\n                <div class=\"event-venue-wrapper\">\n                    <div class=\"event-venue\">D\u00fcsseldorf<\/div><div class=\"event-website-placeholder\"><\/div><\/div><\/div><\/div><\/div><div class=\"month-separator\" id=\"february2025\"><h2 class=\"month-separator-text\">February 2025<\/h2><hr class=\"month-separator-line\"><div class=\"month-events\">\n            <div class=\"event-item\" data-date=\"09.02. \u2013 14.02.\" data-add-to-calendar-url=\"\" data-title=\"Urologisches Winterforum Grosshadern\" data-url=\"https:\/\/www.farco.de\/en\/event\/urologisches-winterforum-grosshadern-2\/\" data-website-url=\"winterforum.de\" data-venue-city=\"M\u00fcnchen\" data-full-address=\"\">\n                <div class=\"event-date\">09.02. \u2013 14.02.<\/div>\n                <div class=\"event-add-to-calendar\"><a href=\" \"target=\"_blank\">Add to<\/a><\/div>\n                <div class=\"event-title\"><a href=\"https:\/\/www.farco.de\/en\/event\/urologisches-winterforum-grosshadern-2\/\" target=\"_blank\">Urologisches Winterforum Grosshadern<\/a><\/div>\n                <div class=\"event-venue-wrapper\">\n                    <div class=\"event-venue\">M\u00fcnchen<\/div><div class=\"event-website\"><a href=\"https:\/\/winterforum.de\" class=\"animation-arrow-extend invert-color-white\" target=\"_blank\">mehr erfahren<\/a><\/div><\/div><\/div>\n            <div class=\"event-item\" data-date=\"21.02. \u2013 22.02.\" data-add-to-calendar-url=\"\" data-title=\"Forum Urodynamicum\" data-url=\"https:\/\/www.farco.de\/en\/event\/forum-urodynamicum-2\/\" data-website-url=\"www.forum-urodynamicum.de\/jahrestagung\/2024\" data-venue-city=\"Freiburg\" data-full-address=\"\">\n                <div class=\"event-date\">21.02. \u2013 22.02.<\/div>\n                <div class=\"event-add-to-calendar\"><a href=\" \"target=\"_blank\">Add to<\/a><\/div>\n                <div class=\"event-title\"><a href=\"https:\/\/www.farco.de\/en\/event\/forum-urodynamicum-2\/\" target=\"_blank\">Forum Urodynamicum<\/a><\/div>\n                <div class=\"event-venue-wrapper\">\n                    <div class=\"event-venue\">Freiburg<\/div><div class=\"event-website\"><a href=\"https:\/\/www.forum-urodynamicum.de\/jahrestagung\/2024\" class=\"animation-arrow-extend invert-color-white\" target=\"_blank\">mehr erfahren<\/a><\/div><\/div><\/div>\n            <div class=\"event-item\" data-date=\"26.02.\" data-add-to-calendar-url=\"\" data-title=\"Uro Onkologisches Update\" data-url=\"https:\/\/www.farco.de\/en\/event\/uro-onkologisches-update-2\/\" data-website-url=\"\" data-venue-city=\"Neuss\" data-full-address=\"\">\n                <div class=\"event-date\">26.02.<\/div>\n                <div class=\"event-add-to-calendar\"><a href=\" \"target=\"_blank\">Add to<\/a><\/div>\n                <div class=\"event-title\"><a href=\"https:\/\/www.farco.de\/en\/event\/uro-onkologisches-update-2\/\" target=\"_blank\">Uro Onkologisches Update<\/a><\/div>\n                <div class=\"event-venue-wrapper\">\n                    <div class=\"event-venue\">Neuss<\/div><div class=\"event-website-placeholder\"><\/div><\/div><\/div><\/div><\/div><div class=\"month-separator\" id=\"march2025\"><h2 class=\"month-separator-text\">March 2025<\/h2><hr class=\"month-separator-line\"><div class=\"month-events\">\n            <div class=\"event-item\" data-date=\"06.03.\" data-add-to-calendar-url=\"\" data-title=\"Urokids\" data-url=\"https:\/\/www.farco.de\/en\/event\/urokids\/\" data-website-url=\"www.urokids.de\" data-venue-city=\"Online\" data-full-address=\"\">\n                <div class=\"event-date\">06.03.<\/div>\n                <div class=\"event-add-to-calendar\"><a href=\" \"target=\"_blank\">Add to<\/a><\/div>\n                <div class=\"event-title\"><a href=\"https:\/\/www.farco.de\/en\/event\/urokids\/\" target=\"_blank\">Urokids<\/a><\/div>\n                <div class=\"event-venue-wrapper\">\n                    <div class=\"event-venue\">Online<\/div><div class=\"event-website\"><a href=\"https:\/\/www.urokids.de\" class=\"animation-arrow-extend invert-color-white\" target=\"_blank\">mehr erfahren<\/a><\/div><\/div><\/div>\n            <div class=\"event-item\" data-date=\"13.03. \u2013 15.03.\" data-add-to-calendar-url=\"\" data-title=\"FOKO &amp;#8211; Fortbildungskongress 2025\" data-url=\"https:\/\/www.farco.de\/en\/event\/foko-fortbildungskongress-2025-2\/\" data-website-url=\"www.kongress.de\/veranstaltung\/fortbildungskongress_fuer_frauenaerztinnen_und_frauenaerzte-30649837\" data-venue-city=\"D\u00fcsseldorf\" data-full-address=\"\">\n                <div class=\"event-date\">13.03. \u2013 15.03.<\/div>\n                <div class=\"event-add-to-calendar\"><a href=\" \"target=\"_blank\">Add to<\/a><\/div>\n                <div class=\"event-title\"><a href=\"https:\/\/www.farco.de\/en\/event\/foko-fortbildungskongress-2025-2\/\" target=\"_blank\">FOKO &amp;#8211; Fortbildungskongress 2025<\/a><\/div>\n                <div class=\"event-venue-wrapper\">\n                    <div class=\"event-venue\">D\u00fcsseldorf<\/div><div class=\"event-website\"><a href=\"https:\/\/www.kongress.de\/veranstaltung\/fortbildungskongress_fuer_frauenaerztinnen_und_frauenaerzte-30649837\" class=\"animation-arrow-extend invert-color-white\" target=\"_blank\">mehr erfahren<\/a><\/div><\/div><\/div>\n            <div class=\"event-item\" data-date=\"19.03.\" data-add-to-calendar-url=\"\" data-title=\"Uroonkologische Metropolgespr\u00e4che Mannheim\" data-url=\"https:\/\/www.farco.de\/en\/event\/uroonkologische-metropolgespraeche-mannheim\/\" data-website-url=\"\" data-venue-city=\"Mannheim\" data-full-address=\"\">\n                <div class=\"event-date\">19.03.<\/div>\n                <div class=\"event-add-to-calendar\"><a href=\" \"target=\"_blank\">Add to<\/a><\/div>\n                <div class=\"event-title\"><a href=\"https:\/\/www.farco.de\/en\/event\/uroonkologische-metropolgespraeche-mannheim\/\" target=\"_blank\">Uroonkologische Metropolgespr\u00e4che Mannheim<\/a><\/div>\n                <div class=\"event-venue-wrapper\">\n                    <div class=\"event-venue\">Mannheim<\/div><div class=\"event-website-placeholder\"><\/div><\/div><\/div>\n            <div class=\"event-item\" data-date=\"19.03.\" data-add-to-calendar-url=\"\" data-title=\"Rostocker Urologischer Abend\" data-url=\"https:\/\/www.farco.de\/en\/event\/rostocker-urologischer-abend\/\" data-website-url=\"urologie.med.uni-rostock.de\/veranstaltungen\" data-venue-city=\"Rostock\" data-full-address=\"\">\n                <div class=\"event-date\">19.03.<\/div>\n                <div class=\"event-add-to-calendar\"><a href=\" \"target=\"_blank\">Add to<\/a><\/div>\n                <div class=\"event-title\"><a href=\"https:\/\/www.farco.de\/en\/event\/rostocker-urologischer-abend\/\" target=\"_blank\">Rostocker Urologischer Abend<\/a><\/div>\n                <div class=\"event-venue-wrapper\">\n                    <div class=\"event-venue\">Rostock<\/div><div class=\"event-website\"><a href=\"https:\/\/urologie.med.uni-rostock.de\/veranstaltungen\" class=\"animation-arrow-extend invert-color-white\" target=\"_blank\">mehr erfahren<\/a><\/div><\/div><\/div>\n            <div class=\"event-item\" data-date=\"21.03. \u2013 22.03.\" data-add-to-calendar-url=\"\" data-title=\"17. Deutscher Urogyn\u00e4kologie Kongress\" data-url=\"https:\/\/www.farco.de\/en\/event\/17-deutscher-urogynaekologie-kongress-2\/\" data-website-url=\"www.coma-ug.de\/deutscher-urogynaekologiekongress\/\" data-venue-city=\"Erfurt\" data-full-address=\"\">\n                <div class=\"event-date\">21.03. \u2013 22.03.<\/div>\n                <div class=\"event-add-to-calendar\"><a href=\" \"target=\"_blank\">Add to<\/a><\/div>\n                <div class=\"event-title\"><a href=\"https:\/\/www.farco.de\/en\/event\/17-deutscher-urogynaekologie-kongress-2\/\" target=\"_blank\">17. Deutscher Urogyn\u00e4kologie Kongress<\/a><\/div>\n                <div class=\"event-venue-wrapper\">\n                    <div class=\"event-venue\">Erfurt<\/div><div class=\"event-website\"><a href=\"https:\/\/www.coma-ug.de\/deutscher-urogynaekologiekongress\/\" class=\"animation-arrow-extend invert-color-white\" target=\"_blank\">mehr erfahren<\/a><\/div><\/div><\/div>\n            <div class=\"event-item\" data-date=\"21.03. \u2013 24.03.\" data-add-to-calendar-url=\"\" data-title=\"EAU25\" data-url=\"https:\/\/www.farco.de\/en\/event\/eau25-2\/\" data-website-url=\"eaucongress.uroweb.org\" data-venue-city=\"Madrid, ES\" data-full-address=\"\">\n                <div class=\"event-date\">21.03. \u2013 24.03.<\/div>\n                <div class=\"event-add-to-calendar\"><a href=\" \"target=\"_blank\">Add to<\/a><\/div>\n                <div class=\"event-title\"><a href=\"https:\/\/www.farco.de\/en\/event\/eau25-2\/\" target=\"_blank\">EAU25<\/a><\/div>\n                <div class=\"event-venue-wrapper\">\n                    <div class=\"event-venue\">Madrid, ES<\/div><div class=\"event-website\"><a href=\"https:\/\/eaucongress.uroweb.org\" class=\"animation-arrow-extend invert-color-white\" target=\"_blank\">mehr erfahren<\/a><\/div><\/div><\/div>\n            <div class=\"event-item\" data-date=\"26.03. \u2013 28.03.\" data-add-to-calendar-url=\"\" data-title=\"IMORU &amp;#8211; 9th International Meeting on Reconstructive Urology\" data-url=\"https:\/\/www.farco.de\/en\/event\/imoru-9th-international-meeting-on-reconstructive-urology\/\" data-website-url=\"\" data-venue-city=\"Hamburg\" data-full-address=\"\">\n                <div class=\"event-date\">26.03. \u2013 28.03.<\/div>\n                <div class=\"event-add-to-calendar\"><a href=\" \"target=\"_blank\">Add to<\/a><\/div>\n                <div class=\"event-title\"><a href=\"https:\/\/www.farco.de\/en\/event\/imoru-9th-international-meeting-on-reconstructive-urology\/\" target=\"_blank\">IMORU &amp;#8211; 9th International Meeting on Reconstructive Urology<\/a><\/div>\n                <div class=\"event-venue-wrapper\">\n                    <div class=\"event-venue\">Hamburg<\/div><div class=\"event-website-placeholder\"><\/div><\/div><\/div>\n            <div class=\"event-item\" data-date=\"26.03. \u2013 28.03.\" data-add-to-calendar-url=\"\" data-title=\"IMORU &amp;#8211; 9th International Meeting on Reconstructive Urology\" data-url=\"https:\/\/www.farco.de\/en\/event\/imoru-9th-international-meeting-on-reconstructive-urology-2\/\" data-website-url=\"imoru.de\" data-venue-city=\"Hamburg\" data-full-address=\"\">\n                <div class=\"event-date\">26.03. \u2013 28.03.<\/div>\n                <div class=\"event-add-to-calendar\"><a href=\" \"target=\"_blank\">Add to<\/a><\/div>\n                <div class=\"event-title\"><a href=\"https:\/\/www.farco.de\/en\/event\/imoru-9th-international-meeting-on-reconstructive-urology-2\/\" target=\"_blank\">IMORU &amp;#8211; 9th International Meeting on Reconstructive Urology<\/a><\/div>\n                <div class=\"event-venue-wrapper\">\n                    <div class=\"event-venue\">Hamburg<\/div><div class=\"event-website\"><a href=\"https:\/\/imoru.de\" class=\"animation-arrow-extend invert-color-white\" target=\"_blank\">mehr erfahren<\/a><\/div><\/div><\/div>\n            <div class=\"event-item\" data-date=\"28.03. \u2013 29.03.\" data-add-to-calendar-url=\"\" data-title=\"GYN UPDATE 2025 \u2013 16. Gyn\u00e4kologie-Geburtshilfe-Update-Seminar\" data-url=\"https:\/\/www.farco.de\/en\/event\/gyn-update-2025-16-gynaekologie-geburtshilfe-update-seminar\/\" data-website-url=\"gyn-update.com\" data-venue-city=\"Berlin\" data-full-address=\"\">\n                <div class=\"event-date\">28.03. \u2013 29.03.<\/div>\n                <div class=\"event-add-to-calendar\"><a href=\" \"target=\"_blank\">Add to<\/a><\/div>\n                <div class=\"event-title\"><a href=\"https:\/\/www.farco.de\/en\/event\/gyn-update-2025-16-gynaekologie-geburtshilfe-update-seminar\/\" target=\"_blank\">GYN UPDATE 2025 \u2013 16. Gyn\u00e4kologie-Geburtshilfe-Update-Seminar<\/a><\/div>\n                <div class=\"event-venue-wrapper\">\n                    <div class=\"event-venue\">Berlin<\/div><div class=\"event-website\"><a href=\"https:\/\/gyn-update.com\" class=\"animation-arrow-extend invert-color-white\" target=\"_blank\">mehr erfahren<\/a><\/div><\/div><\/div>\n            <div class=\"event-item\" data-date=\"29.03.\" data-add-to-calendar-url=\"\" data-title=\"Bonner Forum rezidivierende Urolithiasis mit Workshop Harnsteinanalyse\" data-url=\"https:\/\/www.farco.de\/en\/event\/bonner-forum-rezidivierende-urolithiasis\/\" data-website-url=\"sgdu-mbh.de\/veranstaltungen\/3-bonner-forum-rezidivierende-urolithiasis-mit-integriertem-workshop-harnsteinanalyse\/\" data-venue-city=\"Bonn\" data-full-address=\"\">\n                <div class=\"event-date\">29.03.<\/div>\n                <div class=\"event-add-to-calendar\"><a href=\" \"target=\"_blank\">Add to<\/a><\/div>\n                <div class=\"event-title\"><a href=\"https:\/\/www.farco.de\/en\/event\/bonner-forum-rezidivierende-urolithiasis\/\" target=\"_blank\">Bonner Forum rezidivierende Urolithiasis mit Workshop Harnsteinanalyse<\/a><\/div>\n                <div class=\"event-venue-wrapper\">\n                    <div class=\"event-venue\">Bonn<\/div><div class=\"event-website\"><a href=\"https:\/\/sgdu-mbh.de\/veranstaltungen\/3-bonner-forum-rezidivierende-urolithiasis-mit-integriertem-workshop-harnsteinanalyse\/\" class=\"animation-arrow-extend invert-color-white\" target=\"_blank\">mehr erfahren<\/a><\/div><\/div><\/div>\n            <div class=\"event-item\" data-date=\"29.03.\" data-add-to-calendar-url=\"\" data-title=\"Bonner Forum rezidivierende Urolithiasis mit Workshop Harnsteinanalyse\" data-url=\"https:\/\/www.farco.de\/en\/event\/bonner-forum-rezidivierende-urolithiasis-mit-workshop-harnsteinanalyse\/\" data-website-url=\"sgdu-mbh.de\/veranstaltungen\/3-bonner-forum-rezidivierende-urolithiasis-mit-integriertem-workshop-harnsteinanalyse\/\" data-venue-city=\"Bonn\" data-full-address=\"\">\n                <div class=\"event-date\">29.03.<\/div>\n                <div class=\"event-add-to-calendar\"><a href=\" \"target=\"_blank\">Add to<\/a><\/div>\n                <div class=\"event-title\"><a href=\"https:\/\/www.farco.de\/en\/event\/bonner-forum-rezidivierende-urolithiasis-mit-workshop-harnsteinanalyse\/\" target=\"_blank\">Bonner Forum rezidivierende Urolithiasis mit Workshop Harnsteinanalyse<\/a><\/div>\n                <div class=\"event-venue-wrapper\">\n                    <div class=\"event-venue\">Bonn<\/div><div class=\"event-website\"><a href=\"https:\/\/sgdu-mbh.de\/veranstaltungen\/3-bonner-forum-rezidivierende-urolithiasis-mit-integriertem-workshop-harnsteinanalyse\/\" class=\"animation-arrow-extend invert-color-white\" target=\"_blank\">mehr erfahren<\/a><\/div><\/div><\/div>\n            <div class=\"event-item\" data-date=\"29.03.\" data-add-to-calendar-url=\"\" data-title=\"Eifeler Urologentag\" data-url=\"https:\/\/www.farco.de\/en\/event\/eifeler-urologentag-3\/\" data-website-url=\"\" data-venue-city=\"Kall\" data-full-address=\"\">\n                <div class=\"event-date\">29.03.<\/div>\n                <div class=\"event-add-to-calendar\"><a href=\" \"target=\"_blank\">Add to<\/a><\/div>\n                <div class=\"event-title\"><a href=\"https:\/\/www.farco.de\/en\/event\/eifeler-urologentag-3\/\" target=\"_blank\">Eifeler Urologentag<\/a><\/div>\n                <div class=\"event-venue-wrapper\">\n                    <div class=\"event-venue\">Kall<\/div><div class=\"event-website-placeholder\"><\/div><\/div><\/div><\/div><\/div><div class=\"month-separator\" id=\"april2025\"><h2 class=\"month-separator-text\">April 2025<\/h2><hr class=\"month-separator-line\"><div class=\"month-events\">\n            <div class=\"event-item\" data-date=\"03.04. \u2013 04.04.\" data-add-to-calendar-url=\"\" data-title=\"NRWGU &amp;#8211; 70. Kongress der Nordrhein-Westf\u00e4lischen Ges. f. Urologie\" data-url=\"https:\/\/www.farco.de\/en\/event\/nrwgu-70-kongress-der-nordrhein-westfaelischen-ges-f-urologie\/\" data-website-url=\"nrwgu-kongress.de\" data-venue-city=\"M\u00fcnster\" data-full-address=\"\">\n                <div class=\"event-date\">03.04. \u2013 04.04.<\/div>\n                <div class=\"event-add-to-calendar\"><a href=\" \"target=\"_blank\">Add to<\/a><\/div>\n                <div class=\"event-title\"><a href=\"https:\/\/www.farco.de\/en\/event\/nrwgu-70-kongress-der-nordrhein-westfaelischen-ges-f-urologie\/\" target=\"_blank\">NRWGU &amp;#8211; 70. Kongress der Nordrhein-Westf\u00e4lischen Ges. f. Urologie<\/a><\/div>\n                <div class=\"event-venue-wrapper\">\n                    <div class=\"event-venue\">M\u00fcnster<\/div><div class=\"event-website\"><a href=\"https:\/\/nrwgu-kongress.de\" class=\"animation-arrow-extend invert-color-white\" target=\"_blank\">mehr erfahren<\/a><\/div><\/div><\/div>\n            <div class=\"event-item\" data-date=\"05.04.\" data-add-to-calendar-url=\"\" data-title=\"Berliner Fr\u00fchjahrssymposium\" data-url=\"https:\/\/www.farco.de\/en\/event\/berliner-fruehjahrssymposium\/\" data-website-url=\"www.bvf.de\/bvf-akademie\/veranstaltung\/berliner-fruehjahrssymposium-berlin-mitte-12\/\" data-venue-city=\"Berlin\" data-full-address=\"\">\n                <div class=\"event-date\">05.04.<\/div>\n                <div class=\"event-add-to-calendar\"><a href=\" \"target=\"_blank\">Add to<\/a><\/div>\n                <div class=\"event-title\"><a href=\"https:\/\/www.farco.de\/en\/event\/berliner-fruehjahrssymposium\/\" target=\"_blank\">Berliner Fr\u00fchjahrssymposium<\/a><\/div>\n                <div class=\"event-venue-wrapper\">\n                    <div class=\"event-venue\">Berlin<\/div><div class=\"event-website\"><a href=\"https:\/\/www.bvf.de\/bvf-akademie\/veranstaltung\/berliner-fruehjahrssymposium-berlin-mitte-12\/\" class=\"animation-arrow-extend invert-color-white\" target=\"_blank\">mehr erfahren<\/a><\/div><\/div><\/div>\n            <div class=\"event-item\" data-date=\"09.04.\" data-add-to-calendar-url=\"\" data-title=\"Dresdner Urologentreffen\" data-url=\"https:\/\/www.farco.de\/en\/event\/dresdner-urologentreffen\/\" data-website-url=\"\" data-venue-city=\"Dresden\" data-full-address=\"\">\n                <div class=\"event-date\">09.04.<\/div>\n                <div class=\"event-add-to-calendar\"><a href=\" \"target=\"_blank\">Add to<\/a><\/div>\n                <div class=\"event-title\"><a href=\"https:\/\/www.farco.de\/en\/event\/dresdner-urologentreffen\/\" target=\"_blank\">Dresdner Urologentreffen<\/a><\/div>\n                <div class=\"event-venue-wrapper\">\n                    <div class=\"event-venue\">Dresden<\/div><div class=\"event-website-placeholder\"><\/div><\/div><\/div>\n            <div class=\"event-item\" data-date=\"26.04. \u2013 29.04.\" data-add-to-calendar-url=\"\" data-title=\"AUA\" data-url=\"https:\/\/www.farco.de\/en\/event\/aua\/\" data-website-url=\"www.auanet.org\/AUA2025\" data-venue-city=\"Las Vegas, USA\" data-full-address=\"\">\n                <div class=\"event-date\">26.04. \u2013 29.04.<\/div>\n                <div class=\"event-add-to-calendar\"><a href=\" \"target=\"_blank\">Add to<\/a><\/div>\n                <div class=\"event-title\"><a href=\"https:\/\/www.farco.de\/en\/event\/aua\/\" target=\"_blank\">AUA<\/a><\/div>\n                <div class=\"event-venue-wrapper\">\n                    <div class=\"event-venue\">Las Vegas, USA<\/div><div class=\"event-website\"><a href=\"https:\/\/www.auanet.org\/AUA2025\" class=\"animation-arrow-extend invert-color-white\" target=\"_blank\">mehr erfahren<\/a><\/div><\/div><\/div><\/div><\/div><div class=\"month-separator\" id=\"may2025\"><h2 class=\"month-separator-text\">May 2025<\/h2><hr class=\"month-separator-line\"><div class=\"month-events\">\n            <div class=\"event-item\" data-date=\"07.05. \u2013 10.05.\" data-add-to-calendar-url=\"\" data-title=\"XXIX. Urologisches Oberarztforum\" data-url=\"https:\/\/www.farco.de\/en\/event\/xxix-urologisches-oberarztforum\/\" data-website-url=\"uoa-forum.de\" data-venue-city=\"Stimpfach-Rechenberg\" data-full-address=\"\">\n                <div class=\"event-date\">07.05. \u2013 10.05.<\/div>\n                <div class=\"event-add-to-calendar\"><a href=\" \"target=\"_blank\">Add to<\/a><\/div>\n                <div class=\"event-title\"><a href=\"https:\/\/www.farco.de\/en\/event\/xxix-urologisches-oberarztforum\/\" target=\"_blank\">XXIX. Urologisches Oberarztforum<\/a><\/div>\n                <div class=\"event-venue-wrapper\">\n                    <div class=\"event-venue\">Stimpfach-Rechenberg<\/div><div class=\"event-website\"><a href=\"https:\/\/uoa-forum.de\" class=\"animation-arrow-extend invert-color-white\" target=\"_blank\">mehr erfahren<\/a><\/div><\/div><\/div>\n            <div class=\"event-item\" data-date=\"08.05. \u2013 10.05.\" data-add-to-calendar-url=\"\" data-title=\"Uro Aktuell 2025\" data-url=\"https:\/\/www.farco.de\/en\/event\/uro-aktuell-2025\/\" data-website-url=\"www.urologenportal.de\/fachbesucher\/akademie-der-deutschen-urologen\/uroaktuell-2025.html\" data-venue-city=\"Potsdam\" data-full-address=\"\">\n                <div class=\"event-date\">08.05. \u2013 10.05.<\/div>\n                <div class=\"event-add-to-calendar\"><a href=\" \"target=\"_blank\">Add to<\/a><\/div>\n                <div class=\"event-title\"><a href=\"https:\/\/www.farco.de\/en\/event\/uro-aktuell-2025\/\" target=\"_blank\">Uro Aktuell 2025<\/a><\/div>\n                <div class=\"event-venue-wrapper\">\n                    <div class=\"event-venue\">Potsdam<\/div><div class=\"event-website\"><a href=\"https:\/\/www.urologenportal.de\/fachbesucher\/akademie-der-deutschen-urologen\/uroaktuell-2025.html\" class=\"animation-arrow-extend invert-color-white\" target=\"_blank\">mehr erfahren<\/a><\/div><\/div><\/div>\n            <div class=\"event-item\" data-date=\"09.05.\" data-add-to-calendar-url=\"\" data-title=\"ISK-Tag\" data-url=\"https:\/\/www.farco.de\/en\/event\/isk-tag\/\" data-website-url=\"www.fgq.de\/isk-informationstage-2025-versorgung-der-neurogenen-blase\/\" data-venue-city=\"Stuttgart\" data-full-address=\"\">\n                <div class=\"event-date\">09.05.<\/div>\n                <div class=\"event-add-to-calendar\"><a href=\" \"target=\"_blank\">Add to<\/a><\/div>\n                <div class=\"event-title\"><a href=\"https:\/\/www.farco.de\/en\/event\/isk-tag\/\" target=\"_blank\">ISK-Tag<\/a><\/div>\n                <div class=\"event-venue-wrapper\">\n                    <div class=\"event-venue\">Stuttgart<\/div><div class=\"event-website\"><a href=\"https:\/\/www.fgq.de\/isk-informationstage-2025-versorgung-der-neurogenen-blase\/\" class=\"animation-arrow-extend invert-color-white\" target=\"_blank\">mehr erfahren<\/a><\/div><\/div><\/div>\n            <div class=\"event-item\" data-date=\"14.05. \u2013 16.05.\" data-add-to-calendar-url=\"\" data-title=\"38. Jahrestagung der Deutschsprachigen Medizinischen Gesellschaft f\u00fcr Paraplegiologie e. V. \u2013 DMGP\" data-url=\"https:\/\/www.farco.de\/en\/event\/38-jahrestagung-der-deutschsprachigen-medizinischen-gesellschaft-fuer-paraplegiologie-e-v-dmgp\/\" data-website-url=\"dmgp-kongress.de\" data-venue-city=\"Heidelberg\" data-full-address=\"\">\n                <div class=\"event-date\">14.05. \u2013 16.05.<\/div>\n                <div class=\"event-add-to-calendar\"><a href=\" \"target=\"_blank\">Add to<\/a><\/div>\n                <div class=\"event-title\"><a href=\"https:\/\/www.farco.de\/en\/event\/38-jahrestagung-der-deutschsprachigen-medizinischen-gesellschaft-fuer-paraplegiologie-e-v-dmgp\/\" target=\"_blank\">38. Jahrestagung der Deutschsprachigen Medizinischen Gesellschaft f\u00fcr Paraplegiologie e. V. \u2013 DMGP<\/a><\/div>\n                <div class=\"event-venue-wrapper\">\n                    <div class=\"event-venue\">Heidelberg<\/div><div class=\"event-website\"><a href=\"https:\/\/dmgp-kongress.de\" class=\"animation-arrow-extend invert-color-white\" target=\"_blank\">mehr erfahren<\/a><\/div><\/div><\/div>\n            <div class=\"event-item\" data-date=\"22.05. \u2013 24.05.\" data-add-to-calendar-url=\"\" data-title=\"Urobay\" data-url=\"https:\/\/www.farco.de\/en\/event\/urobay\/\" data-website-url=\"www.uro-tagung.de\" data-venue-city=\"Wien, AT\" data-full-address=\"\">\n                <div class=\"event-date\">22.05. \u2013 24.05.<\/div>\n                <div class=\"event-add-to-calendar\"><a href=\" \"target=\"_blank\">Add to<\/a><\/div>\n                <div class=\"event-title\"><a href=\"https:\/\/www.farco.de\/en\/event\/urobay\/\" target=\"_blank\">Urobay<\/a><\/div>\n                <div class=\"event-venue-wrapper\">\n                    <div class=\"event-venue\">Wien, AT<\/div><div class=\"event-website\"><a href=\"https:\/\/www.uro-tagung.de\" class=\"animation-arrow-extend invert-color-white\" target=\"_blank\">mehr erfahren<\/a><\/div><\/div><\/div>\n            <div class=\"event-item\" data-date=\"22.05. \u2013 24.05.\" data-add-to-calendar-url=\"\" data-title=\"51. Tagung der \u00d6sterreichischen Gesellschaft f\u00fcr Urologie und Andrologie und der Bayerischen Urologenvereinigung\" data-url=\"https:\/\/www.farco.de\/en\/event\/51-tagung-der-oesterreichischen-gesellschaft-fuer-urologie-und-andrologie-und-der-bayerischen-urologenvereinigung\/\" data-website-url=\"www.conventiongroup.at\/events\/51-tagung-der-oesterreichischen-gesellschaft-fuer-urologie-und-der-bayerischen-urologenvereinigung\/allgemeines-preise\" data-venue-city=\"Wien, AT\" data-full-address=\"\">\n                <div class=\"event-date\">22.05. \u2013 24.05.<\/div>\n                <div class=\"event-add-to-calendar\"><a href=\" \"target=\"_blank\">Add to<\/a><\/div>\n                <div class=\"event-title\"><a href=\"https:\/\/www.farco.de\/en\/event\/51-tagung-der-oesterreichischen-gesellschaft-fuer-urologie-und-andrologie-und-der-bayerischen-urologenvereinigung\/\" target=\"_blank\">51. Tagung der \u00d6sterreichischen Gesellschaft f\u00fcr Urologie und Andrologie und der Bayerischen Urologenvereinigung<\/a><\/div>\n                <div class=\"event-venue-wrapper\">\n                    <div class=\"event-venue\">Wien, AT<\/div><div class=\"event-website\"><a href=\"https:\/\/www.conventiongroup.at\/events\/51-tagung-der-oesterreichischen-gesellschaft-fuer-urologie-und-der-bayerischen-urologenvereinigung\/allgemeines-preise\" class=\"animation-arrow-extend invert-color-white\" target=\"_blank\">mehr erfahren<\/a><\/div><\/div><\/div><\/div><\/div><div class=\"month-separator\" id=\"june2025\"><h2 class=\"month-separator-text\">June 2025<\/h2><hr class=\"month-separator-line\"><div class=\"month-events\">\n            <div class=\"event-item\" data-date=\"11.06. \u2013 13.06.\" data-add-to-calendar-url=\"\" data-title=\"19. Nordkongress Urologie\" data-url=\"https:\/\/www.farco.de\/en\/event\/19-nordkongress-urologie-2\/\" data-website-url=\"www.nordkongress-urologie.de\/2025\/\" data-venue-city=\"Berlin\" data-full-address=\"\">\n                <div class=\"event-date\">11.06. \u2013 13.06.<\/div>\n                <div class=\"event-add-to-calendar\"><a href=\" \"target=\"_blank\">Add to<\/a><\/div>\n                <div class=\"event-title\"><a href=\"https:\/\/www.farco.de\/en\/event\/19-nordkongress-urologie-2\/\" target=\"_blank\">19. Nordkongress Urologie<\/a><\/div>\n                <div class=\"event-venue-wrapper\">\n                    <div class=\"event-venue\">Berlin<\/div><div class=\"event-website\"><a href=\"https:\/\/www.nordkongress-urologie.de\/2025\/\" class=\"animation-arrow-extend invert-color-white\" target=\"_blank\">mehr erfahren<\/a><\/div><\/div><\/div>\n            <div class=\"event-item\" data-date=\"18.06.\" data-add-to-calendar-url=\"\" data-title=\"141. Dresdner Urologentreffen\" data-url=\"https:\/\/www.farco.de\/en\/event\/141-dresdner-urologentreffen\/\" data-website-url=\"\" data-venue-city=\"Dresden\" data-full-address=\"\">\n                <div class=\"event-date\">18.06.<\/div>\n                <div class=\"event-add-to-calendar\"><a href=\" \"target=\"_blank\">Add to<\/a><\/div>\n                <div class=\"event-title\"><a href=\"https:\/\/www.farco.de\/en\/event\/141-dresdner-urologentreffen\/\" target=\"_blank\">141. Dresdner Urologentreffen<\/a><\/div>\n                <div class=\"event-venue-wrapper\">\n                    <div class=\"event-venue\">Dresden<\/div><div class=\"event-website-placeholder\"><\/div><\/div><\/div>\n            <div class=\"event-item\" data-date=\"18.06.\" data-add-to-calendar-url=\"\" data-title=\"6. Bonner Urologiegespr\u00e4che\" data-url=\"https:\/\/www.farco.de\/en\/event\/6-bonner-urologiegespraeche\/\" data-website-url=\"\" data-venue-city=\"Bonn\" data-full-address=\"\">\n                <div class=\"event-date\">18.06.<\/div>\n                <div class=\"event-add-to-calendar\"><a href=\" \"target=\"_blank\">Add to<\/a><\/div>\n                <div class=\"event-title\"><a href=\"https:\/\/www.farco.de\/en\/event\/6-bonner-urologiegespraeche\/\" target=\"_blank\">6. Bonner Urologiegespr\u00e4che<\/a><\/div>\n                <div class=\"event-venue-wrapper\">\n                    <div class=\"event-venue\">Bonn<\/div><div class=\"event-website-placeholder\"><\/div><\/div><\/div>\n            <div class=\"event-item\" data-date=\"25.06. \u2013 28.06.\" data-add-to-calendar-url=\"\" data-title=\"SWDGU \u2013 65. Jahrestagung der S\u00fcdwestdeutschen Ges. f. Urologie\" data-url=\"https:\/\/www.farco.de\/en\/event\/swdgu-65-jahrestagung-der-suedwestdeutschen-ges-f-urologie-2\/\" data-website-url=\"swdgu-kongress.de\" data-venue-city=\"Ludwigshafen\" data-full-address=\"\">\n                <div class=\"event-date\">25.06. \u2013 28.06.<\/div>\n                <div class=\"event-add-to-calendar\"><a href=\" \"target=\"_blank\">Add to<\/a><\/div>\n                <div class=\"event-title\"><a href=\"https:\/\/www.farco.de\/en\/event\/swdgu-65-jahrestagung-der-suedwestdeutschen-ges-f-urologie-2\/\" target=\"_blank\">SWDGU \u2013 65. Jahrestagung der S\u00fcdwestdeutschen Ges. f. Urologie<\/a><\/div>\n                <div class=\"event-venue-wrapper\">\n                    <div class=\"event-venue\">Ludwigshafen<\/div><div class=\"event-website\"><a href=\"https:\/\/swdgu-kongress.de\" class=\"animation-arrow-extend invert-color-white\" target=\"_blank\">mehr erfahren<\/a><\/div><\/div><\/div>\n            <div class=\"event-item\" data-date=\"27.06. \u2013 29.06.\" data-add-to-calendar-url=\"\" data-title=\"#NDOteenCamp\" data-url=\"https:\/\/www.farco.de\/en\/event\/ndoteencamp\/\" data-website-url=\"ndo-camp.de\" data-venue-city=\"Herzberg\" data-full-address=\"\">\n                <div class=\"event-date\">27.06. \u2013 29.06.<\/div>\n                <div class=\"event-add-to-calendar\"><a href=\" \"target=\"_blank\">Add to<\/a><\/div>\n                <div class=\"event-title\"><a href=\"https:\/\/www.farco.de\/en\/event\/ndoteencamp\/\" target=\"_blank\">#NDOteenCamp<\/a><\/div>\n                <div class=\"event-venue-wrapper\">\n                    <div class=\"event-venue\">Herzberg<\/div><div class=\"event-website\"><a href=\"https:\/\/ndo-camp.de\" class=\"animation-arrow-extend invert-color-white\" target=\"_blank\">mehr erfahren<\/a><\/div><\/div><\/div><\/div><\/div><div class=\"month-separator\" id=\"july2025\"><h2 class=\"month-separator-text\">July 2025<\/h2><hr class=\"month-separator-line\"><div class=\"month-events\">\n            <div class=\"event-item\" data-date=\"04.07.\" data-add-to-calendar-url=\"\" data-title=\"23. Sommersymposium Beelitz Kliniken\" data-url=\"https:\/\/www.farco.de\/en\/event\/23-sommersymposium-beelitz-kliniken\/\" data-website-url=\"www.rehaklinik-beelitz.de\/ueber-die-rehabilitationsklinik\/veranstaltungen\/18152-23-sommer-symposium-querschnittlaehmung-multiple-sklerose-spinale-erkrankungen.html\" data-venue-city=\"Beelitz\" data-full-address=\"\">\n                <div class=\"event-date\">04.07.<\/div>\n                <div class=\"event-add-to-calendar\"><a href=\" \"target=\"_blank\">Add to<\/a><\/div>\n                <div class=\"event-title\"><a href=\"https:\/\/www.farco.de\/en\/event\/23-sommersymposium-beelitz-kliniken\/\" target=\"_blank\">23. Sommersymposium Beelitz Kliniken<\/a><\/div>\n                <div class=\"event-venue-wrapper\">\n                    <div class=\"event-venue\">Beelitz<\/div><div class=\"event-website\"><a href=\"https:\/\/www.rehaklinik-beelitz.de\/ueber-die-rehabilitationsklinik\/veranstaltungen\/18152-23-sommer-symposium-querschnittlaehmung-multiple-sklerose-spinale-erkrankungen.html\" class=\"animation-arrow-extend invert-color-white\" target=\"_blank\">mehr erfahren<\/a><\/div><\/div><\/div>\n            <div class=\"event-item\" data-date=\"09.07.\" data-add-to-calendar-url=\"\" data-title=\"5. Kinderurologisches Sommerforum\" data-url=\"https:\/\/www.farco.de\/en\/event\/5-kinderurologisches-sommerforum\/\" data-website-url=\"uro-fortbildungen.de\" data-venue-city=\"M\u00fcnchen\" data-full-address=\"\">\n                <div class=\"event-date\">09.07.<\/div>\n                <div class=\"event-add-to-calendar\"><a href=\" \"target=\"_blank\">Add to<\/a><\/div>\n                <div class=\"event-title\"><a href=\"https:\/\/www.farco.de\/en\/event\/5-kinderurologisches-sommerforum\/\" target=\"_blank\">5. Kinderurologisches Sommerforum<\/a><\/div>\n                <div class=\"event-venue-wrapper\">\n                    <div class=\"event-venue\">M\u00fcnchen<\/div><div class=\"event-website\"><a href=\"https:\/\/uro-fortbildungen.de\" class=\"animation-arrow-extend invert-color-white\" target=\"_blank\">mehr erfahren<\/a><\/div><\/div><\/div>\n            <div class=\"event-item\" data-date=\"09.07. \u2013 12.07.\" data-add-to-calendar-url=\"\" data-title=\"Internationales H\u00e4ndlermeeting FARCO\" data-url=\"https:\/\/www.farco.de\/en\/event\/internationales-haendlermeeting-farco\/\" data-website-url=\"www.farco.de\" data-venue-city=\"Berlin\" data-full-address=\"\">\n                <div class=\"event-date\">09.07. \u2013 12.07.<\/div>\n                <div class=\"event-add-to-calendar\"><a href=\" \"target=\"_blank\">Add to<\/a><\/div>\n                <div class=\"event-title\"><a href=\"https:\/\/www.farco.de\/en\/event\/internationales-haendlermeeting-farco\/\" target=\"_blank\">Internationales H\u00e4ndlermeeting FARCO<\/a><\/div>\n                <div class=\"event-venue-wrapper\">\n                    <div class=\"event-venue\">Berlin<\/div><div class=\"event-website\"><a href=\"https:\/\/www.farco.de\" class=\"animation-arrow-extend invert-color-white\" target=\"_blank\">mehr erfahren<\/a><\/div><\/div><\/div><\/div><\/div><div class=\"month-separator\" id=\"august2025\"><h2 class=\"month-separator-text\">August 2025<\/h2><hr class=\"month-separator-line\"><div class=\"month-events\">\n            <div class=\"event-item\" data-date=\"14.08. \u2013 17.08.\" data-add-to-calendar-url=\"\" data-title=\"UAA 2025\" data-url=\"https:\/\/www.farco.de\/en\/event\/uaa-2025\/\" data-website-url=\"uaa2025.org\" data-venue-city=\"Taiwan\" data-full-address=\"\">\n                <div class=\"event-date\">14.08. \u2013 17.08.<\/div>\n                <div class=\"event-add-to-calendar\"><a href=\" \"target=\"_blank\">Add to<\/a><\/div>\n                <div class=\"event-title\"><a href=\"https:\/\/www.farco.de\/en\/event\/uaa-2025\/\" target=\"_blank\">UAA 2025<\/a><\/div>\n                <div class=\"event-venue-wrapper\">\n                    <div class=\"event-venue\">Taiwan<\/div><div class=\"event-website\"><a href=\"https:\/\/uaa2025.org\" class=\"animation-arrow-extend invert-color-white\" target=\"_blank\">mehr erfahren<\/a><\/div><\/div><\/div>\n            <div class=\"event-item\" data-date=\"27.08. \u2013 30.08.\" data-add-to-calendar-url=\"\" data-title=\"AUCA 2025\" data-url=\"https:\/\/www.farco.de\/en\/event\/auca-2025\/\" data-website-url=\"uroauca.com\" data-venue-city=\"El Salvador\" data-full-address=\"\">\n                <div class=\"event-date\">27.08. \u2013 30.08.<\/div>\n                <div class=\"event-add-to-calendar\"><a href=\" \"target=\"_blank\">Add to<\/a><\/div>\n                <div class=\"event-title\"><a href=\"https:\/\/www.farco.de\/en\/event\/auca-2025\/\" target=\"_blank\">AUCA 2025<\/a><\/div>\n                <div class=\"event-venue-wrapper\">\n                    <div class=\"event-venue\">El Salvador<\/div><div class=\"event-website\"><a href=\"https:\/\/uroauca.com\" class=\"animation-arrow-extend invert-color-white\" target=\"_blank\">mehr erfahren<\/a><\/div><\/div><\/div>\n            <div class=\"event-item\" data-date=\"29.08. \u2013 31.08.\" data-add-to-calendar-url=\"\" data-title=\"#NDOteenCamp, Nottwil (CH)\" data-url=\"https:\/\/www.farco.de\/en\/event\/ndoteencamp-nottwil-ch\/\" data-website-url=\"www.ndo-camp.de\" data-venue-city=\"Nottwil, CH\" data-full-address=\"\">\n                <div class=\"event-date\">29.08. \u2013 31.08.<\/div>\n                <div class=\"event-add-to-calendar\"><a href=\" \"target=\"_blank\">Add to<\/a><\/div>\n                <div class=\"event-title\"><a href=\"https:\/\/www.farco.de\/en\/event\/ndoteencamp-nottwil-ch\/\" target=\"_blank\">#NDOteenCamp, Nottwil (CH)<\/a><\/div>\n                <div class=\"event-venue-wrapper\">\n                    <div class=\"event-venue\">Nottwil, CH<\/div><div class=\"event-website\"><a href=\"https:\/\/www.ndo-camp.de\" class=\"animation-arrow-extend invert-color-white\" target=\"_blank\">mehr erfahren<\/a><\/div><\/div><\/div><\/div><\/div><div class=\"month-separator\" id=\"september2025\"><h2 class=\"month-separator-text\">September 2025<\/h2><hr class=\"month-separator-line\"><div class=\"month-events\">\n            <div class=\"event-item\" data-date=\"02.09. \u2013 03.09.\" data-add-to-calendar-url=\"\" data-title=\"Workshop Bipolar Techniques\" data-url=\"https:\/\/www.farco.de\/en\/event\/workshop-bipolar-techniques-3\/\" data-website-url=\"\" data-venue-city=\"Salzburg\" data-full-address=\"\">\n                <div class=\"event-date\">02.09. \u2013 03.09.<\/div>\n                <div class=\"event-add-to-calendar\"><a href=\" \"target=\"_blank\">Add to<\/a><\/div>\n                <div class=\"event-title\"><a href=\"https:\/\/www.farco.de\/en\/event\/workshop-bipolar-techniques-3\/\" target=\"_blank\">Workshop Bipolar Techniques<\/a><\/div>\n                <div class=\"event-venue-wrapper\">\n                    <div class=\"event-venue\">Salzburg<\/div><div class=\"event-website-placeholder\"><\/div><\/div><\/div>\n            <div class=\"event-item\" data-date=\"04.09. \u2013 05.09.\" data-add-to-calendar-url=\"\" data-title=\"MZEB \u2013 Kongress der medizinischen Behandlungszentren f\u00fcr Erwachsene mit Behinderung\" data-url=\"https:\/\/www.farco.de\/en\/event\/mzeb-kongress-der-medizinischen-behandlungszentren-fuer-erwachsene-mit-behinderung\/\" data-website-url=\"mzeb-kongress.de\" data-venue-city=\"Leipzig\" data-full-address=\"\">\n                <div class=\"event-date\">04.09. \u2013 05.09.<\/div>\n                <div class=\"event-add-to-calendar\"><a href=\" \"target=\"_blank\">Add to<\/a><\/div>\n                <div class=\"event-title\"><a href=\"https:\/\/www.farco.de\/en\/event\/mzeb-kongress-der-medizinischen-behandlungszentren-fuer-erwachsene-mit-behinderung\/\" target=\"_blank\">MZEB \u2013 Kongress der medizinischen Behandlungszentren f\u00fcr Erwachsene mit Behinderung<\/a><\/div>\n                <div class=\"event-venue-wrapper\">\n                    <div class=\"event-venue\">Leipzig<\/div><div class=\"event-website\"><a href=\"https:\/\/mzeb-kongress.de\" class=\"animation-arrow-extend invert-color-white\" target=\"_blank\">mehr erfahren<\/a><\/div><\/div><\/div>\n            <div class=\"event-item\" data-date=\"04.09. \u2013 05.09.\" data-add-to-calendar-url=\"\" data-title=\"3. Interdisziplin\u00e4rer Digital Health Summit\" data-url=\"https:\/\/www.farco.de\/en\/event\/3-interdisziplinaerer-digital-health-summit\/\" data-website-url=\"digital-health-summit.com\" data-venue-city=\"Brandenburg an der Havel\" data-full-address=\"\">\n                <div class=\"event-date\">04.09. \u2013 05.09.<\/div>\n                <div class=\"event-add-to-calendar\"><a href=\" \"target=\"_blank\">Add to<\/a><\/div>\n                <div class=\"event-title\"><a href=\"https:\/\/www.farco.de\/en\/event\/3-interdisziplinaerer-digital-health-summit\/\" target=\"_blank\">3. Interdisziplin\u00e4rer Digital Health Summit<\/a><\/div>\n                <div class=\"event-venue-wrapper\">\n                    <div class=\"event-venue\">Brandenburg an der Havel<\/div><div class=\"event-website\"><a href=\"https:\/\/digital-health-summit.com\" class=\"animation-arrow-extend invert-color-white\" target=\"_blank\">mehr erfahren<\/a><\/div><\/div><\/div>\n            <div class=\"event-item\" data-date=\"08.09. \u2013 12.09.\" data-add-to-calendar-url=\"\" data-title=\"WCET 2025\" data-url=\"https:\/\/www.farco.de\/en\/event\/wcet-2025\/\" data-website-url=\"meetings.association-service.org\/wcet\" data-venue-city=\"Phoenix, Arizona, USA\" data-full-address=\"\">\n                <div class=\"event-date\">08.09. \u2013 12.09.<\/div>\n                <div class=\"event-add-to-calendar\"><a href=\" \"target=\"_blank\">Add to<\/a><\/div>\n                <div class=\"event-title\"><a href=\"https:\/\/www.farco.de\/en\/event\/wcet-2025\/\" target=\"_blank\">WCET 2025<\/a><\/div>\n                <div class=\"event-venue-wrapper\">\n                    <div class=\"event-venue\">Phoenix, Arizona, USA<\/div><div class=\"event-website\"><a href=\"https:\/\/meetings.association-service.org\/wcet\" class=\"animation-arrow-extend invert-color-white\" target=\"_blank\">mehr erfahren<\/a><\/div><\/div><\/div>\n            <div class=\"event-item\" data-date=\"17.09. \u2013 20.09.\" data-add-to-calendar-url=\"\" data-title=\"77. Kongress der Deutschen Gesellschaft f\u00fcr Urologie e. V. #DGU\" data-url=\"https:\/\/www.farco.de\/en\/event\/77-kongress-der-deutschen-gesellschaft-fuer-urologie-e-v-dgu\/\" data-website-url=\"www.urologenportal.de\/fachbesucher\/urologische-kongresse\/77-dgu-kongress.html\" data-venue-city=\"Hamburg\" data-full-address=\"\">\n                <div class=\"event-date\">17.09. \u2013 20.09.<\/div>\n                <div class=\"event-add-to-calendar\"><a href=\" \"target=\"_blank\">Add to<\/a><\/div>\n                <div class=\"event-title\"><a href=\"https:\/\/www.farco.de\/en\/event\/77-kongress-der-deutschen-gesellschaft-fuer-urologie-e-v-dgu\/\" target=\"_blank\">77. Kongress der Deutschen Gesellschaft f\u00fcr Urologie e. V. #DGU<\/a><\/div>\n                <div class=\"event-venue-wrapper\">\n                    <div class=\"event-venue\">Hamburg<\/div><div class=\"event-website\"><a href=\"https:\/\/www.urologenportal.de\/fachbesucher\/urologische-kongresse\/77-dgu-kongress.html\" class=\"animation-arrow-extend invert-color-white\" target=\"_blank\">mehr erfahren<\/a><\/div><\/div><\/div><\/div><\/div><div class=\"month-separator\" id=\"october2025\"><h2 class=\"month-separator-text\">October 2025<\/h2><hr class=\"month-separator-line\"><div class=\"month-events\">\n            <div class=\"event-item\" data-date=\"05.10. \u2013 11.10.\" data-add-to-calendar-url=\"\" data-title=\"121st New York Section, AUA Annual Meeting\" data-url=\"https:\/\/www.farco.de\/en\/event\/121st-new-york-section-aua-annual-meeting\/\" data-website-url=\"nyaua.com\/event\/121st-new-york-section-aua-annual-meeting\" data-venue-city=\"Paris, FR\" data-full-address=\"\">\n                <div class=\"event-date\">05.10. \u2013 11.10.<\/div>\n                <div class=\"event-add-to-calendar\"><a href=\" \"target=\"_blank\">Add to<\/a><\/div>\n                <div class=\"event-title\"><a href=\"https:\/\/www.farco.de\/en\/event\/121st-new-york-section-aua-annual-meeting\/\" target=\"_blank\">121st New York Section, AUA Annual Meeting<\/a><\/div>\n                <div class=\"event-venue-wrapper\">\n                    <div class=\"event-venue\">Paris, FR<\/div><div class=\"event-website\"><a href=\"https:\/\/nyaua.com\/event\/121st-new-york-section-aua-annual-meeting\" class=\"animation-arrow-extend invert-color-white\" target=\"_blank\">mehr erfahren<\/a><\/div><\/div><\/div>\n            <div class=\"event-item\" data-date=\"08.10. \u2013 09.10.\" data-add-to-calendar-url=\"\" data-title=\"UROWorxx Basisseminar Irsee\" data-url=\"https:\/\/www.farco.de\/en\/event\/uroworxx-basisseminar-irsee-2\/\" data-website-url=\"www.gesru.de\/fuer-assistenzaerztinnen\/fortbildung\/uroworxx-assistentenseminar-irsee\" data-venue-city=\"Irsee\" data-full-address=\"\">\n                <div class=\"event-date\">08.10. \u2013 09.10.<\/div>\n                <div class=\"event-add-to-calendar\"><a href=\" \"target=\"_blank\">Add to<\/a><\/div>\n                <div class=\"event-title\"><a href=\"https:\/\/www.farco.de\/en\/event\/uroworxx-basisseminar-irsee-2\/\" target=\"_blank\">UROWorxx Basisseminar Irsee<\/a><\/div>\n                <div class=\"event-venue-wrapper\">\n                    <div class=\"event-venue\">Irsee<\/div><div class=\"event-website\"><a href=\"https:\/\/www.gesru.de\/fuer-assistenzaerztinnen\/fortbildung\/uroworxx-assistentenseminar-irsee\" class=\"animation-arrow-extend invert-color-white\" target=\"_blank\">mehr erfahren<\/a><\/div><\/div><\/div>\n            <div class=\"event-item\" data-date=\"08.10. \u2013 11.10.\" data-add-to-calendar-url=\"\" data-title=\"CAU \u2013 Confederacion Americana de Urologia\" data-url=\"https:\/\/www.farco.de\/en\/event\/cau-confederacion-americana-de-urologia-2\/\" data-website-url=\"caunet.org\" data-venue-city=\"Panama\" data-full-address=\"\">\n                <div class=\"event-date\">08.10. \u2013 11.10.<\/div>\n                <div class=\"event-add-to-calendar\"><a href=\" \"target=\"_blank\">Add to<\/a><\/div>\n                <div class=\"event-title\"><a href=\"https:\/\/www.farco.de\/en\/event\/cau-confederacion-americana-de-urologia-2\/\" target=\"_blank\">CAU \u2013 Confederacion Americana de Urologia<\/a><\/div>\n                <div class=\"event-venue-wrapper\">\n                    <div class=\"event-venue\">Panama<\/div><div class=\"event-website\"><a href=\"https:\/\/caunet.org\" class=\"animation-arrow-extend invert-color-white\" target=\"_blank\">mehr erfahren<\/a><\/div><\/div><\/div>\n            <div class=\"event-item\" data-date=\"09.10. \u2013 12.10.\" data-add-to-calendar-url=\"\" data-title=\"UROWorxx Assistentenseminar Irsee\" data-url=\"https:\/\/www.farco.de\/en\/event\/uroworxx-assistentenseminar-irsee-4\/\" data-website-url=\"www.gesru.de\/fuer-assistenzaerztinnen\/fortbildung\/uroworxx-assistentenseminar-irsee\" data-venue-city=\"Irsee\" data-full-address=\"\">\n                <div class=\"event-date\">09.10. \u2013 12.10.<\/div>\n                <div class=\"event-add-to-calendar\"><a href=\" \"target=\"_blank\">Add to<\/a><\/div>\n                <div class=\"event-title\"><a href=\"https:\/\/www.farco.de\/en\/event\/uroworxx-assistentenseminar-irsee-4\/\" target=\"_blank\">UROWorxx Assistentenseminar Irsee<\/a><\/div>\n                <div class=\"event-venue-wrapper\">\n                    <div class=\"event-venue\">Irsee<\/div><div class=\"event-website\"><a href=\"https:\/\/www.gesru.de\/fuer-assistenzaerztinnen\/fortbildung\/uroworxx-assistentenseminar-irsee\" class=\"animation-arrow-extend invert-color-white\" target=\"_blank\">mehr erfahren<\/a><\/div><\/div><\/div>\n            <div class=\"event-item\" data-date=\"22.10.\" data-add-to-calendar-url=\"\" data-title=\"142. Dresdner Urologentreffen\" data-url=\"https:\/\/www.farco.de\/en\/event\/142-dresdner-urologentreffen\/\" data-website-url=\"www.uniklinikum-dresden.de\/de\/das-klinikum\/kliniken-polikliniken-institute\/uro\/lehre-und-fortbildung\/dresdner-urologentreffen\/142-dresdner-urologentreffen\" data-venue-city=\"Dresden\" data-full-address=\"\">\n                <div class=\"event-date\">22.10.<\/div>\n                <div class=\"event-add-to-calendar\"><a href=\" \"target=\"_blank\">Add to<\/a><\/div>\n                <div class=\"event-title\"><a href=\"https:\/\/www.farco.de\/en\/event\/142-dresdner-urologentreffen\/\" target=\"_blank\">142. Dresdner Urologentreffen<\/a><\/div>\n                <div class=\"event-venue-wrapper\">\n                    <div class=\"event-venue\">Dresden<\/div><div class=\"event-website\"><a href=\"https:\/\/www.uniklinikum-dresden.de\/de\/das-klinikum\/kliniken-polikliniken-institute\/uro\/lehre-und-fortbildung\/dresdner-urologentreffen\/142-dresdner-urologentreffen\" class=\"animation-arrow-extend invert-color-white\" target=\"_blank\">mehr erfahren<\/a><\/div><\/div><\/div>\n            <div class=\"event-item\" data-date=\"29.10.\" data-add-to-calendar-url=\"\" data-title=\"Rostocker Urologischer Abend\" data-url=\"https:\/\/www.farco.de\/en\/event\/rostocker-urologischer-abend-2\/\" data-website-url=\"urologie.med.uni-rostock.de\/fileadmin\/Kliniken\/uuk\/Veranstaltungen_2025\/2410_Flyer_Rostocker_Urologische_Abende.pdf\" data-venue-city=\"Rostock\" data-full-address=\"\">\n                <div class=\"event-date\">29.10.<\/div>\n                <div class=\"event-add-to-calendar\"><a href=\" \"target=\"_blank\">Add to<\/a><\/div>\n                <div class=\"event-title\"><a href=\"https:\/\/www.farco.de\/en\/event\/rostocker-urologischer-abend-2\/\" target=\"_blank\">Rostocker Urologischer Abend<\/a><\/div>\n                <div class=\"event-venue-wrapper\">\n                    <div class=\"event-venue\">Rostock<\/div><div class=\"event-website\"><a href=\"https:\/\/urologie.med.uni-rostock.de\/fileadmin\/Kliniken\/uuk\/Veranstaltungen_2025\/2410_Flyer_Rostocker_Urologische_Abende.pdf\" class=\"animation-arrow-extend invert-color-white\" target=\"_blank\">mehr erfahren<\/a><\/div><\/div><\/div><\/div><\/div><div class=\"month-separator\" id=\"november2025\"><h2 class=\"month-separator-text\">November 2025<\/h2><hr class=\"month-separator-line\"><div class=\"month-events\">\n            <div class=\"event-item\" data-date=\"05.11.\" data-add-to-calendar-url=\"\" data-title=\"8. Chemnitzer Kinderurologie Symposium\" data-url=\"https:\/\/www.farco.de\/en\/event\/8-chemnitzer-kinderurologie-symposium\/\" data-website-url=\"www.bethanien-chemnitz.de\/aktuelles\/medizinische-fortbildungen#:~:text=zu%20unserem%20traditionellen%20Kinderurologie%2DSymposium,Referentinnen%20und%20Referenten%20gewinnen%20k\u00f6nnen.\" data-venue-city=\"Chemnitz\" data-full-address=\"\">\n                <div class=\"event-date\">05.11.<\/div>\n                <div class=\"event-add-to-calendar\"><a href=\" \"target=\"_blank\">Add to<\/a><\/div>\n                <div class=\"event-title\"><a href=\"https:\/\/www.farco.de\/en\/event\/8-chemnitzer-kinderurologie-symposium\/\" target=\"_blank\">8. Chemnitzer Kinderurologie Symposium<\/a><\/div>\n                <div class=\"event-venue-wrapper\">\n                    <div class=\"event-venue\">Chemnitz<\/div><div class=\"event-website\"><a href=\"https:\/\/www.bethanien-chemnitz.de\/aktuelles\/medizinische-fortbildungen#:~:text=zu%20unserem%20traditionellen%20Kinderurologie%2DSymposium,Referentinnen%20und%20Referenten%20gewinnen%20k\u00f6nnen.\" class=\"animation-arrow-extend invert-color-white\" target=\"_blank\">mehr erfahren<\/a><\/div><\/div><\/div>\n            <div class=\"event-item\" data-date=\"07.11. \u2013 08.11.\" data-add-to-calendar-url=\"\" data-title=\"4. Urodynamik Kurs\" data-url=\"https:\/\/www.farco.de\/en\/event\/4-urodynamik-kurs\/\" data-website-url=\"urodynamik-hospitation.de\" data-venue-city=\"Berlin\" data-full-address=\"\">\n                <div class=\"event-date\">07.11. \u2013 08.11.<\/div>\n                <div class=\"event-add-to-calendar\"><a href=\" \"target=\"_blank\">Add to<\/a><\/div>\n                <div class=\"event-title\"><a href=\"https:\/\/www.farco.de\/en\/event\/4-urodynamik-kurs\/\" target=\"_blank\">4. Urodynamik Kurs<\/a><\/div>\n                <div class=\"event-venue-wrapper\">\n                    <div class=\"event-venue\">Berlin<\/div><div class=\"event-website\"><a href=\"https:\/\/urodynamik-hospitation.de\" class=\"animation-arrow-extend invert-color-white\" target=\"_blank\">mehr erfahren<\/a><\/div><\/div><\/div>\n            <div class=\"event-item\" data-date=\"13.11. \u2013 15.11.\" data-add-to-calendar-url=\"\" data-title=\"Fortbildungstagung der \u00d6sterreichischen Gesellschaft f\u00fcr Urologie und Andrologie\" data-url=\"https:\/\/www.farco.de\/en\/event\/fortbildungstagung-der-oesterreichischen-gesellschaft-fuer-urologie-und-andrologie\/\" data-website-url=\"www.uro-fbk.at\/oegu-jahrestagung-2024-allgemeines-preise\" data-venue-city=\"Linz\" data-full-address=\"\">\n                <div class=\"event-date\">13.11. \u2013 15.11.<\/div>\n                <div class=\"event-add-to-calendar\"><a href=\" \"target=\"_blank\">Add to<\/a><\/div>\n                <div class=\"event-title\"><a href=\"https:\/\/www.farco.de\/en\/event\/fortbildungstagung-der-oesterreichischen-gesellschaft-fuer-urologie-und-andrologie\/\" target=\"_blank\">Fortbildungstagung der \u00d6sterreichischen Gesellschaft f\u00fcr Urologie und Andrologie<\/a><\/div>\n                <div class=\"event-venue-wrapper\">\n                    <div class=\"event-venue\">Linz<\/div><div class=\"event-website\"><a href=\"https:\/\/www.uro-fbk.at\/oegu-jahrestagung-2024-allgemeines-preise\" class=\"animation-arrow-extend invert-color-white\" target=\"_blank\">mehr erfahren<\/a><\/div><\/div><\/div>\n            <div class=\"event-item\" data-date=\"13.11. \u2013 16.11.\" data-add-to-calendar-url=\"\" data-title=\"22nd AAU Congress\" data-url=\"https:\/\/www.farco.de\/en\/event\/22nd-aau-congress\/\" data-website-url=\"www.aaucongress2025.com\" data-venue-city=\"Oman\" data-full-address=\"\">\n                <div class=\"event-date\">13.11. \u2013 16.11.<\/div>\n                <div class=\"event-add-to-calendar\"><a href=\" \"target=\"_blank\">Add to<\/a><\/div>\n                <div class=\"event-title\"><a href=\"https:\/\/www.farco.de\/en\/event\/22nd-aau-congress\/\" target=\"_blank\">22nd AAU Congress<\/a><\/div>\n                <div class=\"event-venue-wrapper\">\n                    <div class=\"event-venue\">Oman<\/div><div class=\"event-website\"><a href=\"https:\/\/www.aaucongress2025.com\" class=\"animation-arrow-extend invert-color-white\" target=\"_blank\">mehr erfahren<\/a><\/div><\/div><\/div>\n            <div class=\"event-item\" data-date=\"13.11.\" data-add-to-calendar-url=\"\" data-title=\"DRUS \u2013 15. Symposium der Deutschen Gesellschaft f\u00fcr Roboter-assistierte Urologie e.V.\" data-url=\"https:\/\/www.farco.de\/en\/event\/drus-15-symposium-der-deutschen-gesellschaft-fuer-roboter-assistierte-urologie-e-v\/\" data-website-url=\"drus2025.dgru.de\" data-venue-city=\"Hamburg\" data-full-address=\"\">\n                <div class=\"event-date\">13.11.<\/div>\n                <div class=\"event-add-to-calendar\"><a href=\" \"target=\"_blank\">Add to<\/a><\/div>\n                <div class=\"event-title\"><a href=\"https:\/\/www.farco.de\/en\/event\/drus-15-symposium-der-deutschen-gesellschaft-fuer-roboter-assistierte-urologie-e-v\/\" target=\"_blank\">DRUS \u2013 15. Symposium der Deutschen Gesellschaft f\u00fcr Roboter-assistierte Urologie e.V.<\/a><\/div>\n                <div class=\"event-venue-wrapper\">\n                    <div class=\"event-venue\">Hamburg<\/div><div class=\"event-website\"><a href=\"https:\/\/drus2025.dgru.de\" class=\"animation-arrow-extend invert-color-white\" target=\"_blank\">mehr erfahren<\/a><\/div><\/div><\/div>\n            <div class=\"event-item\" data-date=\"14.11. \u2013 15.11.\" data-add-to-calendar-url=\"\" data-title=\"DKG \u2013 36. Kongress der Deutschen Kontinenz Gesellschaft\" data-url=\"https:\/\/www.farco.de\/en\/event\/dkg-36-kongress-der-deutschen-kontinenz-gesellschaft\/\" data-website-url=\"www.kontinenzkongress.de\/de\/Startseite\/\" data-venue-city=\"Bielefeld\" data-full-address=\"\">\n                <div class=\"event-date\">14.11. \u2013 15.11.<\/div>\n                <div class=\"event-add-to-calendar\"><a href=\" \"target=\"_blank\">Add to<\/a><\/div>\n                <div class=\"event-title\"><a href=\"https:\/\/www.farco.de\/en\/event\/dkg-36-kongress-der-deutschen-kontinenz-gesellschaft\/\" target=\"_blank\">DKG \u2013 36. Kongress der Deutschen Kontinenz Gesellschaft<\/a><\/div>\n                <div class=\"event-venue-wrapper\">\n                    <div class=\"event-venue\">Bielefeld<\/div><div class=\"event-website\"><a href=\"https:\/\/www.kontinenzkongress.de\/de\/Startseite\/\" class=\"animation-arrow-extend invert-color-white\" target=\"_blank\">mehr erfahren<\/a><\/div><\/div><\/div>\n            <div class=\"event-item\" data-date=\"14.11. \u2013 15.11.\" data-add-to-calendar-url=\"\" data-title=\"99. Seminar des Arbeitskreises Urologische Funktionsdiagnostik und Urologie der Frau\" data-url=\"https:\/\/www.farco.de\/en\/event\/99-seminar-des-arbeitskreises-urologische-funktionsdiagnostik-und-urologie-der-frau\/\" data-website-url=\"www.kontinenzkongress.de\/de\/Startseite\/\" data-venue-city=\"Bielefeld\" data-full-address=\"\">\n                <div class=\"event-date\">14.11. \u2013 15.11.<\/div>\n                <div class=\"event-add-to-calendar\"><a href=\" \"target=\"_blank\">Add to<\/a><\/div>\n                <div class=\"event-title\"><a href=\"https:\/\/www.farco.de\/en\/event\/99-seminar-des-arbeitskreises-urologische-funktionsdiagnostik-und-urologie-der-frau\/\" target=\"_blank\">99. Seminar des Arbeitskreises Urologische Funktionsdiagnostik und Urologie der Frau<\/a><\/div>\n                <div class=\"event-venue-wrapper\">\n                    <div class=\"event-venue\">Bielefeld<\/div><div class=\"event-website\"><a href=\"https:\/\/www.kontinenzkongress.de\/de\/Startseite\/\" class=\"animation-arrow-extend invert-color-white\" target=\"_blank\">mehr erfahren<\/a><\/div><\/div><\/div>\n            <div class=\"event-item\" data-date=\"14.11. \u2013 15.11.\" data-add-to-calendar-url=\"\" data-title=\"29. Seminar des Arbeitskreises Benignes Prostatasyndrom\" data-url=\"https:\/\/www.farco.de\/en\/event\/29-seminar-des-arbeitskreises-benignes-prostatasyndrom\/\" data-website-url=\"www.kontinenzkongress.de\/de\/Startseite\/\" data-venue-city=\"Bielefeld\" data-full-address=\"\">\n                <div class=\"event-date\">14.11. \u2013 15.11.<\/div>\n                <div class=\"event-add-to-calendar\"><a href=\" \"target=\"_blank\">Add to<\/a><\/div>\n                <div class=\"event-title\"><a href=\"https:\/\/www.farco.de\/en\/event\/29-seminar-des-arbeitskreises-benignes-prostatasyndrom\/\" target=\"_blank\">29. Seminar des Arbeitskreises Benignes Prostatasyndrom<\/a><\/div>\n                <div class=\"event-venue-wrapper\">\n                    <div class=\"event-venue\">Bielefeld<\/div><div class=\"event-website\"><a href=\"https:\/\/www.kontinenzkongress.de\/de\/Startseite\/\" class=\"animation-arrow-extend invert-color-white\" target=\"_blank\">mehr erfahren<\/a><\/div><\/div><\/div>\n            <div class=\"event-item\" data-date=\"18.11. \u2013 19.11.\" data-add-to-calendar-url=\"\" data-title=\"WS Bipolar Techniques\" data-url=\"https:\/\/www.farco.de\/en\/event\/ws-bipolar-techniques\/\" data-website-url=\"\" data-venue-city=\"Salzburg\" data-full-address=\"\">\n                <div class=\"event-date\">18.11. \u2013 19.11.<\/div>\n                <div class=\"event-add-to-calendar\"><a href=\" \"target=\"_blank\">Add to<\/a><\/div>\n                <div class=\"event-title\"><a href=\"https:\/\/www.farco.de\/en\/event\/ws-bipolar-techniques\/\" target=\"_blank\">WS Bipolar Techniques<\/a><\/div>\n                <div class=\"event-venue-wrapper\">\n                    <div class=\"event-venue\">Salzburg<\/div><div class=\"event-website-placeholder\"><\/div><\/div><\/div>\n            <div class=\"event-item\" data-date=\"20.11.\" data-add-to-calendar-url=\"\" data-title=\"Urokids (Teil 2)\" data-url=\"https:\/\/www.farco.de\/en\/event\/urokids-teil-2\/\" data-website-url=\"www.urokids.de\" data-venue-city=\"Online\" data-full-address=\"\">\n                <div class=\"event-date\">20.11.<\/div>\n                <div class=\"event-add-to-calendar\"><a href=\" \"target=\"_blank\">Add to<\/a><\/div>\n                <div class=\"event-title\"><a href=\"https:\/\/www.farco.de\/en\/event\/urokids-teil-2\/\" target=\"_blank\">Urokids (Teil 2)<\/a><\/div>\n                <div class=\"event-venue-wrapper\">\n                    <div class=\"event-venue\">Online<\/div><div class=\"event-website\"><a href=\"https:\/\/www.urokids.de\" class=\"animation-arrow-extend invert-color-white\" target=\"_blank\">mehr erfahren<\/a><\/div><\/div><\/div>\n            <div class=\"event-item\" data-date=\"20.11. \u2013 22.11.\" data-add-to-calendar-url=\"\" data-title=\"16. Symposium Urologische Forschung der Deutschen Gesellschaft f\u00fcr Urologie\" data-url=\"https:\/\/www.farco.de\/en\/event\/16-symposium-urologische-forschung-der-deutschen-gesellschaft-fuer-urologie\/\" data-website-url=\"www.urologenportal.de\/auf-symposium.html\" data-venue-city=\"Innsbruck, AT\" data-full-address=\"\">\n                <div class=\"event-date\">20.11. \u2013 22.11.<\/div>\n                <div class=\"event-add-to-calendar\"><a href=\" \"target=\"_blank\">Add to<\/a><\/div>\n                <div class=\"event-title\"><a href=\"https:\/\/www.farco.de\/en\/event\/16-symposium-urologische-forschung-der-deutschen-gesellschaft-fuer-urologie\/\" target=\"_blank\">16. Symposium Urologische Forschung der Deutschen Gesellschaft f\u00fcr Urologie<\/a><\/div>\n                <div class=\"event-venue-wrapper\">\n                    <div class=\"event-venue\">Innsbruck, AT<\/div><div class=\"event-website\"><a href=\"https:\/\/www.urologenportal.de\/auf-symposium.html\" class=\"animation-arrow-extend invert-color-white\" target=\"_blank\">mehr erfahren<\/a><\/div><\/div><\/div>\n            <div class=\"event-item\" data-date=\"21.11. \u2013 22.11.\" data-add-to-calendar-url=\"\" data-title=\"Herbsttagung der Brandenburger Urologen\" data-url=\"https:\/\/www.farco.de\/en\/event\/herbsttagung-der-brandenburger-urologen\/\" data-website-url=\"www.fortbildungsportal.org\/herbsttagung-der-brandenburgischen-gesellschaft-fuer-urologie-e-v-2025\/\" data-venue-city=\"Potsdam\" data-full-address=\"\">\n                <div class=\"event-date\">21.11. \u2013 22.11.<\/div>\n                <div class=\"event-add-to-calendar\"><a href=\" \"target=\"_blank\">Add to<\/a><\/div>\n                <div class=\"event-title\"><a href=\"https:\/\/www.farco.de\/en\/event\/herbsttagung-der-brandenburger-urologen\/\" target=\"_blank\">Herbsttagung der Brandenburger Urologen<\/a><\/div>\n                <div class=\"event-venue-wrapper\">\n                    <div class=\"event-venue\">Potsdam<\/div><div class=\"event-website\"><a href=\"https:\/\/www.fortbildungsportal.org\/herbsttagung-der-brandenburgischen-gesellschaft-fuer-urologie-e-v-2025\/\" class=\"animation-arrow-extend invert-color-white\" target=\"_blank\">mehr erfahren<\/a><\/div><\/div><\/div>\n            <div class=\"event-item\" data-date=\"26.11.\" data-add-to-calendar-url=\"\" data-title=\"12. Leipziger Urologischer Abend\" data-url=\"https:\/\/www.farco.de\/en\/event\/12-leipziger-urologischer-abend\/\" data-website-url=\"\" data-venue-city=\"Leipzig\" data-full-address=\"\">\n                <div class=\"event-date\">26.11.<\/div>\n                <div class=\"event-add-to-calendar\"><a href=\" \"target=\"_blank\">Add to<\/a><\/div>\n                <div class=\"event-title\"><a href=\"https:\/\/www.farco.de\/en\/event\/12-leipziger-urologischer-abend\/\" target=\"_blank\">12. Leipziger Urologischer Abend<\/a><\/div>\n                <div class=\"event-venue-wrapper\">\n                    <div class=\"event-venue\">Leipzig<\/div><div class=\"event-website-placeholder\"><\/div><\/div><\/div>\n            <div class=\"event-item\" data-date=\"27.11.\" data-add-to-calendar-url=\"\" data-title=\"UROQ Roundtable Ulm\" data-url=\"https:\/\/www.farco.de\/en\/event\/uroq-roundtable-ulm\/\" data-website-url=\"www.der-querschnitt.de\/uroq-youtube-plattform-zu-neuro-urologischen-aspekten-einer-querschnittlaehmung-53717\" data-venue-city=\"Ulm\" data-full-address=\"\">\n                <div class=\"event-date\">27.11.<\/div>\n                <div class=\"event-add-to-calendar\"><a href=\" \"target=\"_blank\">Add to<\/a><\/div>\n                <div class=\"event-title\"><a href=\"https:\/\/www.farco.de\/en\/event\/uroq-roundtable-ulm\/\" target=\"_blank\">UROQ Roundtable Ulm<\/a><\/div>\n                <div class=\"event-venue-wrapper\">\n                    <div class=\"event-venue\">Ulm<\/div><div class=\"event-website\"><a href=\"https:\/\/www.der-querschnitt.de\/uroq-youtube-plattform-zu-neuro-urologischen-aspekten-einer-querschnittlaehmung-53717\" class=\"animation-arrow-extend invert-color-white\" target=\"_blank\">mehr erfahren<\/a><\/div><\/div><\/div><\/div><\/div><div class=\"month-separator\" id=\"december2025\"><h2 class=\"month-separator-text\">December 2025<\/h2><hr class=\"month-separator-line\"><div class=\"month-events\">\n            <div class=\"event-item\" data-date=\"03.12. \u2013 07.12.\" data-add-to-calendar-url=\"\" data-title=\"Urologie compact\" data-url=\"https:\/\/www.farco.de\/en\/event\/urologie-compact-3\/\" data-website-url=\"uro-compact.de\" data-venue-city=\"Kirchheimbolanden\" data-full-address=\"\">\n                <div class=\"event-date\">03.12. \u2013 07.12.<\/div>\n                <div class=\"event-add-to-calendar\"><a href=\" \"target=\"_blank\">Add to<\/a><\/div>\n                <div class=\"event-title\"><a href=\"https:\/\/www.farco.de\/en\/event\/urologie-compact-3\/\" target=\"_blank\">Urologie compact<\/a><\/div>\n                <div class=\"event-venue-wrapper\">\n                    <div class=\"event-venue\">Kirchheimbolanden<\/div><div class=\"event-website\"><a href=\"https:\/\/uro-compact.de\" class=\"animation-arrow-extend invert-color-white\" target=\"_blank\">mehr erfahren<\/a><\/div><\/div><\/div>\n            <div class=\"event-item\" data-date=\"03.12.\" data-add-to-calendar-url=\"\" data-title=\"143. Dresdner Urologentreffen\" data-url=\"https:\/\/www.farco.de\/en\/event\/143-dresdner-urologentreffen\/\" data-website-url=\"www.uniklinikum-dresden.de\/de\/das-klinikum\/kliniken-polikliniken-institute\/uro\/lehre-und-fortbildung\/dresdner-urologentreffen\/143-dresdner-urologentreffen\" data-venue-city=\"Dresden\" data-full-address=\"\">\n                <div class=\"event-date\">03.12.<\/div>\n                <div class=\"event-add-to-calendar\"><a href=\" \"target=\"_blank\">Add to<\/a><\/div>\n                <div class=\"event-title\"><a href=\"https:\/\/www.farco.de\/en\/event\/143-dresdner-urologentreffen\/\" target=\"_blank\">143. Dresdner Urologentreffen<\/a><\/div>\n                <div class=\"event-venue-wrapper\">\n                    <div class=\"event-venue\">Dresden<\/div><div class=\"event-website\"><a href=\"https:\/\/www.uniklinikum-dresden.de\/de\/das-klinikum\/kliniken-polikliniken-institute\/uro\/lehre-und-fortbildung\/dresdner-urologentreffen\/143-dresdner-urologentreffen\" class=\"animation-arrow-extend invert-color-white\" target=\"_blank\">mehr erfahren<\/a><\/div><\/div><\/div><\/div><\/div><div class=\"month-separator\" id=\"january2026\"><h2 class=\"month-separator-text\">January 2026<\/h2><hr class=\"month-separator-line\"><div class=\"month-events\">\n            <div class=\"event-item\" data-date=\"16.01. \u2013 17.01.\" data-add-to-calendar-url=\"\" data-title=\"9. Jahrestagung 2026 Kinderurologie (JAKU)\" data-url=\"https:\/\/www.farco.de\/en\/event\/9-jahrestagung-2026-kinderurologie-jaku\/\" data-website-url=\"www.urologenportal.de\/jaku.html\" data-venue-city=\"Mainz\" data-full-address=\"\">\n                <div class=\"event-date\">16.01. \u2013 17.01.<\/div>\n                <div class=\"event-add-to-calendar\"><a href=\" \"target=\"_blank\">Add to<\/a><\/div>\n                <div class=\"event-title\"><a href=\"https:\/\/www.farco.de\/en\/event\/9-jahrestagung-2026-kinderurologie-jaku\/\" target=\"_blank\">9. Jahrestagung 2026 Kinderurologie (JAKU)<\/a><\/div>\n                <div class=\"event-venue-wrapper\">\n                    <div class=\"event-venue\">Mainz<\/div><div class=\"event-website\"><a href=\"https:\/\/www.urologenportal.de\/jaku.html\" class=\"animation-arrow-extend invert-color-white\" target=\"_blank\">mehr erfahren<\/a><\/div><\/div><\/div>\n            <div class=\"event-item\" data-date=\"23.01. \u2013 24.01.\" data-add-to-calendar-url=\"\" data-title=\"17. Rheinisches Gespr\u00e4ch\" data-url=\"https:\/\/www.farco.de\/en\/event\/17-rheinisches-gespraech\/\" data-website-url=\"\" data-venue-city=\"D\u00fcsseldorf\" data-full-address=\"\">\n                <div class=\"event-date\">23.01. \u2013 24.01.<\/div>\n                <div class=\"event-add-to-calendar\"><a href=\" \"target=\"_blank\">Add to<\/a><\/div>\n                <div class=\"event-title\"><a href=\"https:\/\/www.farco.de\/en\/event\/17-rheinisches-gespraech\/\" target=\"_blank\">17. Rheinisches Gespr\u00e4ch<\/a><\/div>\n                <div class=\"event-venue-wrapper\">\n                    <div class=\"event-venue\">D\u00fcsseldorf<\/div><div class=\"event-website-placeholder\"><\/div><\/div><\/div>\n            <div class=\"event-item\" data-date=\"27.01. \u2013 30.01.\" data-add-to-calendar-url=\"\" data-title=\"35. Urologischer Winterworkshop Leogang\" data-url=\"https:\/\/www.farco.de\/en\/event\/35-urologischer-winterworkshop-leogang\/\" data-website-url=\"www.winterworkshop.de\" data-venue-city=\"Leogang, AT\" data-full-address=\"\">\n                <div class=\"event-date\">27.01. \u2013 30.01.<\/div>\n                <div class=\"event-add-to-calendar\"><a href=\" \"target=\"_blank\">Add to<\/a><\/div>\n                <div class=\"event-title\"><a href=\"https:\/\/www.farco.de\/en\/event\/35-urologischer-winterworkshop-leogang\/\" target=\"_blank\">35. Urologischer Winterworkshop Leogang<\/a><\/div>\n                <div class=\"event-venue-wrapper\">\n                    <div class=\"event-venue\">Leogang, AT<\/div><div class=\"event-website\"><a href=\"https:\/\/www.winterworkshop.de\" class=\"animation-arrow-extend invert-color-white\" target=\"_blank\">mehr erfahren<\/a><\/div><\/div><\/div>\n            <div class=\"event-item\" data-date=\"29.01. \u2013 31.01.\" data-add-to-calendar-url=\"\" data-title=\"18. Urologisches Wintersymposium\" data-url=\"https:\/\/www.farco.de\/en\/event\/18-urologisches-wintersymposium\/\" data-website-url=\"urologisches-wintersymposium.org\" data-venue-city=\"Chemnitz\" data-full-address=\"\">\n                <div class=\"event-date\">29.01. \u2013 31.01.<\/div>\n                <div class=\"event-add-to-calendar\"><a href=\" \"target=\"_blank\">Add to<\/a><\/div>\n                <div class=\"event-title\"><a href=\"https:\/\/www.farco.de\/en\/event\/18-urologisches-wintersymposium\/\" target=\"_blank\">18. Urologisches Wintersymposium<\/a><\/div>\n                <div class=\"event-venue-wrapper\">\n                    <div class=\"event-venue\">Chemnitz<\/div><div class=\"event-website\"><a href=\"https:\/\/urologisches-wintersymposium.org\" class=\"animation-arrow-extend invert-color-white\" target=\"_blank\">mehr erfahren<\/a><\/div><\/div><\/div><\/div><\/div><div class=\"month-separator\" id=\"february2026\"><h2 class=\"month-separator-text\">February 2026<\/h2><hr class=\"month-separator-line\"><div class=\"month-events\">\n            <div class=\"event-item\" data-date=\"01.02. \u2013 06.02.\" data-add-to-calendar-url=\"\" data-title=\"Urologisches Winterforum Grosshadern\" data-url=\"https:\/\/www.farco.de\/en\/event\/urologisches-winterforum-grosshadern-3\/\" data-website-url=\"winterforum.de\" data-venue-city=\"M\u00fcnchen\" data-full-address=\"\">\n                <div class=\"event-date\">01.02. \u2013 06.02.<\/div>\n                <div class=\"event-add-to-calendar\"><a href=\" \"target=\"_blank\">Add to<\/a><\/div>\n                <div class=\"event-title\"><a href=\"https:\/\/www.farco.de\/en\/event\/urologisches-winterforum-grosshadern-3\/\" target=\"_blank\">Urologisches Winterforum Grosshadern<\/a><\/div>\n                <div class=\"event-venue-wrapper\">\n                    <div class=\"event-venue\">M\u00fcnchen<\/div><div class=\"event-website\"><a href=\"https:\/\/winterforum.de\" class=\"animation-arrow-extend invert-color-white\" target=\"_blank\">mehr erfahren<\/a><\/div><\/div><\/div>\n            <div class=\"event-item\" data-date=\"23.02.\" data-add-to-calendar-url=\"\" data-title=\"Interdisziplin\u00e4re Uro-Onkologie: Hot Topics 2026\" data-url=\"https:\/\/www.farco.de\/en\/event\/interdisziplinaere-uro-onkologie-hot-topics-2026\/\" data-website-url=\"www.ordensklinikum.at\/de\/veranstaltungen\/interdisziplinaere-uro-onkologie-hot-topics-2026-2250\/\" data-venue-city=\"Linz\" data-full-address=\"\">\n                <div class=\"event-date\">23.02.<\/div>\n                <div class=\"event-add-to-calendar\"><a href=\" \"target=\"_blank\">Add to<\/a><\/div>\n                <div class=\"event-title\"><a href=\"https:\/\/www.farco.de\/en\/event\/interdisziplinaere-uro-onkologie-hot-topics-2026\/\" target=\"_blank\">Interdisziplin\u00e4re Uro-Onkologie: Hot Topics 2026<\/a><\/div>\n                <div class=\"event-venue-wrapper\">\n                    <div class=\"event-venue\">Linz<\/div><div class=\"event-website\"><a href=\"https:\/\/www.ordensklinikum.at\/de\/veranstaltungen\/interdisziplinaere-uro-onkologie-hot-topics-2026-2250\/\" class=\"animation-arrow-extend invert-color-white\" target=\"_blank\">mehr erfahren<\/a><\/div><\/div><\/div>\n            <div class=\"event-item\" data-date=\"26.02. \u2013 27.02.\" data-add-to-calendar-url=\"\" data-title=\"Masterclass on Metabolics in Stone disease\" data-url=\"https:\/\/www.farco.de\/en\/event\/masterclass-on-metabolics-in-stone-disease\/\" data-website-url=\"uroweb.org\/education-events\/masterclass-on-metabolics-in-stone-disease\" data-venue-city=\"Paris, FR\" data-full-address=\"\">\n                <div class=\"event-date\">26.02. \u2013 27.02.<\/div>\n                <div class=\"event-add-to-calendar\"><a href=\" \"target=\"_blank\">Add to<\/a><\/div>\n                <div class=\"event-title\"><a href=\"https:\/\/www.farco.de\/en\/event\/masterclass-on-metabolics-in-stone-disease\/\" target=\"_blank\">Masterclass on Metabolics in Stone disease<\/a><\/div>\n                <div class=\"event-venue-wrapper\">\n                    <div class=\"event-venue\">Paris, FR<\/div><div class=\"event-website\"><a href=\"https:\/\/uroweb.org\/education-events\/masterclass-on-metabolics-in-stone-disease\" class=\"animation-arrow-extend invert-color-white\" target=\"_blank\">mehr erfahren<\/a><\/div><\/div><\/div><\/div><\/div><div class=\"month-separator\" id=\"march2026\"><h2 class=\"month-separator-text\">March 2026<\/h2><hr class=\"month-separator-line\"><div class=\"month-events\">\n            <div class=\"event-item\" data-date=\"04.03. \u2013 08.03.\" data-add-to-calendar-url=\"\" data-title=\"urologie.compact \u2013 Refresher II\" data-url=\"https:\/\/www.farco.de\/en\/event\/urologie-compact-refresher-ii\/\" data-website-url=\"uro-compact.de\/urologie-compact-refresher\/\" data-venue-city=\"Kirchheimbolanden\" data-full-address=\"\">\n                <div class=\"event-date\">04.03. \u2013 08.03.<\/div>\n                <div class=\"event-add-to-calendar\"><a href=\" \"target=\"_blank\">Add to<\/a><\/div>\n                <div class=\"event-title\"><a href=\"https:\/\/www.farco.de\/en\/event\/urologie-compact-refresher-ii\/\" target=\"_blank\">urologie.compact \u2013 Refresher II<\/a><\/div>\n                <div class=\"event-venue-wrapper\">\n                    <div class=\"event-venue\">Kirchheimbolanden<\/div><div class=\"event-website\"><a href=\"https:\/\/uro-compact.de\/urologie-compact-refresher\/\" class=\"animation-arrow-extend invert-color-white\" target=\"_blank\">mehr erfahren<\/a><\/div><\/div><\/div>\n            <div class=\"event-item\" data-date=\"04.03.\" data-add-to-calendar-url=\"\" data-title=\"144. Dresdner Urologentreffen\" data-url=\"https:\/\/www.farco.de\/en\/event\/144-dresdner-urologentreffen\/\" data-website-url=\"www.uniklinikum-dresden.de\/de\/das-klinikum\/kliniken-polikliniken-institute\/uro\/lehre-und-fortbildung\/dresdner-urologentreffen\/144-dresdner-urologentreffen\" data-venue-city=\"Dresden\" data-full-address=\"\">\n                <div class=\"event-date\">04.03.<\/div>\n                <div class=\"event-add-to-calendar\"><a href=\" \"target=\"_blank\">Add to<\/a><\/div>\n                <div class=\"event-title\"><a href=\"https:\/\/www.farco.de\/en\/event\/144-dresdner-urologentreffen\/\" target=\"_blank\">144. Dresdner Urologentreffen<\/a><\/div>\n                <div class=\"event-venue-wrapper\">\n                    <div class=\"event-venue\">Dresden<\/div><div class=\"event-website\"><a href=\"https:\/\/www.uniklinikum-dresden.de\/de\/das-klinikum\/kliniken-polikliniken-institute\/uro\/lehre-und-fortbildung\/dresdner-urologentreffen\/144-dresdner-urologentreffen\" class=\"animation-arrow-extend invert-color-white\" target=\"_blank\">mehr erfahren<\/a><\/div><\/div><\/div>\n            <div class=\"event-item\" data-date=\"05.03. \u2013 07.03.\" data-add-to-calendar-url=\"\" data-title=\"Forum Urodynamicum\" data-url=\"https:\/\/www.farco.de\/en\/event\/forum-urodynamicum-3\/\" data-website-url=\"www.forum-urodynamicum.de\/jahrestagung\/2026\" data-venue-city=\"Halle\" data-full-address=\"\">\n                <div class=\"event-date\">05.03. \u2013 07.03.<\/div>\n                <div class=\"event-add-to-calendar\"><a href=\" \"target=\"_blank\">Add to<\/a><\/div>\n                <div class=\"event-title\"><a href=\"https:\/\/www.farco.de\/en\/event\/forum-urodynamicum-3\/\" target=\"_blank\">Forum Urodynamicum<\/a><\/div>\n                <div class=\"event-venue-wrapper\">\n                    <div class=\"event-venue\">Halle<\/div><div class=\"event-website\"><a href=\"https:\/\/www.forum-urodynamicum.de\/jahrestagung\/2026\" class=\"animation-arrow-extend invert-color-white\" target=\"_blank\">mehr erfahren<\/a><\/div><\/div><\/div>\n            <div class=\"event-item\" data-date=\"11.03.\" data-add-to-calendar-url=\"\" data-title=\"22. Klinischer Abend der Klinik f\u00fcr Urologie\" data-url=\"https:\/\/www.farco.de\/en\/event\/22-klinischer-abend-der-klinik-fuer-urologie\/\" data-website-url=\"www.bethanien-chemnitz.de\/aktuelles\/medizinische-fortbildungen\" data-venue-city=\"Chemnitz\" data-full-address=\"\">\n                <div class=\"event-date\">11.03.<\/div>\n                <div class=\"event-add-to-calendar\"><a href=\" \"target=\"_blank\">Add to<\/a><\/div>\n                <div class=\"event-title\"><a href=\"https:\/\/www.farco.de\/en\/event\/22-klinischer-abend-der-klinik-fuer-urologie\/\" target=\"_blank\">22. Klinischer Abend der Klinik f\u00fcr Urologie<\/a><\/div>\n                <div class=\"event-venue-wrapper\">\n                    <div class=\"event-venue\">Chemnitz<\/div><div class=\"event-website\"><a href=\"https:\/\/www.bethanien-chemnitz.de\/aktuelles\/medizinische-fortbildungen\" class=\"animation-arrow-extend invert-color-white\" target=\"_blank\">mehr erfahren<\/a><\/div><\/div><\/div>\n            <div class=\"event-item\" data-date=\"12.03.\" data-add-to-calendar-url=\"\" data-title=\"12. Urokids-Webinar \u201eVUR-wissenswert-praxisrelevant!\u201c\" data-url=\"https:\/\/www.farco.de\/en\/event\/12-urokids-webinar-vur-wissenswert-praxisrelevant\/\" data-website-url=\"www.urokids.de\" data-venue-city=\"Online\" data-full-address=\"\">\n                <div class=\"event-date\">12.03.<\/div>\n                <div class=\"event-add-to-calendar\"><a href=\" \"target=\"_blank\">Add to<\/a><\/div>\n                <div class=\"event-title\"><a href=\"https:\/\/www.farco.de\/en\/event\/12-urokids-webinar-vur-wissenswert-praxisrelevant\/\" target=\"_blank\">12. Urokids-Webinar \u201eVUR-wissenswert-praxisrelevant!\u201c<\/a><\/div>\n                <div class=\"event-venue-wrapper\">\n                    <div class=\"event-venue\">Online<\/div><div class=\"event-website\"><a href=\"https:\/\/www.urokids.de\" class=\"animation-arrow-extend invert-color-white\" target=\"_blank\">mehr erfahren<\/a><\/div><\/div><\/div>\n            <div class=\"event-item\" data-date=\"13.03. \u2013 16.03.\" data-add-to-calendar-url=\"\" data-title=\"41st Annual EAU Congress (EAU26)\" data-url=\"https:\/\/www.farco.de\/en\/event\/41st-annual-eau-congress-eau26\/\" data-website-url=\"eaucongress.uroweb.org\" data-venue-city=\"London, UK\" data-full-address=\"\">\n                <div class=\"event-date\">13.03. \u2013 16.03.<\/div>\n                <div class=\"event-add-to-calendar\"><a href=\" \"target=\"_blank\">Add to<\/a><\/div>\n                <div class=\"event-title\"><a href=\"https:\/\/www.farco.de\/en\/event\/41st-annual-eau-congress-eau26\/\" target=\"_blank\">41st Annual EAU Congress (EAU26)<\/a><\/div>\n                <div class=\"event-venue-wrapper\">\n                    <div class=\"event-venue\">London, UK<\/div><div class=\"event-website\"><a href=\"https:\/\/eaucongress.uroweb.org\" class=\"animation-arrow-extend invert-color-white\" target=\"_blank\">mehr erfahren<\/a><\/div><\/div><\/div>\n            <div class=\"event-item\" data-date=\"18.03.\" data-add-to-calendar-url=\"\" data-title=\"Mannheimer Metropolgespr\u00e4ch\" data-url=\"https:\/\/www.farco.de\/en\/event\/mannheimer-metropolgespraech\/\" data-website-url=\"\" data-venue-city=\"Mannheim\" data-full-address=\"\">\n                <div class=\"event-date\">18.03.<\/div>\n                <div class=\"event-add-to-calendar\"><a href=\" \"target=\"_blank\">Add to<\/a><\/div>\n                <div class=\"event-title\"><a href=\"https:\/\/www.farco.de\/en\/event\/mannheimer-metropolgespraech\/\" target=\"_blank\">Mannheimer Metropolgespr\u00e4ch<\/a><\/div>\n                <div class=\"event-venue-wrapper\">\n                    <div class=\"event-venue\">Mannheim<\/div><div class=\"event-website-placeholder\"><\/div><\/div><\/div>\n            <div class=\"event-item\" data-date=\"20.03. \u2013 21.03.\" data-add-to-calendar-url=\"\" data-title=\"18. Deutscher Urogyn\u00e4kologie Kongress\" data-url=\"https:\/\/www.farco.de\/en\/event\/18-deutscher-urogynaekologie-kongress\/\" data-website-url=\"www.coma-ug.de\/deutscher-urogynaekologiekongress\/\" data-venue-city=\"Berlin\" data-full-address=\"\">\n                <div class=\"event-date\">20.03. \u2013 21.03.<\/div>\n                <div class=\"event-add-to-calendar\"><a href=\" \"target=\"_blank\">Add to<\/a><\/div>\n                <div class=\"event-title\"><a href=\"https:\/\/www.farco.de\/en\/event\/18-deutscher-urogynaekologie-kongress\/\" target=\"_blank\">18. Deutscher Urogyn\u00e4kologie Kongress<\/a><\/div>\n                <div class=\"event-venue-wrapper\">\n                    <div class=\"event-venue\">Berlin<\/div><div class=\"event-website\"><a href=\"https:\/\/www.coma-ug.de\/deutscher-urogynaekologiekongress\/\" class=\"animation-arrow-extend invert-color-white\" target=\"_blank\">mehr erfahren<\/a><\/div><\/div><\/div>\n            <div class=\"event-item\" data-date=\"21.03.\" data-add-to-calendar-url=\"\" data-title=\"5. Eifeler Urolog:innen Tag\" data-url=\"https:\/\/www.farco.de\/en\/event\/5-eifeler-urologinnen-tag\/\" data-website-url=\"\" data-venue-city=\"Kall\" data-full-address=\"\">\n                <div class=\"event-date\">21.03.<\/div>\n                <div class=\"event-add-to-calendar\"><a href=\" \"target=\"_blank\">Add to<\/a><\/div>\n                <div class=\"event-title\"><a href=\"https:\/\/www.farco.de\/en\/event\/5-eifeler-urologinnen-tag\/\" target=\"_blank\">5. Eifeler Urolog:innen Tag<\/a><\/div>\n                <div class=\"event-venue-wrapper\">\n                    <div class=\"event-venue\">Kall<\/div><div class=\"event-website-placeholder\"><\/div><\/div><\/div><\/div><\/div><div class=\"month-separator\" id=\"april2026\"><h2 class=\"month-separator-text\">April 2026<\/h2><hr class=\"month-separator-line\"><div class=\"month-events\">\n            <div class=\"event-item\" data-date=\"16.04. \u2013 17.04.\" data-add-to-calendar-url=\"\" data-title=\"NRWGU \u2013 71. Tagung der Nordrhein-Westf\u00e4lischen Gesellschaft f\u00fcr Urologie\" data-url=\"https:\/\/www.farco.de\/en\/event\/nrwgu-71-tagung-der-nordrhein-westfaelischen-gesellschaft-fuer-urologie\/\" data-website-url=\"nrwgu-kongress.de\" data-venue-city=\"Essen\" data-full-address=\"\">\n                <div class=\"event-date\">16.04. \u2013 17.04.<\/div>\n                <div class=\"event-add-to-calendar\"><a href=\" \"target=\"_blank\">Add to<\/a><\/div>\n                <div class=\"event-title\"><a href=\"https:\/\/www.farco.de\/en\/event\/nrwgu-71-tagung-der-nordrhein-westfaelischen-gesellschaft-fuer-urologie\/\" target=\"_blank\">NRWGU \u2013 71. Tagung der Nordrhein-Westf\u00e4lischen Gesellschaft f\u00fcr Urologie<\/a><\/div>\n                <div class=\"event-venue-wrapper\">\n                    <div class=\"event-venue\">Essen<\/div><div class=\"event-website\"><a href=\"https:\/\/nrwgu-kongress.de\" class=\"animation-arrow-extend invert-color-white\" target=\"_blank\">mehr erfahren<\/a><\/div><\/div><\/div>\n            <div class=\"event-item\" data-date=\"23.04. \u2013 25.04.\" data-add-to-calendar-url=\"\" data-title=\"UroAktuell 2026\" data-url=\"https:\/\/www.farco.de\/en\/event\/uroaktuell-2026\/\" data-website-url=\"www.urologenportal.de\/fachbesucher\/akademie-der-deutschen-urologen\/uroaktuell-2026.html\" data-venue-city=\"Berlin\" data-full-address=\"\">\n                <div class=\"event-date\">23.04. \u2013 25.04.<\/div>\n                <div class=\"event-add-to-calendar\"><a href=\" \"target=\"_blank\">Add to<\/a><\/div>\n                <div class=\"event-title\"><a href=\"https:\/\/www.farco.de\/en\/event\/uroaktuell-2026\/\" target=\"_blank\">UroAktuell 2026<\/a><\/div>\n                <div class=\"event-venue-wrapper\">\n                    <div class=\"event-venue\">Berlin<\/div><div class=\"event-website\"><a href=\"https:\/\/www.urologenportal.de\/fachbesucher\/akademie-der-deutschen-urologen\/uroaktuell-2026.html\" class=\"animation-arrow-extend invert-color-white\" target=\"_blank\">mehr erfahren<\/a><\/div><\/div><\/div>\n            <div class=\"event-item\" data-date=\"23.04. \u2013 24.04.\" data-add-to-calendar-url=\"\" data-title=\"Vista Kurs \u201eFortbildungskurs zur retro- und antegraden Steinbehandlung\u201c\" data-url=\"https:\/\/www.farco.de\/en\/event\/vista-kurs-fortbildungskurs-zur-retro-und-antegraden-steinbehandlung\/\" data-website-url=\"\" data-venue-city=\"Wien, AT\" data-full-address=\"\">\n                <div class=\"event-date\">23.04. \u2013 24.04.<\/div>\n                <div class=\"event-add-to-calendar\"><a href=\" \"target=\"_blank\">Add to<\/a><\/div>\n                <div class=\"event-title\"><a href=\"https:\/\/www.farco.de\/en\/event\/vista-kurs-fortbildungskurs-zur-retro-und-antegraden-steinbehandlung\/\" target=\"_blank\">Vista Kurs \u201eFortbildungskurs zur retro- und antegraden Steinbehandlung\u201c<\/a><\/div>\n                <div class=\"event-venue-wrapper\">\n                    <div class=\"event-venue\">Wien, AT<\/div><div class=\"event-website-placeholder\"><\/div><\/div><\/div>\n            <div class=\"event-item\" data-date=\"29.04.\" data-add-to-calendar-url=\"\" data-title=\"145. Dresdner Urologentreffen\" data-url=\"https:\/\/www.farco.de\/en\/event\/145-dresdner-urologentreffen\/\" data-website-url=\"www.uniklinikum-dresden.de\/de\/das-klinikum\/kliniken-polikliniken-institute\/uro\/lehre-und-fortbildung\/dresdner-urologentreffen\" data-venue-city=\"Dresden\" data-full-address=\"\">\n                <div class=\"event-date\">29.04.<\/div>\n                <div class=\"event-add-to-calendar\"><a href=\" \"target=\"_blank\">Add to<\/a><\/div>\n                <div class=\"event-title\"><a href=\"https:\/\/www.farco.de\/en\/event\/145-dresdner-urologentreffen\/\" target=\"_blank\">145. Dresdner Urologentreffen<\/a><\/div>\n                <div class=\"event-venue-wrapper\">\n                    <div class=\"event-venue\">Dresden<\/div><div class=\"event-website\"><a href=\"https:\/\/www.uniklinikum-dresden.de\/de\/das-klinikum\/kliniken-polikliniken-institute\/uro\/lehre-und-fortbildung\/dresdner-urologentreffen\" class=\"animation-arrow-extend invert-color-white\" target=\"_blank\">mehr erfahren<\/a><\/div><\/div><\/div>\n            <div class=\"event-item\" data-date=\"29.04.\" data-add-to-calendar-url=\"\" data-title=\"Rostocker Urologischer Abend\" data-url=\"https:\/\/www.farco.de\/en\/event\/rostocker-urologischer-abend-4\/\" data-website-url=\"www.urologenportal.de\/fachbesucher\/akademie-der-deutschen-urologen\/uroaktuell-2026.html\" data-venue-city=\"Rostock\" data-full-address=\"\">\n                <div class=\"event-date\">29.04.<\/div>\n                <div class=\"event-add-to-calendar\"><a href=\" \"target=\"_blank\">Add to<\/a><\/div>\n                <div class=\"event-title\"><a href=\"https:\/\/www.farco.de\/en\/event\/rostocker-urologischer-abend-4\/\" target=\"_blank\">Rostocker Urologischer Abend<\/a><\/div>\n                <div class=\"event-venue-wrapper\">\n                    <div class=\"event-venue\">Rostock<\/div><div class=\"event-website\"><a href=\"https:\/\/www.urologenportal.de\/fachbesucher\/akademie-der-deutschen-urologen\/uroaktuell-2026.html\" class=\"animation-arrow-extend invert-color-white\" target=\"_blank\">mehr erfahren<\/a><\/div><\/div><\/div><\/div><\/div><div class=\"month-separator\" id=\"may2026\"><h2 class=\"month-separator-text\">May 2026<\/h2><hr class=\"month-separator-line\"><div class=\"month-events\">\n            <div class=\"event-item\" data-date=\"06.05. \u2013 08.05.\" data-add-to-calendar-url=\"\" data-title=\"Urobay \u2013 52. Tagung der Bayerischen Urologenvereinigung und der \u00d6sterr. Ges. f\u00fcr Urologie und Andrologie\" data-url=\"https:\/\/www.farco.de\/en\/event\/urobay-52-tagung-der-bayerischen-urologenvereinigung-und-der-oesterr-ges-fuer-urologie-und-andrologie\/\" data-website-url=\"www.uro-tagung.de\" data-venue-city=\"W\u00fcrzburg\" data-full-address=\"\">\n                <div class=\"event-date\">06.05. \u2013 08.05.<\/div>\n                <div class=\"event-add-to-calendar\"><a href=\" \"target=\"_blank\">Add to<\/a><\/div>\n                <div class=\"event-title\"><a href=\"https:\/\/www.farco.de\/en\/event\/urobay-52-tagung-der-bayerischen-urologenvereinigung-und-der-oesterr-ges-fuer-urologie-und-andrologie\/\" target=\"_blank\">Urobay \u2013 52. Tagung der Bayerischen Urologenvereinigung und der \u00d6sterr. Ges. f\u00fcr Urologie und Andrologie<\/a><\/div>\n                <div class=\"event-venue-wrapper\">\n                    <div class=\"event-venue\">W\u00fcrzburg<\/div><div class=\"event-website\"><a href=\"https:\/\/www.uro-tagung.de\" class=\"animation-arrow-extend invert-color-white\" target=\"_blank\">mehr erfahren<\/a><\/div><\/div><\/div>\n            <div class=\"event-item\" data-date=\"08.05. \u2013 10.05.\" data-add-to-calendar-url=\"\" data-title=\"#NDOteenCamp 2026\" data-url=\"https:\/\/www.farco.de\/en\/event\/ndoteencamp-2026\/\" data-website-url=\"www.ndo-camp.de\" data-venue-city=\"Herrsching am Ammersee\" data-full-address=\"\">\n                <div class=\"event-date\">08.05. \u2013 10.05.<\/div>\n                <div class=\"event-add-to-calendar\"><a href=\" \"target=\"_blank\">Add to<\/a><\/div>\n                <div class=\"event-title\"><a href=\"https:\/\/www.farco.de\/en\/event\/ndoteencamp-2026\/\" target=\"_blank\">#NDOteenCamp 2026<\/a><\/div>\n                <div class=\"event-venue-wrapper\">\n                    <div class=\"event-venue\">Herrsching am Ammersee<\/div><div class=\"event-website\"><a href=\"https:\/\/www.ndo-camp.de\" class=\"animation-arrow-extend invert-color-white\" target=\"_blank\">mehr erfahren<\/a><\/div><\/div><\/div>\n            <div class=\"event-item\" data-date=\"14.05. \u2013 16.05.\" data-add-to-calendar-url=\"\" data-title=\"38. DMGP \u2013 Jahrestagung der Deutschsprachigen Medizinischen Ges. f. Paraplegiologie\" data-url=\"https:\/\/www.farco.de\/en\/event\/38-dmgp-jahrestagung-der-deutschsprachigen-medizinischen-ges-f-paraplegiologie\/\" data-website-url=\"dmgp-kongress.de\" data-venue-city=\"Fellbach\" data-full-address=\"\">\n                <div class=\"event-date\">14.05. \u2013 16.05.<\/div>\n                <div class=\"event-add-to-calendar\"><a href=\" \"target=\"_blank\">Add to<\/a><\/div>\n                <div class=\"event-title\"><a href=\"https:\/\/www.farco.de\/en\/event\/38-dmgp-jahrestagung-der-deutschsprachigen-medizinischen-ges-f-paraplegiologie\/\" target=\"_blank\">38. DMGP \u2013 Jahrestagung der Deutschsprachigen Medizinischen Ges. f. Paraplegiologie<\/a><\/div>\n                <div class=\"event-venue-wrapper\">\n                    <div class=\"event-venue\">Fellbach<\/div><div class=\"event-website\"><a href=\"https:\/\/dmgp-kongress.de\" class=\"animation-arrow-extend invert-color-white\" target=\"_blank\">mehr erfahren<\/a><\/div><\/div><\/div>\n            <div class=\"event-item\" data-date=\"15.05. \u2013 18.05.\" data-add-to-calendar-url=\"\" data-title=\"2026 AUA Annual Meeting\" data-url=\"https:\/\/www.farco.de\/en\/event\/2026-aua-annual-meeting\/\" data-website-url=\"www.auanet.org\/AUA2026\" data-venue-city=\"Washington, USA\" data-full-address=\"\">\n                <div class=\"event-date\">15.05. \u2013 18.05.<\/div>\n                <div class=\"event-add-to-calendar\"><a href=\" \"target=\"_blank\">Add to<\/a><\/div>\n                <div class=\"event-title\"><a href=\"https:\/\/www.farco.de\/en\/event\/2026-aua-annual-meeting\/\" target=\"_blank\">2026 AUA Annual Meeting<\/a><\/div>\n                <div class=\"event-venue-wrapper\">\n                    <div class=\"event-venue\">Washington, USA<\/div><div class=\"event-website\"><a href=\"https:\/\/www.auanet.org\/AUA2026\" class=\"animation-arrow-extend invert-color-white\" target=\"_blank\">mehr erfahren<\/a><\/div><\/div><\/div>\n            <div class=\"event-item\" data-date=\"20.05.\" data-add-to-calendar-url=\"\" data-title=\"23. Klinischer Abend der Klinik f\u00fcr Urologie\" data-url=\"https:\/\/www.farco.de\/en\/event\/23-klinischer-abend-der-klinik-fuer-urologie\/\" data-website-url=\"www.bethanien-chemnitz.de\/aktuelles\/medizinische-fortbildungen\" data-venue-city=\"Chemnitz\" data-full-address=\"\">\n                <div class=\"event-date\">20.05.<\/div>\n                <div class=\"event-add-to-calendar\"><a href=\" \"target=\"_blank\">Add to<\/a><\/div>\n                <div class=\"event-title\"><a href=\"https:\/\/www.farco.de\/en\/event\/23-klinischer-abend-der-klinik-fuer-urologie\/\" target=\"_blank\">23. Klinischer Abend der Klinik f\u00fcr Urologie<\/a><\/div>\n                <div class=\"event-venue-wrapper\">\n                    <div class=\"event-venue\">Chemnitz<\/div><div class=\"event-website\"><a href=\"https:\/\/www.bethanien-chemnitz.de\/aktuelles\/medizinische-fortbildungen\" class=\"animation-arrow-extend invert-color-white\" target=\"_blank\">mehr erfahren<\/a><\/div><\/div><\/div>\n            <div class=\"event-item\" data-date=\"27.05. \u2013 29.05.\" data-add-to-calendar-url=\"\" data-title=\"20. Nordkongress Urologie\" data-url=\"https:\/\/www.farco.de\/en\/event\/20-nordkongress-urologie\/\" data-website-url=\"www.nordkongress-urologie.de\/2026\/\" data-venue-city=\"Potsdam\" data-full-address=\"\">\n                <div class=\"event-date\">27.05. \u2013 29.05.<\/div>\n                <div class=\"event-add-to-calendar\"><a href=\" \"target=\"_blank\">Add to<\/a><\/div>\n                <div class=\"event-title\"><a href=\"https:\/\/www.farco.de\/en\/event\/20-nordkongress-urologie\/\" target=\"_blank\">20. Nordkongress Urologie<\/a><\/div>\n                <div class=\"event-venue-wrapper\">\n                    <div class=\"event-venue\">Potsdam<\/div><div class=\"event-website\"><a href=\"https:\/\/www.nordkongress-urologie.de\/2026\/\" class=\"animation-arrow-extend invert-color-white\" target=\"_blank\">mehr erfahren<\/a><\/div><\/div><\/div><\/div><\/div><div class=\"month-separator\" id=\"june2026\"><h2 class=\"month-separator-text\">June 2026<\/h2><hr class=\"month-separator-line\"><div class=\"month-events\">\n            <div class=\"event-item\" data-date=\"03.06. \u2013 06.06.\" data-add-to-calendar-url=\"\" data-title=\"Jahrestagung Leitende Krankenhaus\u00e4rzte\" data-url=\"https:\/\/www.farco.de\/en\/event\/jahrestagung-leitende-krankenhausaerzte\/\" data-website-url=\"\" data-venue-city=\"Magdeburg\" data-full-address=\"\">\n                <div class=\"event-date\">03.06. \u2013 06.06.<\/div>\n                <div class=\"event-add-to-calendar\"><a href=\" \"target=\"_blank\">Add to<\/a><\/div>\n                <div class=\"event-title\"><a href=\"https:\/\/www.farco.de\/en\/event\/jahrestagung-leitende-krankenhausaerzte\/\" target=\"_blank\">Jahrestagung Leitende Krankenhaus\u00e4rzte<\/a><\/div>\n                <div class=\"event-venue-wrapper\">\n                    <div class=\"event-venue\">Magdeburg<\/div><div class=\"event-website-placeholder\"><\/div><\/div><\/div>\n            <div class=\"event-item\" data-date=\"03.06.\" data-add-to-calendar-url=\"\" data-title=\"146. Dresdner Urologentreffen\" data-url=\"https:\/\/www.farco.de\/en\/event\/146-dresdner-urologentreffen\/\" data-website-url=\"www.uniklinikum-dresden.de\/de\/das-klinikum\/kliniken-polikliniken-institute\/uro\/lehre-und-fortbildung\/dresdner-urologentreffen\" data-venue-city=\"Dresden\" data-full-address=\"\">\n                <div class=\"event-date\">03.06.<\/div>\n                <div class=\"event-add-to-calendar\"><a href=\" \"target=\"_blank\">Add to<\/a><\/div>\n                <div class=\"event-title\"><a href=\"https:\/\/www.farco.de\/en\/event\/146-dresdner-urologentreffen\/\" target=\"_blank\">146. Dresdner Urologentreffen<\/a><\/div>\n                <div class=\"event-venue-wrapper\">\n                    <div class=\"event-venue\">Dresden<\/div><div class=\"event-website\"><a href=\"https:\/\/www.uniklinikum-dresden.de\/de\/das-klinikum\/kliniken-polikliniken-institute\/uro\/lehre-und-fortbildung\/dresdner-urologentreffen\" class=\"animation-arrow-extend invert-color-white\" target=\"_blank\">mehr erfahren<\/a><\/div><\/div><\/div>\n            <div class=\"event-item\" data-date=\"10.06. \u2013 13.06.\" data-add-to-calendar-url=\"\" data-title=\"SWDGU \u2013 66. Jahrestagung der S\u00fcdwestdeutschen Gesellschaft f\u00fcr Urologie\" data-url=\"https:\/\/www.farco.de\/en\/event\/swdgu-66-jahrestagung-der-suedwestdeutschen-gesellschaft-fuer-urologie\/\" data-website-url=\"swdgu-kongress.de\" data-venue-city=\"Koblenz\" data-full-address=\"\">\n                <div class=\"event-date\">10.06. \u2013 13.06.<\/div>\n                <div class=\"event-add-to-calendar\"><a href=\" \"target=\"_blank\">Add to<\/a><\/div>\n                <div class=\"event-title\"><a href=\"https:\/\/www.farco.de\/en\/event\/swdgu-66-jahrestagung-der-suedwestdeutschen-gesellschaft-fuer-urologie\/\" target=\"_blank\">SWDGU \u2013 66. Jahrestagung der S\u00fcdwestdeutschen Gesellschaft f\u00fcr Urologie<\/a><\/div>\n                <div class=\"event-venue-wrapper\">\n                    <div class=\"event-venue\">Koblenz<\/div><div class=\"event-website\"><a href=\"https:\/\/swdgu-kongress.de\" class=\"animation-arrow-extend invert-color-white\" target=\"_blank\">mehr erfahren<\/a><\/div><\/div><\/div>\n            <div class=\"event-item\" data-date=\"11.06. \u2013 13.06.\" data-add-to-calendar-url=\"\" data-title=\"51. Wissenschaftlicher ADKA-Jahreskongress\" data-url=\"https:\/\/www.farco.de\/en\/event\/51-wissenschaftlicher-adka-jahreskongress\/\" data-website-url=\"www.adka-kongress.de\/krankenhaus\/apotheke\/event.php?pg=jahreskongress\" data-venue-city=\"D\u00fcsseldorf\" data-full-address=\"\">\n                <div class=\"event-date\">11.06. \u2013 13.06.<\/div>\n                <div class=\"event-add-to-calendar\"><a href=\" \"target=\"_blank\">Add to<\/a><\/div>\n                <div class=\"event-title\"><a href=\"https:\/\/www.farco.de\/en\/event\/51-wissenschaftlicher-adka-jahreskongress\/\" target=\"_blank\">51. Wissenschaftlicher ADKA-Jahreskongress<\/a><\/div>\n                <div class=\"event-venue-wrapper\">\n                    <div class=\"event-venue\">D\u00fcsseldorf<\/div><div class=\"event-website\"><a href=\"https:\/\/www.adka-kongress.de\/krankenhaus\/apotheke\/event.php?pg=jahreskongress\" class=\"animation-arrow-extend invert-color-white\" target=\"_blank\">mehr erfahren<\/a><\/div><\/div><\/div>\n            <div class=\"event-item\" data-date=\"17.06.\" data-add-to-calendar-url=\"\" data-title=\"Bonner Urologie Gespr\u00e4ch\" data-url=\"https:\/\/www.farco.de\/en\/event\/bonner-urologie-gespraech\/\" data-website-url=\"\" data-venue-city=\"Bonn\" data-full-address=\"\">\n                <div class=\"event-date\">17.06.<\/div>\n                <div class=\"event-add-to-calendar\"><a href=\" \"target=\"_blank\">Add to<\/a><\/div>\n                <div class=\"event-title\"><a href=\"https:\/\/www.farco.de\/en\/event\/bonner-urologie-gespraech\/\" target=\"_blank\">Bonner Urologie Gespr\u00e4ch<\/a><\/div>\n                <div class=\"event-venue-wrapper\">\n                    <div class=\"event-venue\">Bonn<\/div><div class=\"event-website-placeholder\"><\/div><\/div><\/div><\/div><\/div><div class=\"month-separator\" id=\"august2026\"><h2 class=\"month-separator-text\">August 2026<\/h2><hr class=\"month-separator-line\"><div class=\"month-events\">\n            <div class=\"event-item\" data-date=\"26.08.\" data-add-to-calendar-url=\"\" data-title=\"7. Urologisches Sommersymposium\" data-url=\"https:\/\/www.farco.de\/en\/event\/7-urologisches-sommersymposium\/\" data-website-url=\"www.bethanien-chemnitz.de\/aktuelles\/medizinische-fortbildungen\" data-venue-city=\"Chemnitz\" data-full-address=\"\">\n                <div class=\"event-date\">26.08.<\/div>\n                <div class=\"event-add-to-calendar\"><a href=\" \"target=\"_blank\">Add to<\/a><\/div>\n                <div class=\"event-title\"><a href=\"https:\/\/www.farco.de\/en\/event\/7-urologisches-sommersymposium\/\" target=\"_blank\">7. Urologisches Sommersymposium<\/a><\/div>\n                <div class=\"event-venue-wrapper\">\n                    <div class=\"event-venue\">Chemnitz<\/div><div class=\"event-website\"><a href=\"https:\/\/www.bethanien-chemnitz.de\/aktuelles\/medizinische-fortbildungen\" class=\"animation-arrow-extend invert-color-white\" target=\"_blank\">mehr erfahren<\/a><\/div><\/div><\/div><\/div><\/div><div class=\"month-separator\" id=\"september2026\"><h2 class=\"month-separator-text\">September 2026<\/h2><hr class=\"month-separator-line\"><div class=\"month-events\">\n            <div class=\"event-item\" data-date=\"03.09. \u2013 06.09.\" data-add-to-calendar-url=\"\" data-title=\"The 23rd Urological Association of Asia Congress (UAA)\" data-url=\"https:\/\/www.farco.de\/en\/event\/the-23rd-urological-association-of-asia-congress-uaa\/\" data-website-url=\"www.uaa2026.org\" data-venue-city=\"Manila, PH\" data-full-address=\"\">\n                <div class=\"event-date\">03.09. \u2013 06.09.<\/div>\n                <div class=\"event-add-to-calendar\"><a href=\" \"target=\"_blank\">Add to<\/a><\/div>\n                <div class=\"event-title\"><a href=\"https:\/\/www.farco.de\/en\/event\/the-23rd-urological-association-of-asia-congress-uaa\/\" target=\"_blank\">The 23rd Urological Association of Asia Congress (UAA)<\/a><\/div>\n                <div class=\"event-venue-wrapper\">\n                    <div class=\"event-venue\">Manila, PH<\/div><div class=\"event-website\"><a href=\"https:\/\/www.uaa2026.org\" class=\"animation-arrow-extend invert-color-white\" target=\"_blank\">mehr erfahren<\/a><\/div><\/div><\/div>\n            <div class=\"event-item\" data-date=\"12.09.\" data-add-to-calendar-url=\"\" data-title=\"25. Klinischer Abend der Klinik f\u00fcr Urologie\" data-url=\"https:\/\/www.farco.de\/en\/event\/25-klinischer-abend-der-klinik-fuer-urologie\/\" data-website-url=\"www.bethanien-chemnitz.de\/aktuelles\/medizinische-fortbildungen\" data-venue-city=\"Chemnitz\" data-full-address=\"\">\n                <div class=\"event-date\">12.09.<\/div>\n                <div class=\"event-add-to-calendar\"><a href=\" \"target=\"_blank\">Add to<\/a><\/div>\n                <div class=\"event-title\"><a href=\"https:\/\/www.farco.de\/en\/event\/25-klinischer-abend-der-klinik-fuer-urologie\/\" target=\"_blank\">25. Klinischer Abend der Klinik f\u00fcr Urologie<\/a><\/div>\n                <div class=\"event-venue-wrapper\">\n                    <div class=\"event-venue\">Chemnitz<\/div><div class=\"event-website\"><a href=\"https:\/\/www.bethanien-chemnitz.de\/aktuelles\/medizinische-fortbildungen\" class=\"animation-arrow-extend invert-color-white\" target=\"_blank\">mehr erfahren<\/a><\/div><\/div><\/div>\n            <div class=\"event-item\" data-date=\"16.09. \u2013 19.09.\" data-add-to-calendar-url=\"\" data-title=\"78. Kongress der Deutschen Gesellschaft f\u00fcr Urologie e.V. (DGU)\" data-url=\"https:\/\/www.farco.de\/en\/event\/78-kongress-der-deutschen-gesellschaft-fuer-urologie-e-v-dgu\/\" data-website-url=\"www.urologenportal.de\/fachbesucher\/urologische-kongresse\/der-kongress-der-deutschen-gesellschaft-fuer-urologie\/78-dgu-kongress.html\" data-venue-city=\"D\u00fcsseldorf\" data-full-address=\"\">\n                <div class=\"event-date\">16.09. \u2013 19.09.<\/div>\n                <div class=\"event-add-to-calendar\"><a href=\" \"target=\"_blank\">Add to<\/a><\/div>\n                <div class=\"event-title\"><a href=\"https:\/\/www.farco.de\/en\/event\/78-kongress-der-deutschen-gesellschaft-fuer-urologie-e-v-dgu\/\" target=\"_blank\">78. Kongress der Deutschen Gesellschaft f\u00fcr Urologie e.V. (DGU)<\/a><\/div>\n                <div class=\"event-venue-wrapper\">\n                    <div class=\"event-venue\">D\u00fcsseldorf<\/div><div class=\"event-website\"><a href=\"https:\/\/www.urologenportal.de\/fachbesucher\/urologische-kongresse\/der-kongress-der-deutschen-gesellschaft-fuer-urologie\/78-dgu-kongress.html\" class=\"animation-arrow-extend invert-color-white\" target=\"_blank\">mehr erfahren<\/a><\/div><\/div><\/div><\/div><\/div><div class=\"month-separator\" id=\"october2026\"><h2 class=\"month-separator-text\">October 2026<\/h2><hr class=\"month-separator-line\"><div class=\"month-events\">\n            <div class=\"event-item\" data-date=\"07.10. \u2013 08.10.\" data-add-to-calendar-url=\"\" data-title=\"URO Worxx BASIS-SEMINAR inkl. Basis-Naht-Workshop\" data-url=\"https:\/\/www.farco.de\/en\/event\/uro-worxx-basis-seminar-inkl-basis-naht-workshop\/\" data-website-url=\"www.gesru.de\/fuer-assistenzaerztinnen\/fortbildung\/gesru-aktiventreffen\/uroworxx-anmeldung\/\" data-venue-city=\"Irsee\" data-full-address=\"\">\n                <div class=\"event-date\">07.10. \u2013 08.10.<\/div>\n                <div class=\"event-add-to-calendar\"><a href=\" \"target=\"_blank\">Add to<\/a><\/div>\n                <div class=\"event-title\"><a href=\"https:\/\/www.farco.de\/en\/event\/uro-worxx-basis-seminar-inkl-basis-naht-workshop\/\" target=\"_blank\">URO Worxx BASIS-SEMINAR inkl. Basis-Naht-Workshop<\/a><\/div>\n                <div class=\"event-venue-wrapper\">\n                    <div class=\"event-venue\">Irsee<\/div><div class=\"event-website\"><a href=\"https:\/\/www.gesru.de\/fuer-assistenzaerztinnen\/fortbildung\/gesru-aktiventreffen\/uroworxx-anmeldung\/\" class=\"animation-arrow-extend invert-color-white\" target=\"_blank\">mehr erfahren<\/a><\/div><\/div><\/div>\n            <div class=\"event-item\" data-date=\"08.10. \u2013 11.10.\" data-add-to-calendar-url=\"\" data-title=\"URO Worxx\" data-url=\"https:\/\/www.farco.de\/en\/event\/uro-worxx\/\" data-website-url=\"www.gesru.de\/fuer-assistenzaerztinnen\/fortbildung\/gesru-aktiventreffen\/uroworxx-anmeldung\/\" data-venue-city=\"Irsee\" data-full-address=\"\">\n                <div class=\"event-date\">08.10. \u2013 11.10.<\/div>\n                <div class=\"event-add-to-calendar\"><a href=\" \"target=\"_blank\">Add to<\/a><\/div>\n                <div class=\"event-title\"><a href=\"https:\/\/www.farco.de\/en\/event\/uro-worxx\/\" target=\"_blank\">URO Worxx<\/a><\/div>\n                <div class=\"event-venue-wrapper\">\n                    <div class=\"event-venue\">Irsee<\/div><div class=\"event-website\"><a href=\"https:\/\/www.gesru.de\/fuer-assistenzaerztinnen\/fortbildung\/gesru-aktiventreffen\/uroworxx-anmeldung\/\" class=\"animation-arrow-extend invert-color-white\" target=\"_blank\">mehr erfahren<\/a><\/div><\/div><\/div>\n            <div class=\"event-item\" data-date=\"14.10. \u2013 15.10.\" data-add-to-calendar-url=\"\" data-title=\"Fokus Kinderurologie Linz 2026\" data-url=\"https:\/\/www.farco.de\/en\/event\/fokus-kinderurologie-linz-2026\/\" data-website-url=\"www.ordensklinikum.at\/de\/veranstaltungen\/kongress-fokus-kinderurologie-2026-2501\/\" data-venue-city=\"Linz\" data-full-address=\"\">\n                <div class=\"event-date\">14.10. \u2013 15.10.<\/div>\n                <div class=\"event-add-to-calendar\"><a href=\" \"target=\"_blank\">Add to<\/a><\/div>\n                <div class=\"event-title\"><a href=\"https:\/\/www.farco.de\/en\/event\/fokus-kinderurologie-linz-2026\/\" target=\"_blank\">Fokus Kinderurologie Linz 2026<\/a><\/div>\n                <div class=\"event-venue-wrapper\">\n                    <div class=\"event-venue\">Linz<\/div><div class=\"event-website\"><a href=\"https:\/\/www.ordensklinikum.at\/de\/veranstaltungen\/kongress-fokus-kinderurologie-2026-2501\/\" class=\"animation-arrow-extend invert-color-white\" target=\"_blank\">mehr erfahren<\/a><\/div><\/div><\/div>\n            <div class=\"event-item\" data-date=\"28.10.\" data-add-to-calendar-url=\"\" data-title=\"24. Klinischer Abend der Klinik f\u00fcr Urologie\" data-url=\"https:\/\/www.farco.de\/en\/event\/24-klinischer-abend-der-klinik-fuer-urologie\/\" data-website-url=\"www.bethanien-chemnitz.de\/aktuelles\/medizinische-fortbildungen\" data-venue-city=\"Chemnitz\" data-full-address=\"\">\n                <div class=\"event-date\">28.10.<\/div>\n                <div class=\"event-add-to-calendar\"><a href=\" \"target=\"_blank\">Add to<\/a><\/div>\n                <div class=\"event-title\"><a href=\"https:\/\/www.farco.de\/en\/event\/24-klinischer-abend-der-klinik-fuer-urologie\/\" target=\"_blank\">24. Klinischer Abend der Klinik f\u00fcr Urologie<\/a><\/div>\n                <div class=\"event-venue-wrapper\">\n                    <div class=\"event-venue\">Chemnitz<\/div><div class=\"event-website\"><a href=\"https:\/\/www.bethanien-chemnitz.de\/aktuelles\/medizinische-fortbildungen\" class=\"animation-arrow-extend invert-color-white\" target=\"_blank\">mehr erfahren<\/a><\/div><\/div><\/div>\n            <div class=\"event-item\" data-date=\"28.10.\" data-add-to-calendar-url=\"\" data-title=\"147. Dresdner Urologentreffen\" data-url=\"https:\/\/www.farco.de\/en\/event\/147-dresdner-urologentreffen\/\" data-website-url=\"www.uniklinikum-dresden.de\/de\/das-klinikum\/kliniken-polikliniken-institute\/uro\/lehre-und-fortbildung\/dresdner-urologentreffen\" data-venue-city=\"Dresden\" data-full-address=\"\">\n                <div class=\"event-date\">28.10.<\/div>\n                <div class=\"event-add-to-calendar\"><a href=\" \"target=\"_blank\">Add to<\/a><\/div>\n                <div class=\"event-title\"><a href=\"https:\/\/www.farco.de\/en\/event\/147-dresdner-urologentreffen\/\" target=\"_blank\">147. Dresdner Urologentreffen<\/a><\/div>\n                <div class=\"event-venue-wrapper\">\n                    <div class=\"event-venue\">Dresden<\/div><div class=\"event-website\"><a href=\"https:\/\/www.uniklinikum-dresden.de\/de\/das-klinikum\/kliniken-polikliniken-institute\/uro\/lehre-und-fortbildung\/dresdner-urologentreffen\" class=\"animation-arrow-extend invert-color-white\" target=\"_blank\">mehr erfahren<\/a><\/div><\/div><\/div>\n            <div class=\"event-item\" data-date=\"28.10.\" data-add-to-calendar-url=\"\" data-title=\"Rostocker Urologischer Abend\" data-url=\"https:\/\/www.farco.de\/en\/event\/rostocker-urologischer-abend-3\/\" data-website-url=\"urologie.med.uni-rostock.de\" data-venue-city=\"Rostock\" data-full-address=\"\">\n                <div class=\"event-date\">28.10.<\/div>\n                <div class=\"event-add-to-calendar\"><a href=\" \"target=\"_blank\">Add to<\/a><\/div>\n                <div class=\"event-title\"><a href=\"https:\/\/www.farco.de\/en\/event\/rostocker-urologischer-abend-3\/\" target=\"_blank\">Rostocker Urologischer Abend<\/a><\/div>\n                <div class=\"event-venue-wrapper\">\n                    <div class=\"event-venue\">Rostock<\/div><div class=\"event-website\"><a href=\"https:\/\/urologie.med.uni-rostock.de\" class=\"animation-arrow-extend invert-color-white\" target=\"_blank\">mehr erfahren<\/a><\/div><\/div><\/div><\/div><\/div><div class=\"month-separator\" id=\"november2026\"><h2 class=\"month-separator-text\">November 2026<\/h2><hr class=\"month-separator-line\"><div class=\"month-events\">\n            <div class=\"event-item\" data-date=\"06.11. \u2013 07.11.\" data-add-to-calendar-url=\"\" data-title=\"AKIC 2026\" data-url=\"https:\/\/www.farco.de\/en\/event\/akic-2026\/\" data-website-url=\"akic-2026.de\" data-venue-city=\"Dresden\" data-full-address=\"\">\n                <div class=\"event-date\">06.11. \u2013 07.11.<\/div>\n                <div class=\"event-add-to-calendar\"><a href=\" \"target=\"_blank\">Add to<\/a><\/div>\n                <div class=\"event-title\"><a href=\"https:\/\/www.farco.de\/en\/event\/akic-2026\/\" target=\"_blank\">AKIC 2026<\/a><\/div>\n                <div class=\"event-venue-wrapper\">\n                    <div class=\"event-venue\">Dresden<\/div><div class=\"event-website\"><a href=\"https:\/\/akic-2026.de\" class=\"animation-arrow-extend invert-color-white\" target=\"_blank\">mehr erfahren<\/a><\/div><\/div><\/div>\n            <div class=\"event-item\" data-date=\"20.11. \u2013 21.11.\" data-add-to-calendar-url=\"\" data-title=\"26. Wissenschaftlichen Tagung des Beirates der ASBH\" data-url=\"https:\/\/www.farco.de\/en\/event\/26-wissenschaftlichen-tagung-des-beirates-der-asbh\/\" data-website-url=\"asbh.de\" data-venue-city=\"Fulda\" data-full-address=\"\">\n                <div class=\"event-date\">20.11. \u2013 21.11.<\/div>\n                <div class=\"event-add-to-calendar\"><a href=\" \"target=\"_blank\">Add to<\/a><\/div>\n                <div class=\"event-title\"><a href=\"https:\/\/www.farco.de\/en\/event\/26-wissenschaftlichen-tagung-des-beirates-der-asbh\/\" target=\"_blank\">26. Wissenschaftlichen Tagung des Beirates der ASBH<\/a><\/div>\n                <div class=\"event-venue-wrapper\">\n                    <div class=\"event-venue\">Fulda<\/div><div class=\"event-website\"><a href=\"https:\/\/asbh.de\" class=\"animation-arrow-extend invert-color-white\" target=\"_blank\">mehr erfahren<\/a><\/div><\/div><\/div><\/div><\/div><div class=\"month-separator\" id=\"december2026\"><h2 class=\"month-separator-text\">December 2026<\/h2><hr class=\"month-separator-line\"><div class=\"month-events\">\n            <div class=\"event-item\" data-date=\"09.12.\" data-add-to-calendar-url=\"\" data-title=\"148. Dresdner Urologentreffen\" data-url=\"https:\/\/www.farco.de\/en\/event\/148-dresdner-urologentreffen\/\" data-website-url=\"www.uniklinikum-dresden.de\/de\/das-klinikum\/kliniken-polikliniken-institute\/uro\/lehre-und-fortbildung\/dresdner-urologentreffen\" data-venue-city=\"Dresden\" data-full-address=\"\">\n                <div class=\"event-date\">09.12.<\/div>\n                <div class=\"event-add-to-calendar\"><a href=\" \"target=\"_blank\">Add to<\/a><\/div>\n                <div class=\"event-title\"><a href=\"https:\/\/www.farco.de\/en\/event\/148-dresdner-urologentreffen\/\" target=\"_blank\">148. Dresdner Urologentreffen<\/a><\/div>\n                <div class=\"event-venue-wrapper\">\n                    <div class=\"event-venue\">Dresden<\/div><div class=\"event-website\"><a href=\"https:\/\/www.uniklinikum-dresden.de\/de\/das-klinikum\/kliniken-polikliniken-institute\/uro\/lehre-und-fortbildung\/dresdner-urologentreffen\" class=\"animation-arrow-extend invert-color-white\" target=\"_blank\">mehr erfahren<\/a><\/div><\/div><\/div>\n            <div class=\"event-item\" data-date=\"09.12.\" data-add-to-calendar-url=\"\" data-title=\"25. Klinischer Abend der Klinik f\u00fcr Urologie\" data-url=\"https:\/\/www.farco.de\/en\/event\/25-klinischer-abend-der-klinik-fuer-urologie-2\/\" data-website-url=\"www.bethanien-chemnitz.de\/home\" data-venue-city=\"Chemnitz\" data-full-address=\"\">\n                <div class=\"event-date\">09.12.<\/div>\n                <div class=\"event-add-to-calendar\"><a href=\" \"target=\"_blank\">Add to<\/a><\/div>\n                <div class=\"event-title\"><a href=\"https:\/\/www.farco.de\/en\/event\/25-klinischer-abend-der-klinik-fuer-urologie-2\/\" target=\"_blank\">25. Klinischer Abend der Klinik f\u00fcr Urologie<\/a><\/div>\n                <div class=\"event-venue-wrapper\">\n                    <div class=\"event-venue\">Chemnitz<\/div><div class=\"event-website\"><a href=\"https:\/\/www.bethanien-chemnitz.de\/home\" class=\"animation-arrow-extend invert-color-white\" target=\"_blank\">mehr erfahren<\/a><\/div><\/div><\/div><\/div><\/div><div class=\"month-separator\" id=\"june2027\"><h2 class=\"month-separator-text\">June 2027<\/h2><hr class=\"month-separator-line\"><div class=\"month-events\">\n            <div class=\"event-item\" data-date=\"04.06. \u2013 06.06.\" data-add-to-calendar-url=\"\" data-title=\"#NDOteenCamp 2027\" data-url=\"https:\/\/www.farco.de\/en\/event\/ndoteencamp-2027\/\" data-website-url=\"www.ndo-camp.de\" data-venue-city=\"Much\" data-full-address=\"\">\n                <div class=\"event-date\">04.06. \u2013 06.06.<\/div>\n                <div class=\"event-add-to-calendar\"><a href=\" \"target=\"_blank\">Add to<\/a><\/div>\n                <div class=\"event-title\"><a href=\"https:\/\/www.farco.de\/en\/event\/ndoteencamp-2027\/\" target=\"_blank\">#NDOteenCamp 2027<\/a><\/div>\n                <div class=\"event-venue-wrapper\">\n                    <div class=\"event-venue\">Much<\/div><div class=\"event-website\"><a href=\"https:\/\/www.ndo-camp.de\" class=\"animation-arrow-extend invert-color-white\" target=\"_blank\">mehr erfahren<\/a><\/div><\/div><\/div><\/div><\/div><\/div><script>\n        var pastMonths = [\"january2024\",\"february2024\",\"march2024\",\"june2024\",\"july2024\",\"august2024\",\"september2024\",\"october2024\",\"november2024\",\"december2024\",\"january2025\",\"february2025\",\"march2025\",\"april2025\",\"may2025\",\"june2025\",\"july2025\",\"august2025\",\"september2025\",\"october2025\",\"november2025\",\"december2025\",\"january2026\",\"february2026\",\"march2026\"];\n        var upcomingMonths = [\"april2026\",\"may2026\",\"june2026\",\"august2026\",\"september2026\",\"october2026\",\"november2026\",\"december2026\",\"june2027\"];\n    <\/script><!-- [et_pb_line_break_holder] --><\/p>\n<div class=\"pagination\"><!-- [et_pb_line_break_holder] -->    <button id=\"prev-month\" class=\"animation-arrow-extend-prev\" style=\"float: left;\">Back<\/button><!-- [et_pb_line_break_holder] -->    <button id=\"next-month\" class=\"animation-arrow-extend\" style=\"float: right;\">Next<\/button><!-- [et_pb_line_break_holder] --><\/div>\n<p><!-- [et_pb_line_break_holder] --><script><!-- [et_pb_line_break_holder] -->document.addEventListener('DOMContentLoaded', function() {<!-- [et_pb_line_break_holder] -->    const monthsPerPage = 2;<!-- [et_pb_line_break_holder] --><!-- [et_pb_line_break_holder] -->    \/\/ Erhalte die Arrays aus dem PHP-Skript<!-- [et_pb_line_break_holder] -->    const pastMonths = window.pastMonths || [];<!-- [et_pb_line_break_holder] -->    const upcomingMonths = window.upcomingMonths || [];<!-- [et_pb_line_break_holder] --><!-- [et_pb_line_break_holder] -->    \/\/ Funktion zur Erstellung der Seiten<!-- [et_pb_line_break_holder] -->    function createPages(monthsArray) {<!-- [et_pb_line_break_holder] -->        const pagesArray = [];<!-- [et_pb_line_break_holder] -->        for (let i = 0; i < monthsArray.length; i += monthsPerPage) {<!-- [et_pb_line_break_holder] -->            pagesArray.push(monthsArray.slice(i, i + monthsPerPage));<!-- [et_pb_line_break_holder] -->        }<!-- [et_pb_line_break_holder] -->        return pagesArray;<!-- [et_pb_line_break_holder] -->    }<!-- [et_pb_line_break_holder] --><!-- [et_pb_line_break_holder] -->    const pastPages = createPages(pastMonths);<!-- [et_pb_line_break_holder] -->    const upcomingPages = createPages(upcomingMonths);<!-- [et_pb_line_break_holder] --><!-- [et_pb_line_break_holder] -->    \/\/ Ausgabe der Arrays in der Konsole<!-- [et_pb_line_break_holder] -->    console.log(\"Vergangene Seiten (pastPages):\", pastPages);<!-- [et_pb_line_break_holder] -->    pastPages.forEach((page, index) => {<!-- [et_pb_line_break_holder] -->        console.log(`Seite ${index + 1}:`);<!-- [et_pb_line_break_holder] -->        page.forEach(month => console.log(month));<!-- [et_pb_line_break_holder] -->    });<!-- [et_pb_line_break_holder] --><!-- [et_pb_line_break_holder] -->    console.log(\"Aktuelle\/Zuk\u00fcnftige Seiten (upcomingPages):\", upcomingPages);<!-- [et_pb_line_break_holder] -->    upcomingPages.forEach((page, index) => {<!-- [et_pb_line_break_holder] -->        console.log(`Seite ${index + 1}:`);<!-- [et_pb_line_break_holder] -->        page.forEach(month => console.log(month));<!-- [et_pb_line_break_holder] -->    });<!-- [et_pb_line_break_holder] --><!-- [et_pb_line_break_holder] -->    let currentPage = 1;<!-- [et_pb_line_break_holder] -->    let viewingPastMonths = false;<!-- [et_pb_line_break_holder] --><!-- [et_pb_line_break_holder] -->    function showPage(pagesArray, page) {<!-- [et_pb_line_break_holder] -->        \/\/ Verstecke alle Monate<!-- [et_pb_line_break_holder] -->        document.querySelectorAll('.month-separator').forEach(month => month.style.display = 'none');<!-- [et_pb_line_break_holder] -->        \/\/ Zeige nur die Monate der aktuellen Seite<!-- [et_pb_line_break_holder] -->        pagesArray[page - 1].forEach(monthId => {<!-- [et_pb_line_break_holder] -->            document.getElementById(monthId).style.display = 'block';<!-- [et_pb_line_break_holder] -->        });<!-- [et_pb_line_break_holder] -->    }<!-- [et_pb_line_break_holder] --><!-- [et_pb_line_break_holder] -->    function updateButtons() {<!-- [et_pb_line_break_holder] -->        const totalPages = viewingPastMonths ? pastPages.length : upcomingPages.length;<!-- [et_pb_line_break_holder] -->        document.getElementById('prev-month').disabled = (viewingPastMonths && currentPage === 1) || (!viewingPastMonths && pastPages.length === 0 && currentPage === 1);<!-- [et_pb_line_break_holder] -->        document.getElementById('next-month').disabled = (!viewingPastMonths && currentPage === totalPages) || (viewingPastMonths && pastPages.length === 0 && currentPage === totalPages);<!-- [et_pb_line_break_holder] -->    }<!-- [et_pb_line_break_holder] --><!-- [et_pb_line_break_holder] -->    function scrollToViewSwitcher() {<!-- [et_pb_line_break_holder] -->        const viewSwitcher = document.getElementById('view-switcher');<!-- [et_pb_line_break_holder] -->        viewSwitcher.scrollIntoView({ behavior: 'smooth' });<!-- [et_pb_line_break_holder] -->    }<!-- [et_pb_line_break_holder] --><!-- [et_pb_line_break_holder] -->    document.getElementById('prev-month').addEventListener('click', function() {<!-- [et_pb_line_break_holder] -->        if (viewingPastMonths) {<!-- [et_pb_line_break_holder] -->            if (currentPage > 1) {<!-- [et_pb_line_break_holder] -->                currentPage--;<!-- [et_pb_line_break_holder] -->            } else {<!-- [et_pb_line_break_holder] -->                viewingPastMonths = false;<!-- [et_pb_line_break_holder] -->                currentPage = upcomingPages.length;<!-- [et_pb_line_break_holder] -->            }<!-- [et_pb_line_break_holder] -->        } else {<!-- [et_pb_line_break_holder] -->            if (currentPage > 1) {<!-- [et_pb_line_break_holder] -->                currentPage--;<!-- [et_pb_line_break_holder] -->            } else if (pastPages.length > 0) {<!-- [et_pb_line_break_holder] -->                viewingPastMonths = true;<!-- [et_pb_line_break_holder] -->                currentPage = pastPages.length;<!-- [et_pb_line_break_holder] -->            }<!-- [et_pb_line_break_holder] -->        }<!-- [et_pb_line_break_holder] -->        showPage(viewingPastMonths ? pastPages : upcomingPages, currentPage);<!-- [et_pb_line_break_holder] -->        updateButtons();<!-- [et_pb_line_break_holder] -->        scrollToViewSwitcher(); \/\/ Hier hinzuf\u00fcgen<!-- [et_pb_line_break_holder] -->    });<!-- [et_pb_line_break_holder] --><!-- [et_pb_line_break_holder] -->    document.getElementById('next-month').addEventListener('click', function() {<!-- [et_pb_line_break_holder] -->        const totalPages = viewingPastMonths ? pastPages.length : upcomingPages.length;<!-- [et_pb_line_break_holder] -->        if (currentPage < totalPages) {<!-- [et_pb_line_break_holder] -->            currentPage++;<!-- [et_pb_line_break_holder] -->        } else {<!-- [et_pb_line_break_holder] -->            if (viewingPastMonths) {<!-- [et_pb_line_break_holder] -->                viewingPastMonths = false;<!-- [et_pb_line_break_holder] -->                currentPage = 1;<!-- [et_pb_line_break_holder] -->            } else if (pastPages.length > 0) {<!-- [et_pb_line_break_holder] -->                viewingPastMonths = true;<!-- [et_pb_line_break_holder] -->                currentPage = 1;<!-- [et_pb_line_break_holder] -->            }<!-- [et_pb_line_break_holder] -->        }<!-- [et_pb_line_break_holder] -->        showPage(viewingPastMonths ? pastPages : upcomingPages, currentPage);<!-- [et_pb_line_break_holder] -->        updateButtons();<!-- [et_pb_line_break_holder] -->        scrollToViewSwitcher(); \/\/ Hier hinzuf\u00fcgen<!-- [et_pb_line_break_holder] -->    });<!-- [et_pb_line_break_holder] --><!-- [et_pb_line_break_holder] -->    \/\/ Initialer Aufruf beim Laden der Seite<!-- [et_pb_line_break_holder] -->    if (upcomingPages.length > 0) {<!-- [et_pb_line_break_holder] -->        viewingPastMonths = false;<!-- [et_pb_line_break_holder] -->        currentPage = 1;<!-- [et_pb_line_break_holder] -->        showPage(upcomingPages, currentPage);<!-- [et_pb_line_break_holder] -->    } else if (pastPages.length > 0) {<!-- [et_pb_line_break_holder] -->        viewingPastMonths = true;<!-- [et_pb_line_break_holder] -->        currentPage = pastPages.length;<!-- [et_pb_line_break_holder] -->        showPage(pastPages, currentPage);<!-- [et_pb_line_break_holder] -->    }<!-- [et_pb_line_break_holder] -->    updateButtons();<!-- [et_pb_line_break_holder] -->});<!-- [et_pb_line_break_holder] --><\/script><!-- [et_pb_line_break_holder] -->[\/et_pb_code][\/et_pb_column][\/et_pb_row][\/et_pb_section][et_pb_section fb_built=&#8221;1&#8243; _builder_version=&#8221;4.27.0&#8243; _module_preset=&#8221;default&#8221; custom_margin=&#8221;||4px|||&#8221; custom_padding=&#8221;100px||60px||false|false&#8221; locked=&#8221;off&#8221; global_colors_info=&#8221;{}&#8221;][et_pb_row _builder_version=&#8221;4.27.0&#8243; _module_preset=&#8221;default&#8221; max_width=&#8221;1120px&#8221; custom_padding=&#8221;0px||0px||false|false&#8221; global_colors_info=&#8221;{}&#8221;][et_pb_column type=&#8221;4_4&#8243; _builder_version=&#8221;4.27.0&#8243; _module_preset=&#8221;default&#8221; global_colors_info=&#8221;{}&#8221;][et_pb_text _builder_version=&#8221;4.27.0&#8243; _module_preset=&#8221;default&#8221; custom_padding=&#8221;||30px||false|false&#8221; locked=&#8221;off&#8221; global_colors_info=&#8221;{}&#8221;]<\/p>\n<h2 style=\"text-align: center;\">Review<\/h2>\n<p>[\/et_pb_text][\/et_pb_column][\/et_pb_row][et_pb_row use_custom_gutter=&#8221;on&#8221; module_class=&#8221;rueckblick-row&#8221; _builder_version=&#8221;4.27.4&#8243; _module_preset=&#8221;default&#8221; width_tablet=&#8221;&#8221; width_phone=&#8221;&#8221; width_last_edited=&#8221;on|tablet&#8221; max_width=&#8221;1120px&#8221; custom_padding=&#8221;0px||0px||false|false&#8221; hover_enabled=&#8221;0&#8243; global_colors_info=&#8221;{}&#8221; disabled_on=&#8221;on|on|on&#8221; disabled=&#8221;on&#8221; sticky_enabled=&#8221;0&#8243;][et_pb_column type=&#8221;4_4&#8243; _builder_version=&#8221;4.27.4&#8243; _module_preset=&#8221;default&#8221; custom_css_main_element=&#8221;display: flex;||flex-wrap: wrap;||gap: 20px;||justify-content: space-between;&#8221; global_colors_info=&#8221;{}&#8221;][et_pb_code _builder_version=&#8221;4.27.4&#8243; _module_preset=&#8221;default&#8221; custom_margin=&#8221;0px|0px||0px|false|false&#8221; custom_margin_tablet=&#8221;||||false|false&#8221; custom_margin_phone=&#8221;|||0px|false|false&#8221; custom_margin_last_edited=&#8221;on|desktop&#8221; custom_padding=&#8221;0px|0px|0px|0px|false|true&#8221; custom_css_main_element=&#8221;flex: 0 0 31%;||box-shadow: 0px 2px 18px 0px rgba(0,0,0,0.1);||transition: box-shadow 0.3s ease;||||@media only screen and (max-width: 980px) {||  flex: 0 0 48%;||}||||@media only screen and (max-width: 767px) {||  flex: 0 0 100%;||}&#8221; border_radii=&#8221;on|16px|16px|16px|16px&#8221; box_shadow_style=&#8221;preset3&#8243; locked=&#8221;off&#8221; global_colors_info=&#8221;{}&#8221;]<!-- [et_pb_line_break_holder] --><\/p>\n<div class=\"rueckblick-kachel\"><!-- [et_pb_line_break_holder] -->        <img decoding=\"async\" class=\"rueckblick-img\" src=\"\/wp-content\/uploads\/2025\/03\/Rueckblick-40.-EAU-Kongress-Ausschnitt-2.jpg\"><!-- [et_pb_line_break_holder] -->\t<\/p>\n<div class=\"rueckblick-textarea\"><!-- [et_pb_line_break_holder] -->  <!-- [et_pb_line_break_holder] -->    <\/p>\n<div class=\"rueckblick-date-row\"><!-- [et_pb_line_break_holder] -->      <pee class=\"rueckblick-date\">21\u201324 March 2025<\/pee><!-- [et_pb_line_break_holder] -->      <\/p>\n<div id=\"rueckblick-btn\" class=\"btn-accordion-open rueckblick-btn\"><!-- [et_pb_line_break_holder] -->        <img decoding=\"async\" src=\"\/wp-content\/uploads\/2024\/09\/arrow-right-sharp-light.svg\" alt=\"Pfeil\"><!-- [et_pb_line_break_holder] -->      <\/div>\n<p><!-- [et_pb_line_break_holder] -->    <\/div>\n<p><!-- [et_pb_line_break_holder] --><!-- [et_pb_line_break_holder] -->    <\/p>\n<h4 class=\"rueckblick-h4\">EAU25, Madrid<\/h4>\n<p><!-- [et_pb_line_break_holder] -->      <pee class=\"rueckblick-infotext rueckblick-infotext-fadet\">The scientific program of the 40th EAU Congress spanned four days and included a wide range of activities, such as live surgeries, state-of-the-art lectures, and patient discussions.Our innovative hydrogel method <b>mediNiK\u00ae<\/b> was also presented in engaging live and semi-live sessions. At the <b>FARCO<\/b> booth, visitors had the opportunity to experience a product demonstration and speak directly with our on-site experts.<!-- [et_pb_line_break_holder] --><\/pee><!-- [et_pb_line_break_holder] --><!-- [et_pb_line_break_holder] -->  <\/div>\n<p><!-- [et_pb_line_break_holder] --><!-- [et_pb_line_break_holder] --><\/div>\n<p><!-- [et_pb_line_break_holder] -->[\/et_pb_code][et_pb_code _builder_version=&#8221;4.27.0&#8243; _module_preset=&#8221;default&#8221; custom_margin=&#8221;0px|0px||0px|false|false&#8221; custom_margin_tablet=&#8221;||||false|false&#8221; custom_margin_phone=&#8221;|||0px|false|false&#8221; custom_margin_last_edited=&#8221;on|desktop&#8221; custom_padding=&#8221;0px|0px|0px|0px|false|true&#8221; custom_css_main_element=&#8221;flex: 0 0 31%;||box-shadow: 0px 2px 18px 0px rgba(0,0,0,0.1);||transition: box-shadow 0.3s ease;||||@media only screen and (max-width: 980px) {||  flex: 0 0 48%;||}||||@media only screen and (max-width: 767px) {||  flex: 0 0 100%;||}&#8221; border_radii=&#8221;on|16px|16px|16px|16px&#8221; box_shadow_style=&#8221;preset3&#8243; locked=&#8221;off&#8221; global_colors_info=&#8221;{}&#8221;]<!-- [et_pb_line_break_holder] --><\/p>\n<div class=\"rueckblick-kachel\"><!-- [et_pb_line_break_holder] -->        <img decoding=\"async\" class=\"rueckblick-img\" src=\"\/wp-content\/uploads\/2024\/09\/Veranstaltung6_SWDGU_2024_Ausschnitt@3x.jpg\"><!-- [et_pb_line_break_holder] -->\t<\/p>\n<div class=\"rueckblick-textarea\"><!-- [et_pb_line_break_holder] -->  <!-- [et_pb_line_break_holder] -->    <\/p>\n<div class=\"rueckblick-date-row\"><!-- [et_pb_line_break_holder] -->      <pee class=\"rueckblick-date\">19 \u2013 22 June 2024<\/pee><!-- [et_pb_line_break_holder] -->      <\/p>\n<div id=\"rueckblick-btn\" class=\"btn-accordion-open rueckblick-btn\"><!-- [et_pb_line_break_holder] -->        <img decoding=\"async\" src=\"\/wp-content\/uploads\/2024\/09\/arrow-right-sharp-light.svg\" alt=\"Pfeil\"><!-- [et_pb_line_break_holder] -->      <\/div>\n<p><!-- [et_pb_line_break_holder] -->    <\/div>\n<p><!-- [et_pb_line_break_holder] --><!-- [et_pb_line_break_holder] -->    <\/p>\n<h4 class=\"rueckblick-h4\">SWDGU 2024, Freiburg<\/h4>\n<p><!-- [et_pb_line_break_holder] -->      <pee class=\"rueckblick-infotext rueckblick-infotext-fadet\">The semi-live session on &#8220;RIRS with coagulation-guided fragment extraction using a hydrogel&#8221; was presented by Dr M. Straub and Prof J. Rassweiler at the 64th Annual Meeting of the Southwest German Society of Urology. At the FARCO stand, questions about our products, including the innovative mediNiK\u00ae hydrogel method were answered.<\/pee><!-- [et_pb_line_break_holder] --><!-- [et_pb_line_break_holder] -->  <\/div>\n<p><!-- [et_pb_line_break_holder] --><!-- [et_pb_line_break_holder] --><\/div>\n<p><!-- [et_pb_line_break_holder] -->[\/et_pb_code][et_pb_code _builder_version=&#8221;4.27.0&#8243; _module_preset=&#8221;default&#8221; custom_margin=&#8221;0px|0px||0px|false|false&#8221; custom_margin_tablet=&#8221;||||false|false&#8221; custom_margin_phone=&#8221;|||0px|false|false&#8221; custom_margin_last_edited=&#8221;on|desktop&#8221; custom_padding=&#8221;0px|0px|0px|0px|false|true&#8221; custom_css_main_element=&#8221;flex: 0 0 31%;||box-shadow: 0px 2px 18px 0px rgba(0,0,0,0.1);||transition: box-shadow 0.3s ease;||||@media only screen and (max-width: 980px) {||  flex: 0 0 48%;||}||||@media only screen and (max-width: 767px) {||  flex: 0 0 100%;||}&#8221; border_radii=&#8221;on|16px|16px|16px|16px&#8221; box_shadow_style=&#8221;preset3&#8243; locked=&#8221;off&#8221; global_colors_info=&#8221;{}&#8221;]<!-- [et_pb_line_break_holder] --><\/p>\n<div class=\"rueckblick-kachel\"><!-- [et_pb_line_break_holder] -->        <img decoding=\"async\" class=\"rueckblick-img\" src=\"https:\/\/www.medinik.de\/wp-content\/uploads\/2024\/09\/Veranstaltung4_AUA24_Antonio_Aussschnitt@3x.jpg\"><!-- [et_pb_line_break_holder] -->\t<\/p>\n<div class=\"rueckblick-textarea\"><!-- [et_pb_line_break_holder] -->  <!-- [et_pb_line_break_holder] -->    <\/p>\n<div class=\"rueckblick-date-row\"><!-- [et_pb_line_break_holder] -->      <pee class=\"rueckblick-date\">03 \u2013 06 May 2024<\/pee><!-- [et_pb_line_break_holder] -->      <\/p>\n<div id=\"rueckblick-btn\" class=\"btn-accordion-open rueckblick-btn\"><!-- [et_pb_line_break_holder] -->        <img decoding=\"async\" src=\"\/wp-content\/uploads\/2024\/09\/arrow-right-sharp-light.svg\" alt=\"Pfeil\"><!-- [et_pb_line_break_holder] -->      <\/div>\n<p><!-- [et_pb_line_break_holder] -->    <\/div>\n<p><!-- [et_pb_line_break_holder] --><!-- [et_pb_line_break_holder] -->    <\/p>\n<h4 class=\"rueckblick-h4\">AUA24, Antonio, Texas<\/h4>\n<p><!-- [et_pb_line_break_holder] -->      <pee class=\"rueckblick-infotext rueckblick-infotext-fadet\">The annual meeting of the AUA, the American Urological Association, was held in Antonio, Texas. In addition to an extensive and varied scientific program, the latest innovations in urological medicine and many exciting new products from the exhibiting companies in the field of urology were also on the agenda during these days. In a semi-live session, Dr Thomas Amiel presented our innovative mediNiK\u00aehydrogel method,  which increases the effectiveness of endoscopic kidney stone removal after lithotripsy, and invited participants to our FARCO stand for debriefing.<\/pee><!-- [et_pb_line_break_holder] --><!-- [et_pb_line_break_holder] -->  <\/div>\n<p><!-- [et_pb_line_break_holder] --><!-- [et_pb_line_break_holder] --><\/div>\n<p><!-- [et_pb_line_break_holder] -->[\/et_pb_code][et_pb_code _builder_version=&#8221;4.27.0&#8243; _module_preset=&#8221;default&#8221; custom_margin=&#8221;0px|0px||0px|false|false&#8221; custom_margin_tablet=&#8221;||||false|false&#8221; custom_margin_phone=&#8221;|||0px|false|false&#8221; custom_margin_last_edited=&#8221;on|desktop&#8221; custom_padding=&#8221;0px|0px|0px|0px|false|true&#8221; custom_css_main_element=&#8221;flex: 0 0 31%;||box-shadow: 0px 2px 18px 0px rgba(0,0,0,0.1);||transition: box-shadow 0.3s ease;||||@media only screen and (max-width: 980px) {||  flex: 0 0 48%;||}||||@media only screen and (max-width: 767px) {||  flex: 0 0 100%;||}&#8221; border_radii=&#8221;on|16px|16px|16px|16px&#8221; box_shadow_style=&#8221;preset3&#8243; global_colors_info=&#8221;{}&#8221;]<!-- [et_pb_line_break_holder] --><\/p>\n<div class=\"rueckblick-kachel\"><!-- [et_pb_line_break_holder] -->        <img decoding=\"async\" class=\"rueckblick-img\" src=\"\/wp-content\/uploads\/2024\/09\/Veranstaltung3-Bonner_Forum_Ausschnitt@3x.jpg\"><!-- [et_pb_line_break_holder] -->\t<\/p>\n<div class=\"rueckblick-textarea\"><!-- [et_pb_line_break_holder] -->  <!-- [et_pb_line_break_holder] -->    <\/p>\n<div class=\"rueckblick-date-row\"><!-- [et_pb_line_break_holder] -->      <pee class=\"rueckblick-date\">13 April 2024<\/pee><!-- [et_pb_line_break_holder] -->      <\/p>\n<div id=\"rueckblick-btn\" class=\"btn-accordion-open rueckblick-btn\"><!-- [et_pb_line_break_holder] -->        <img decoding=\"async\" src=\"\/wp-content\/uploads\/2024\/09\/arrow-right-sharp-light.svg\" alt=\"Pfeil\"><!-- [et_pb_line_break_holder] -->      <\/div>\n<p><!-- [et_pb_line_break_holder] -->    <\/div>\n<p><!-- [et_pb_line_break_holder] --><!-- [et_pb_line_break_holder] -->    <\/p>\n<h4 class=\"rueckblick-h4\">2. Bonn Forum on Recurrent Urolithiasis, Bonn<\/h4>\n<p><!-- [et_pb_line_break_holder] -->      <pee class=\"rueckblick-infotext rueckblick-infotext-fadet\">The Bonn Forum is an important event focussing on the discussion and exchange of information on recurrent urolithiasis. A FARCO team was present on site with an exhibition stand and the mediNiK\u00ae dummy. In a presentation by Prof Neisius (Brothers of Mercy Hospital, Trier), the effectiveness and benefits of mediNiK\u00ae were discussed.<\/pee><!-- [et_pb_line_break_holder] --><!-- [et_pb_line_break_holder] -->  <\/div>\n<p><!-- [et_pb_line_break_holder] --><!-- [et_pb_line_break_holder] --><\/div>\n<p><!-- [et_pb_line_break_holder] -->[\/et_pb_code][et_pb_code _builder_version=&#8221;4.27.4&#8243; _module_preset=&#8221;default&#8221; custom_margin=&#8221;0px|0px||0px|false|false&#8221; custom_margin_tablet=&#8221;||||false|false&#8221; custom_margin_phone=&#8221;|||0px|false|false&#8221; custom_margin_last_edited=&#8221;on|desktop&#8221; custom_padding=&#8221;0px|0px|0px|0px|false|true&#8221; custom_css_main_element=&#8221;flex: 0 0 31%;||box-shadow: 0px 2px 18px 0px rgba(0,0,0,0.1);||transition: box-shadow 0.3s ease;||||@media only screen and (max-width: 980px) {||  flex: 0 0 48%;||}||||@media only screen and (max-width: 767px) {||  flex: 0 0 100%;||}&#8221; border_radii=&#8221;on|16px|16px|16px|16px&#8221; box_shadow_style=&#8221;preset3&#8243; locked=&#8221;off&#8221; global_colors_info=&#8221;{}&#8221;]<!-- [et_pb_line_break_holder] --><\/p>\n<div id=\"rueckblick-kachel-heidelberg\" class=\"rueckblick-kachel\"><!-- [et_pb_line_break_holder] -->        <img decoding=\"async\" class=\"rueckblick-img\" src=\"\/wp-content\/uploads\/2024\/09\/Veranstaltung5_EAU24_Ausschnitt@3x.jpg\"><!-- [et_pb_line_break_holder] -->\t<\/p>\n<div class=\"rueckblick-textarea\"><!-- [et_pb_line_break_holder] -->  <!-- [et_pb_line_break_holder] -->    <\/p>\n<div class=\"rueckblick-date-row\"><!-- [et_pb_line_break_holder] -->      <pee class=\"rueckblick-date\">05 \u2013 08 April 2024<\/pee><!-- [et_pb_line_break_holder] -->      <\/p>\n<div id=\"rueckblick-btn\" class=\"btn-accordion-open rueckblick-btn\"><!-- [et_pb_line_break_holder] -->        <img decoding=\"async\" src=\"\/wp-content\/uploads\/2024\/09\/arrow-right-sharp-light.svg\" alt=\"Pfeil\"><!-- [et_pb_line_break_holder] -->      <\/div>\n<p><!-- [et_pb_line_break_holder] -->    <\/div>\n<p><!-- [et_pb_line_break_holder] --><!-- [et_pb_line_break_holder] -->    <\/p>\n<h4 class=\"rueckblick-h4\">EAU24, Paris<\/h4>\n<p><!-- [et_pb_line_break_holder] -->      <pee id=\"infotext-rueckblick-heidelberg\" class=\"rueckblick-infotext rueckblick-infotext-fadet\">The 39. This year&#8217;s EAU Annual Congress took place in Paris. The innovative hydrogel method was presented in a semi-live session with Dr Thomas Amiel, TUM Munich, on 6 April. There was also a product demonstration at the FARCO stand with the opportunity to ask our experts questions on site.<\/pee><!-- [et_pb_line_break_holder] --><!-- [et_pb_line_break_holder] -->  <\/div>\n<p><!-- [et_pb_line_break_holder] --><!-- [et_pb_line_break_holder] --><\/div>\n<p><!-- [et_pb_line_break_holder] -->[\/et_pb_code][et_pb_code _builder_version=&#8221;4.27.0&#8243; _module_preset=&#8221;default&#8221; custom_margin=&#8221;0px|0px||0px|false|false&#8221; custom_margin_tablet=&#8221;||||false|false&#8221; custom_margin_phone=&#8221;|||0px|false|false&#8221; custom_margin_last_edited=&#8221;on|desktop&#8221; custom_padding=&#8221;0px|0px|0px|0px|false|true&#8221; custom_css_main_element=&#8221;flex: 0 0 31%;||box-shadow: 0px 2px 18px 0px rgba(0,0,0,0.1);||transition: box-shadow 0.3s ease;||||@media only screen and (max-width: 980px) {||  flex: 0 0 48%;||}||||@media only screen and (max-width: 767px) {||  flex: 0 0 100%;||}&#8221; border_radii=&#8221;on|16px|16px|16px|16px&#8221; box_shadow_style=&#8221;preset3&#8243; locked=&#8221;off&#8221; global_colors_info=&#8221;{}&#8221;]<!-- [et_pb_line_break_holder] --><\/p>\n<div class=\"rueckblick-kachel\"><!-- [et_pb_line_break_holder] -->        <img decoding=\"async\" class=\"rueckblick-img\" src=\"\/wp-content\/uploads\/2024\/09\/Veranstaltung2_UROtech_24_Wien_Ausschnitt@3x.jpg\"><!-- [et_pb_line_break_holder] -->\t<\/p>\n<div class=\"rueckblick-textarea\"><!-- [et_pb_line_break_holder] -->  <!-- [et_pb_line_break_holder] -->    <\/p>\n<div class=\"rueckblick-date-row\"><!-- [et_pb_line_break_holder] -->      <pee class=\"rueckblick-date\">25 \u2013 27 January 2024<\/pee><!-- [et_pb_line_break_holder] -->      <\/p>\n<div id=\"rueckblick-btn\" class=\"btn-accordion-open rueckblick-btn\"><!-- [et_pb_line_break_holder] -->        <img decoding=\"async\" src=\"\/wp-content\/uploads\/2024\/09\/arrow-right-sharp-light.svg\" alt=\"Pfeil\"><!-- [et_pb_line_break_holder] -->      <\/div>\n<p><!-- [et_pb_line_break_holder] -->    <\/div>\n<p><!-- [et_pb_line_break_holder] --><!-- [et_pb_line_break_holder] -->    <\/p>\n<h4 class=\"rueckblick-h4\">UROtech 24, Vienna<\/h4>\n<p><!-- [et_pb_line_break_holder] -->      <pee class=\"rueckblick-infotext rueckblick-infotext-fadet\">For the second time, the EAU Sections of Uro-Technology and Urolithiasis were brought together for a three-day event in collaboration with the EAU Robotic Urology Section and the EAU Working Group on Paediatric Urology. Among other things, the numerous visitors were able to watch live how the innovative hydrogel method mediNiK\u00ae hydrogel method was used for residue-free stone removal after ureteroscopic laser lithotripsy. Top surgeons Dr M. Straub and Prof. Dr J. Rassweiler as well as Dr T. Amiel removed the remaining stone fragments during a live operation using the new surgical procedure.<\/pee><!-- [et_pb_line_break_holder] --><!-- [et_pb_line_break_holder] -->  <\/div>\n<p><!-- [et_pb_line_break_holder] --><!-- [et_pb_line_break_holder] --><\/div>\n<p><!-- [et_pb_line_break_holder] -->[\/et_pb_code][et_pb_code _builder_version=&#8221;4.27.0&#8243; _module_preset=&#8221;default&#8221; custom_margin=&#8221;0px|0px||0px|false|false&#8221; custom_margin_tablet=&#8221;||||false|false&#8221; custom_margin_phone=&#8221;|||0px|false|false&#8221; custom_margin_last_edited=&#8221;on|desktop&#8221; custom_padding=&#8221;0px|0px|0px|0px|false|true&#8221; custom_css_main_element=&#8221;flex: 0 0 31%;||box-shadow: 0px 2px 18px 0px rgba(0,0,0,0.1);||transition: box-shadow 0.3s ease;||||@media only screen and (max-width: 980px) {||  flex: 0 0 48%;||}||||@media only screen and (max-width: 767px) {||  flex: 0 0 100%;||}&#8221; border_radii=&#8221;on|16px|16px|16px|16px&#8221; box_shadow_style=&#8221;preset3&#8243; global_colors_info=&#8221;{}&#8221;]<!-- [et_pb_line_break_holder] --><\/p>\n<div class=\"rueckblick-kachel\"><!-- [et_pb_line_break_holder] -->        <img decoding=\"async\" class=\"rueckblick-img\" src=\"\/wp-content\/uploads\/2024\/09\/Veranstaltung1_Semi_Live_Heidelberg_Ausschnitt@3x.jpg\"><!-- [et_pb_line_break_holder] -->\t<\/p>\n<div class=\"rueckblick-textarea\"><!-- [et_pb_line_break_holder] -->  <!-- [et_pb_line_break_holder] -->    <\/p>\n<div class=\"rueckblick-date-row\"><!-- [et_pb_line_break_holder] -->      <pee class=\"rueckblick-date\">18 \u2013 20 January 2024<\/pee><!-- [et_pb_line_break_holder] -->      <\/p>\n<div id=\"rueckblick-btn\" class=\"btn-accordion-open rueckblick-btn\"><!-- [et_pb_line_break_holder] -->        <img decoding=\"async\" src=\"\/wp-content\/uploads\/2024\/09\/arrow-right-sharp-light.svg\" alt=\"Pfeil\"><!-- [et_pb_line_break_holder] -->      <\/div>\n<p><!-- [et_pb_line_break_holder] -->    <\/div>\n<p><!-- [et_pb_line_break_holder] --><!-- [et_pb_line_break_holder] -->    <\/p>\n<h4 class=\"rueckblick-h4\">Semi-live 2024 specialist congress, Heidelberg<\/h4>\n<p><!-- [et_pb_line_break_holder] -->      <pee class=\"rueckblick-infotext rueckblick-infotext-fadet\">Around 260 doctors came together to discuss the latest surgical techniques and learn from one other. FARCO was on site to present the new mediNiK\u00ae hydrogel method for residue-free stone removal after ureteroscopic laser lithotripsy.<\/pee><!-- [et_pb_line_break_holder] --><!-- [et_pb_line_break_holder] -->  <\/div>\n<p><!-- [et_pb_line_break_holder] --><!-- [et_pb_line_break_holder] --><\/div>\n<p><!-- [et_pb_line_break_holder] -->[\/et_pb_code][\/et_pb_column][\/et_pb_row][et_pb_row use_custom_gutter=&#8221;on&#8221; disabled_on=&#8221;off|off|off&#8221; module_class=&#8221;rueckblick-row&#8221; _builder_version=&#8221;4.27.4&#8243; _module_preset=&#8221;default&#8221; width_tablet=&#8221;&#8221; width_phone=&#8221;&#8221; width_last_edited=&#8221;on|tablet&#8221; max_width=&#8221;1120px&#8221; custom_padding=&#8221;0px||0px||false|false&#8221; hover_enabled=&#8221;0&#8243; global_colors_info=&#8221;{}&#8221; sticky_enabled=&#8221;0&#8243; locked=&#8221;off&#8221;][et_pb_column type=&#8221;4_4&#8243; _builder_version=&#8221;4.27.4&#8243; _module_preset=&#8221;default&#8221; global_colors_info=&#8221;{}&#8221;][et_pb_code _builder_version=&#8221;4.27.4&#8243; _module_preset=&#8221;default&#8221; hover_enabled=&#8221;0&#8243; custom_css_main_element=&#8221;\/* || * MediaNik R\u00fcckblicke Styles|| * || * Styling f\u00fcr R\u00fcckblick-Kacheln mit responsivem Grid-Layout|| *\/||||\/* Container f\u00fcr R\u00fcckblicke mit Grid-Layout *\/||.rueckblick-container {||    display: grid;||    grid-template-columns: 1fr 1fr 1fr;||    grid-gap: 30px;||    width: 100%;||    margin: 0 auto;||}||||\/**************************************\/||\/**********R\u00fcckblick Kacheln***********\/||\/**************************************\/||.rueckblick-kachel{||    min-height: 480px;||    display: flex;||    flex-direction: column;||    background-color: #ffffff;||    border-radius: 16px;||    overflow: hidden;||    box-shadow: 0 4px 10px rgba(0, 0, 0, 0.1);||}||||.rueckblick-img {||    max-height: 220px;||    width: 100%; ||    object-fit: cover;||}||||.rueckblick-textarea{||    padding: 15px 15px 15px 15px;||    line-height: 1.42em;||    flex-grow: 1;||    display: flex;||    flex-direction: column;||    position: relative;||}||||.rueckblick-button-box {||    display: flex;||    flex-direction: column;||    grid-gap: 0px;||}||||.rueckblick-date-row {||    display: flex;||    justify-content: space-between;||    align-items: flex-start;||    margin-bottom: 10px;||}||||.rueckblick-date {||    font-size: 14px !important;||    max-width: 80%;||    margin: 0;||    display: inline-block;||}||||.rueckblick-btn {||    cursor: pointer;||    transition: transform 0.3s ease;||}||||.btn-accordion-open-rotated {||    transform: rotate(270deg);||}||||.rueckblick-h4 {||    font-size: 20px !important;||    max-width: 90%;||    margin: 0;||    overflow-wrap: break-word;||    min-height: 50px;||    color: #253746;||}||||.rueckblick-infotext {||    font-size: 14px !important;||    max-width: 100%;||    margin: 0;||    overflow: hidden;||    transition: max-height 0.5s ease;||    position: relative;||}||||\/* Fading Effekt am unteren Rand *\/||.rueckblick-infotext-fadet::after {||    content: &#8221;;||    position: absolute;||    bottom: 0;||    left: 0;||    right: 0;||    height: 100px; \/* H\u00f6he des Fades *\/||    background: linear-gradient(to bottom, rgba(255, 255, 255, 0) 60%, rgba(255, 255, 255, 1) 90%);||    pointer-events: none;||}||||\/* Responsive Design *\/||@media (max-width: 980px) {||    .rueckblick-container {||        grid-template-columns: 1fr 1fr;||    }||}||||@media (max-width: 767px) {||    .rueckblick-container {||        grid-template-columns: 1fr;||        grid-gap: 20px;||    }||||    .rueckblick-kachel {||        min-height: 400px;||    }||||    .rueckblick-h4 {||        min-height: 40px;||    }||}&#8221; global_colors_info=&#8221;{}&#8221; sticky_enabled=&#8221;0&#8243;]<div class=\"rueckblick-container\">        <div class=\"rueckblick-kachel\">\n            <img decoding=\"async\" class=\"rueckblick-img\" src=\"https:\/\/www.medinik.de\/wp-content\/uploads\/2026\/04\/EAU26_London_8094_kl.jpg\">\n            <div class=\"rueckblick-textarea\">\n                <div class=\"rueckblick-date-row\">\n                    <p class=\"rueckblick-date\">March 13 - 16, 2026<\/p>\n                    <div class=\"btn-accordion-open rueckblick-btn\">\n                        <img decoding=\"async\" src=\"\/wp-content\/uploads\/2024\/09\/arrow-right-sharp-light.svg\" alt=\"Pfeil\">\n                    <\/div>\n                <\/div>\n                <h4 class=\"rueckblick-h4\">EAU26, London<\/h4>\n                <div class=\"rueckblick-infotext rueckblick-infotext-fadet\">\n                    <p>The 41st EAU Congress took place from March 21\u201324 in London and provided a concise overview of current trends and innovations in urology. The focus was on new therapeutic approaches and digital solutions in patient care. Our innovative hydrogel method mediNiK\u00ae was also presented in a semi-live session. You can watch the presentation\u00a0<a href=\"https:\/\/www.medinik.de\/en\/med-speciality\/#trainingsvideo_en\"><u>here<\/u><\/a>. At the FARCO booth, visitors had the opportunity to experience a product demonstration and speak directly with our experts on site.<\/p>\n                <\/div>\n            <\/div>\n        <\/div>\n                <div class=\"rueckblick-kachel\">\n            <img decoding=\"async\" class=\"rueckblick-img\" src=\"https:\/\/www.medinik.de\/wp-content\/uploads\/2026\/03\/260302_83900504_FARCO_Service_2026_EAU-Masterclass_ret_kl.jpg\">\n            <div class=\"rueckblick-textarea\">\n                <div class=\"rueckblick-date-row\">\n                    <p class=\"rueckblick-date\">February 26 - 27, 2026<\/p>\n                    <div class=\"btn-accordion-open rueckblick-btn\">\n                        <img decoding=\"async\" src=\"\/wp-content\/uploads\/2024\/09\/arrow-right-sharp-light.svg\" alt=\"Pfeil\">\n                    <\/div>\n                <\/div>\n                <h4 class=\"rueckblick-h4\">Masterclass on Metabolics in Stone disease, Paris 2026<\/h4>\n                <div class=\"rueckblick-infotext rueckblick-infotext-fadet\">\n                    <p>The 1st EAU Masterclass on Metabolics in Stone Disease took place on February 26\u201327, 2026, at Tenon Hospital in Paris, offering 50 participants an in-depth update on advances in genetics, patho&shy;physiology, diagnosis, prevention, and metabolic management of stone disease. In this expert setting, our innova&shy;tive Hydrogel Method mediNiK\u00ae was presented and generated strong interest among attendees.<\/p>\n                <\/div>\n            <\/div>\n        <\/div>\n                <div class=\"rueckblick-kachel\">\n            <img decoding=\"async\" class=\"rueckblick-img\" src=\"https:\/\/www.medinik.de\/wp-content\/uploads\/2025\/12\/ICE25_IMG_7582_heller.jpg\">\n            <div class=\"rueckblick-textarea\">\n                <div class=\"rueckblick-date-row\">\n                    <p class=\"rueckblick-date\">November 27 - 29, 2025<\/p>\n                    <div class=\"btn-accordion-open rueckblick-btn\">\n                        <img decoding=\"async\" src=\"\/wp-content\/uploads\/2024\/09\/arrow-right-sharp-light.svg\" alt=\"Pfeil\">\n                    <\/div>\n                <\/div>\n                <h4 class=\"rueckblick-h4\">ICE25, Rome<\/h4>\n                <div class=\"rueckblick-infotext rueckblick-infotext-fadet\">\n                    <p>The first edition of the Inter&shy;national Conference on Endourology, organised by the EAU\u2019s new Endo&shy;urology Section, took success&shy;fully place with over 1000 participants. All endo&shy;urological procedures, both upper and lower urinary tract, including prostate and urothelial tumors were covered. Our innovative hydrogel method <strong>mediNiK\u00ae<\/strong> was also presented in an abstract session and a semi-live surgery session.You can watch the presentation <a href=\"https:\/\/www.medinik.de\/en\/med-speciality\/#video-semi-live-ice25-rom\"><u>here<\/u><\/a>.<\/p>\n                <\/div>\n            <\/div>\n        <\/div>\n                <div class=\"rueckblick-kachel\">\n            <img decoding=\"async\" class=\"rueckblick-img\" src=\"https:\/\/www.medinik.de\/wp-content\/uploads\/2025\/03\/Rueckblick-40.-EAU-Kongress-Ausschnitt-2.jpg\">\n            <div class=\"rueckblick-textarea\">\n                <div class=\"rueckblick-date-row\">\n                    <p class=\"rueckblick-date\">March 21 - 24, 2025<\/p>\n                    <div class=\"btn-accordion-open rueckblick-btn\">\n                        <img decoding=\"async\" src=\"\/wp-content\/uploads\/2024\/09\/arrow-right-sharp-light.svg\" alt=\"Pfeil\">\n                    <\/div>\n                <\/div>\n                <h4 class=\"rueckblick-h4\">EAU25, Madrid<\/h4>\n                <div class=\"rueckblick-infotext rueckblick-infotext-fadet\">\n                    <p>The scientific program of the 40th EAU Congress spanned four days and included a wide range of activities, such as live surgeries, state-of-the-art lectures, and patient discussions.Our innovative hydrogel method <b>mediNiK\u00ae<\/b> was also presented in engaging live and semi-live sessions. <span data-teams=\"true\">You can watch the presentation\u00a0<u><a href=\"\/en\/med-fachbereich\/#video-semi-live-eau-madrid-2025\">here<\/a>.<\/u><\/span> At the <b>FARCO<\/b> booth, visitors had the opportunity to experience a product demonstration and speak directly with our on-site experts.<\/p>\n                <\/div>\n            <\/div>\n        <\/div>\n                <div class=\"rueckblick-kachel\">\n            <img decoding=\"async\" class=\"rueckblick-img\" src=\"https:\/\/www.medinik.de\/wp-content\/uploads\/2024\/09\/Veranstaltung6_SWDGU_2024_Ausschnitt@3x.jpg\">\n            <div class=\"rueckblick-textarea\">\n                <div class=\"rueckblick-date-row\">\n                    <p class=\"rueckblick-date\">June 19 - 22, 2024<\/p>\n                    <div class=\"btn-accordion-open rueckblick-btn\">\n                        <img decoding=\"async\" src=\"\/wp-content\/uploads\/2024\/09\/arrow-right-sharp-light.svg\" alt=\"Pfeil\">\n                    <\/div>\n                <\/div>\n                <h4 class=\"rueckblick-h4\">SWDGU 2024, Freiburg<\/h4>\n                <div class=\"rueckblick-infotext rueckblick-infotext-fadet\">\n                    <p>The semi-live session on &#8220;RIRS with coagulation-guided fragment extraction using a hydrogel&#8221; was presented by Dr M. Straub and Prof J. Rassweiler at the 64th Annual Meeting of the Southwest German Society of Urology. At the FARCO stand, questions about our products, including the innovative mediNiK\u00ae hydrogel method were answered.<\/p>\n                <\/div>\n            <\/div>\n        <\/div>\n                <div class=\"rueckblick-kachel\">\n            <img decoding=\"async\" class=\"rueckblick-img\" src=\"https:\/\/www.medinik.de\/wp-content\/uploads\/2024\/09\/Veranstaltung4_AUA24_Antonio_Aussschnitt@3x.jpg\">\n            <div class=\"rueckblick-textarea\">\n                <div class=\"rueckblick-date-row\">\n                    <p class=\"rueckblick-date\">May 2 - 6, 2024<\/p>\n                    <div class=\"btn-accordion-open rueckblick-btn\">\n                        <img decoding=\"async\" src=\"\/wp-content\/uploads\/2024\/09\/arrow-right-sharp-light.svg\" alt=\"Pfeil\">\n                    <\/div>\n                <\/div>\n                <h4 class=\"rueckblick-h4\">AUA24, Antonio, Texas<\/h4>\n                <div class=\"rueckblick-infotext rueckblick-infotext-fadet\">\n                    <p>The annual meeting of the AUA, the American Urological Association, was held in Antonio, Texas. In addition to an extensive and varied scientific program, the latest innovations in urological medicine and many exciting new products from the exhibiting companies in the field of urology were also on the agenda during these days. In a semi-live session, Dr Thomas Amiel presented our innovative mediNiK\u00aehydrogel method, which increases the effectiveness of endoscopic kidney stone removal after lithotripsy, and invited participants to our FARCO stand for debriefing<\/p>\n                <\/div>\n            <\/div>\n        <\/div>\n                <div class=\"rueckblick-kachel\">\n            <img decoding=\"async\" class=\"rueckblick-img\" src=\"https:\/\/www.medinik.de\/wp-content\/uploads\/2024\/09\/Veranstaltung3-Bonner_Forum_Ausschnitt@3x.jpg\">\n            <div class=\"rueckblick-textarea\">\n                <div class=\"rueckblick-date-row\">\n                    <p class=\"rueckblick-date\">April 13, 2024<\/p>\n                    <div class=\"btn-accordion-open rueckblick-btn\">\n                        <img decoding=\"async\" src=\"\/wp-content\/uploads\/2024\/09\/arrow-right-sharp-light.svg\" alt=\"Pfeil\">\n                    <\/div>\n                <\/div>\n                <h4 class=\"rueckblick-h4\">2. Bonn Forum on Recurrent Urolithiasis, Bonn<\/h4>\n                <div class=\"rueckblick-infotext rueckblick-infotext-fadet\">\n                    <p>The Bonn Forum is an important event focussing on the discussion and exchange of information on recurrent urolithiasis. A FARCO team was present on site with an exhibition stand and the mediNiK\u00ae\u00a0dummy. In a presentation by Prof Neisius (Brothers of Mercy Hospital, Trier), the effectiveness and benefits of mediNiK\u00ae\u00a0were discussed.<\/p>\n                <\/div>\n            <\/div>\n        <\/div>\n                <div class=\"rueckblick-kachel\">\n            <img decoding=\"async\" class=\"rueckblick-img\" src=\"https:\/\/www.medinik.de\/wp-content\/uploads\/2024\/09\/Veranstaltung5_EAU24_Ausschnitt@3x.jpg\">\n            <div class=\"rueckblick-textarea\">\n                <div class=\"rueckblick-date-row\">\n                    <p class=\"rueckblick-date\">April 5 - 8, 2024<\/p>\n                    <div class=\"btn-accordion-open rueckblick-btn\">\n                        <img decoding=\"async\" src=\"\/wp-content\/uploads\/2024\/09\/arrow-right-sharp-light.svg\" alt=\"Pfeil\">\n                    <\/div>\n                <\/div>\n                <h4 class=\"rueckblick-h4\">EAU24, Paris<\/h4>\n                <div class=\"rueckblick-infotext rueckblick-infotext-fadet\">\n                    <p>The 39. This year&#8217;s EAU Annual Congress took place in Paris. The innovative hydrogel method was presented in a semi-live session with Dr Thomas Amiel, TUM Munich, on 6 April. There was also a product demonstration at the FARCO stand with the opportunity to ask our experts questions on site<\/p>\n                <\/div>\n            <\/div>\n        <\/div>\n                <div class=\"rueckblick-kachel\">\n            <img decoding=\"async\" class=\"rueckblick-img\" src=\"https:\/\/www.medinik.de\/wp-content\/uploads\/2024\/09\/Veranstaltung2_UROtech_24_Wien_Ausschnitt@3x.jpg\">\n            <div class=\"rueckblick-textarea\">\n                <div class=\"rueckblick-date-row\">\n                    <p class=\"rueckblick-date\">January 25 - 27, 2024<\/p>\n                    <div class=\"btn-accordion-open rueckblick-btn\">\n                        <img decoding=\"async\" src=\"\/wp-content\/uploads\/2024\/09\/arrow-right-sharp-light.svg\" alt=\"Pfeil\">\n                    <\/div>\n                <\/div>\n                <h4 class=\"rueckblick-h4\">UROtech 24, Vienna<\/h4>\n                <div class=\"rueckblick-infotext rueckblick-infotext-fadet\">\n                    <p>For the second time, the EAU Sections of Uro-Technology and Urolithiasis were brought together for a three-day event in collaboration with the EAU Robotic Urology Section and the EAU Working Group on Paediatric Urology. Among other things, the numerous visitors were able to watch live how the innovative hydrogel method mediNiK\u00ae hydrogel method was used for residue-free stone removal after ureteroscopic laser lithotripsy. Top surgeons Dr M. Straub and Prof. Dr J. Rassweiler as well as Dr T. Amiel removed the remaining stone fragments during a live operation using the new surgical procedure.<\/p>\n                <\/div>\n            <\/div>\n        <\/div>\n                <div class=\"rueckblick-kachel\">\n            <img decoding=\"async\" class=\"rueckblick-img\" src=\"https:\/\/www.medinik.de\/wp-content\/uploads\/2024\/09\/Veranstaltung1_Semi_Live_Heidelberg_Ausschnitt@3x.jpg\">\n            <div class=\"rueckblick-textarea\">\n                <div class=\"rueckblick-date-row\">\n                    <p class=\"rueckblick-date\">January 18 - 20, 2024<\/p>\n                    <div class=\"btn-accordion-open rueckblick-btn\">\n                        <img decoding=\"async\" src=\"\/wp-content\/uploads\/2024\/09\/arrow-right-sharp-light.svg\" alt=\"Pfeil\">\n                    <\/div>\n                <\/div>\n                <h4 class=\"rueckblick-h4\">Semi-live 2024 specialist congress, Heidelberg<\/h4>\n                <div class=\"rueckblick-infotext rueckblick-infotext-fadet\">\n                    <p>Around 260 doctors came together to discuss the latest surgical techniques and learn from one other. FARCO was on site to present the new mediNiK\u00ae hydrogel method for residue-free stone removal after ureteroscopic laser lithotripsy.<\/p>\n                <\/div>\n            <\/div>\n        <\/div>\n        <\/div>[\/et_pb_code][\/et_pb_column][\/et_pb_row][\/et_pb_section][et_pb_section fb_built=&#8221;1&#8243; custom_padding_last_edited=&#8221;on|phone&#8221; disabled_on=&#8221;on|on|on&#8221; module_id=&#8221;newsletter-formular&#8221; _builder_version=&#8221;4.27.2&#8243; _module_preset=&#8221;default&#8221; custom_padding=&#8221;0px||100px||false|false&#8221; custom_padding_tablet=&#8221;0px||100px||false|false&#8221; custom_padding_phone=&#8221;0px||40px||false|false&#8221; disabled=&#8221;on&#8221; global_module=&#8221;3792&#8243; saved_tabs=&#8221;all&#8221; locked=&#8221;off&#8221; global_colors_info=&#8221;{}&#8221;][et_pb_row _builder_version=&#8221;4.27.0&#8243; _module_preset=&#8221;default&#8221; max_width=&#8221;1120px&#8221; custom_padding=&#8221;0px||40px||false|false&#8221; global_colors_info=&#8221;{}&#8221;][et_pb_column type=&#8221;4_4&#8243; _builder_version=&#8221;4.27.0&#8243; _module_preset=&#8221;default&#8221; global_colors_info=&#8221;{}&#8221;][et_pb_text _builder_version=&#8221;4.27.0&#8243; _module_preset=&#8221;default&#8221; custom_margin=&#8221;||30px||false|false&#8221; custom_padding=&#8221;||0px||false|false&#8221; locked=&#8221;off&#8221; global_colors_info=&#8221;{}&#8221;]<\/p>\n<h2 style=\"text-align: center;\">Stay informed.<\/h2>\n<p>[\/et_pb_text][et_pb_text _builder_version=&#8221;4.27.0&#8243; _module_preset=&#8221;b9c94d4c-95f5-4ec2-9ad7-b4ff525e14cc&#8221; max_width=&#8221;900px&#8221; module_alignment=&#8221;center&#8221; global_colors_info=&#8221;{}&#8221;]<\/p>\n<p style=\"text-align: center;\">Subscribe to our newsletter to receive news and information about mediNiK\u00ae regularly.<\/p>\n<p>[\/et_pb_text][\/et_pb_column][\/et_pb_row][et_pb_row module_class=&#8221;row-newsletter&#8221; _builder_version=&#8221;4.27.0&#8243; _module_preset=&#8221;default&#8221; max_width=&#8221;1120px&#8221; height=&#8221;85px&#8221; border_radii=&#8221;on|16px|16px|16px|16px&#8221; border_width_all=&#8221;1px&#8221; border_color_all=&#8221;#A6ADB3&#8243; locked=&#8221;off&#8221; global_colors_info=&#8221;{}&#8221;][et_pb_column type=&#8221;4_4&#8243; _builder_version=&#8221;4.27.0&#8243; _module_preset=&#8221;default&#8221; global_colors_info=&#8221;{}&#8221;][et_pb_contact_form captcha=&#8221;off&#8221; email=&#8221;julia.walla@farco-pharma.de&#8221; custom_message=&#8221;Eine Person hat sich \u00fcber medinik.de f\u00fcr den Newsletter angemeldet:||et_pb_line_break_holder||E-Mail: %%email%%&#8221; submit_button_text=&#8221;Log in&#8221; module_class=&#8221;custom-contact-form&#8221; _builder_version=&#8221;4.27.0&#8243; _module_preset=&#8221;_initial&#8221; _unique_id=&#8221;5ea19a4f-b5fd-4dd0-897e-68aa1ca53c42&#8243; form_field_background_color=&#8221;#FFFFFF&#8221; form_field_text_color=&#8221;#253746&#8243; form_field_custom_padding=&#8221;10px|10px|10px|10px|true|true&#8221; title_level=&#8221;h4&#8243; title_font=&#8221;|600|||||||&#8221; title_font_size=&#8221;24px&#8221; title_letter_spacing=&#8221;-0.5px&#8221; title_line_height=&#8221;1.3em&#8221; form_field_line_height=&#8221;1.5em&#8221; custom_button=&#8221;on&#8221; button_text_size=&#8221;16px&#8221; button_text_color=&#8221;#309F52&#8243; button_bg_color=&#8221;#FFFFFF&#8221; button_border_width=&#8221;1px&#8221; button_border_color=&#8221;#309F52&#8243; button_border_radius=&#8221;28px&#8221; button_letter_spacing=&#8221;1px&#8221; button_font=&#8221;|600||on|||||&#8221; button_icon=&#8221;&#x24;||divi||400&#8243; button_on_hover=&#8221;off&#8221; button_custom_margin=&#8221;8px||||false|false&#8221; button_custom_padding=&#8221;6px|50px|6px|20px|true|false&#8221; custom_margin=&#8221;||||false|false&#8221; title_font_size_tablet=&#8221;20px&#8221; title_font_size_phone=&#8221;16px&#8221; title_font_size_last_edited=&#8221;on|phone&#8221; title_line_height_tablet=&#8221;1.4em&#8221; title_line_height_phone=&#8221;1.5em&#8221; title_line_height_last_edited=&#8221;on|phone&#8221; button_text_size_tablet=&#8221;&#8221; button_text_size_phone=&#8221;12px&#8221; button_text_size_last_edited=&#8221;on|phone&#8221; border_width_all=&#8221;1px&#8221; border_color_all=&#8221;RGBA(37,55,70,0.2)&#8221; locked=&#8221;off&#8221; global_colors_info=&#8221;{}&#8221; button_text_color__hover_enabled=&#8221;on|hover&#8221; button_bg_color__hover_enabled=&#8221;on|desktop&#8221; button_text_color__hover=&#8221;#FFFFFF&#8221; button_bg_color__hover=&#8221;#309F52&#8243; button_bg_enable_color__hover=&#8221;on&#8221;][et_pb_contact_field field_id=&#8221;Email&#8221; field_title=&#8221;Email address&#8221; field_type=&#8221;email&#8221; _builder_version=&#8221;4.27.0&#8243; _module_preset=&#8221;default&#8221; global_colors_info=&#8221;{}&#8221; button_text_size__hover_enabled=&#8221;off&#8221; button_one_text_size__hover_enabled=&#8221;off&#8221; button_two_text_size__hover_enabled=&#8221;off&#8221; button_text_color__hover_enabled=&#8221;off&#8221; button_one_text_color__hover_enabled=&#8221;off&#8221; button_two_text_color__hover_enabled=&#8221;off&#8221; button_border_width__hover_enabled=&#8221;off&#8221; button_one_border_width__hover_enabled=&#8221;off&#8221; button_two_border_width__hover_enabled=&#8221;off&#8221; button_border_color__hover_enabled=&#8221;off&#8221; button_one_border_color__hover_enabled=&#8221;off&#8221; button_two_border_color__hover_enabled=&#8221;off&#8221; button_border_radius__hover_enabled=&#8221;off&#8221; button_one_border_radius__hover_enabled=&#8221;off&#8221; button_two_border_radius__hover_enabled=&#8221;off&#8221; button_letter_spacing__hover_enabled=&#8221;off&#8221; button_one_letter_spacing__hover_enabled=&#8221;off&#8221; button_two_letter_spacing__hover_enabled=&#8221;off&#8221; button_bg_color__hover_enabled=&#8221;off&#8221; button_one_bg_color__hover_enabled=&#8221;off&#8221; button_two_bg_color__hover_enabled=&#8221;off&#8221;][\/et_pb_contact_field][\/et_pb_contact_form][\/et_pb_column][\/et_pb_row][\/et_pb_section]<\/p>\n","protected":false},"excerpt":{"rendered":"<p>[et_pb_section fb_built=&#8221;1&#8243; custom_padding_last_edited=&#8221;off|desktop&#8221; module_class=&#8221;fade-out-section&#8221; _builder_version=&#8221;4.27.0&#8243; _module_preset=&#8221;00012f68-7d00-4818-b649-20d75de3265b&#8221; background_image=&#8221;https:\/\/www.medinik.de\/wp-content\/uploads\/2024\/08\/header_news_events_desk.jpg&#8221; background_position=&#8221;top_center&#8221; background_vertical_offset=&#8221;21%&#8221; height_tablet=&#8221;&#8221; height_phone=&#8221;&#8221; height_last_edited=&#8221;on|tablet&#8221; custom_margin=&#8221;||||false&#8221; custom_padding=&#8221;0px||0px||true|false&#8221; background_last_edited=&#8221;on|phone&#8221; background_image_tablet=&#8221;https:\/\/www.medinik.de\/wp-content\/uploads\/2024\/08\/header_news_events_medinik_tab.jpg&#8221; background_image_phone=&#8221;https:\/\/www.medinik.de\/wp-content\/uploads\/2024\/08\/header_news_events_medinik_mob.jpg&#8221; background_enable_image_tablet=&#8221;on&#8221; background_enable_image_phone=&#8221;on&#8221; locked=&#8221;off&#8221; global_colors_info=&#8221;{}&#8221;][et_pb_row column_structure=&#8221;3_5,2_5&#8243; make_equal=&#8221;on&#8221; module_class=&#8221;custom_row row-1440&#8243; _builder_version=&#8221;4.27.0&#8243; _module_preset=&#8221;fc0747b4-478d-48f4-8b1f-e468d1419db6&#8243; width_tablet=&#8221;&#8221; width_phone=&#8221;&#8221; width_last_edited=&#8221;on|desktop&#8221; min_height=&#8221;544px&#8221; min_height_tablet=&#8221;756px&#8221; min_height_phone=&#8221;722px&#8221; min_height_last_edited=&#8221;on|desktop&#8221; height=&#8221;30vw&#8221; max_height=&#8221;722px&#8221; global_colors_info=&#8221;{}&#8221;][et_pb_column type=&#8221;3_5&#8243; module_class=&#8221;second-on-mobile header-row&#8221; _builder_version=&#8221;4.23.4&#8243; _module_preset=&#8221;default&#8221; custom_css_main_element=&#8221;margin: auto;&#8221; global_colors_info=&#8221;{}&#8221; custom_css_main_element_last_edited=&#8221;on|phone&#8221; custom_css_main_element_tablet=&#8221;margin: auto auto 0;&#8221; custom_css_main_element_phone=&#8221;margin: auto auto 0;&#8221;][et_pb_text _builder_version=&#8221;4.27.0&#8243; [&hellip;]<\/p>\n","protected":false},"author":3,"featured_media":0,"parent":0,"menu_order":0,"comment_status":"closed","ping_status":"closed","template":"","meta":{"_et_pb_use_builder":"on","_et_pb_old_content":"","_et_gb_content_width":"","inline_featured_image":false,"footnotes":""},"class_list":["post-3578","page","type-page","status-publish","hentry"],"yoast_head":"<!-- This site is optimized with the Yoast SEO plugin v27.4 - https:\/\/yoast.com\/product\/yoast-seo-wordpress\/ -->\n<title>News &amp; Events - mediNiK\u00ae<\/title>\n<meta name=\"robots\" content=\"index, follow, max-snippet:-1, max-image-preview:large, max-video-preview:-1\" \/>\n<link rel=\"canonical\" href=\"https:\/\/www.medinik.de\/en\/news-events\/\" \/>\n<meta property=\"og:locale\" content=\"en_US\" \/>\n<meta property=\"og:type\" content=\"article\" \/>\n<meta property=\"og:title\" content=\"News &amp; Events - mediNiK\u00ae\" \/>\n<meta property=\"og:description\" content=\"[et_pb_section fb_built=&#8221;1&#8243; custom_padding_last_edited=&#8221;off|desktop&#8221; module_class=&#8221;fade-out-section&#8221; _builder_version=&#8221;4.27.0&#8243; _module_preset=&#8221;00012f68-7d00-4818-b649-20d75de3265b&#8221; background_image=&#8221;https:\/\/www.medinik.de\/wp-content\/uploads\/2024\/08\/header_news_events_desk.jpg&#8221; background_position=&#8221;top_center&#8221; background_vertical_offset=&#8221;21%&#8221; height_tablet=&#8221;&#8221; height_phone=&#8221;&#8221; height_last_edited=&#8221;on|tablet&#8221; custom_margin=&#8221;||||false&#8221; custom_padding=&#8221;0px||0px||true|false&#8221; background_last_edited=&#8221;on|phone&#8221; background_image_tablet=&#8221;https:\/\/www.medinik.de\/wp-content\/uploads\/2024\/08\/header_news_events_medinik_tab.jpg&#8221; background_image_phone=&#8221;https:\/\/www.medinik.de\/wp-content\/uploads\/2024\/08\/header_news_events_medinik_mob.jpg&#8221; background_enable_image_tablet=&#8221;on&#8221; background_enable_image_phone=&#8221;on&#8221; locked=&#8221;off&#8221; global_colors_info=&#8221;{}&#8221;][et_pb_row column_structure=&#8221;3_5,2_5&#8243; make_equal=&#8221;on&#8221; module_class=&#8221;custom_row row-1440&#8243; _builder_version=&#8221;4.27.0&#8243; _module_preset=&#8221;fc0747b4-478d-48f4-8b1f-e468d1419db6&#8243; width_tablet=&#8221;&#8221; width_phone=&#8221;&#8221; width_last_edited=&#8221;on|desktop&#8221; min_height=&#8221;544px&#8221; min_height_tablet=&#8221;756px&#8221; min_height_phone=&#8221;722px&#8221; min_height_last_edited=&#8221;on|desktop&#8221; height=&#8221;30vw&#8221; max_height=&#8221;722px&#8221; global_colors_info=&#8221;{}&#8221;][et_pb_column type=&#8221;3_5&#8243; module_class=&#8221;second-on-mobile header-row&#8221; _builder_version=&#8221;4.23.4&#8243; _module_preset=&#8221;default&#8221; custom_css_main_element=&#8221;margin: auto;&#8221; global_colors_info=&#8221;{}&#8221; custom_css_main_element_last_edited=&#8221;on|phone&#8221; custom_css_main_element_tablet=&#8221;margin: auto auto 0;&#8221; custom_css_main_element_phone=&#8221;margin: auto auto 0;&#8221;][et_pb_text _builder_version=&#8221;4.27.0&#8243; [&hellip;]\" \/>\n<meta property=\"og:url\" content=\"https:\/\/www.medinik.de\/en\/news-events\/\" \/>\n<meta property=\"og:site_name\" content=\"mediNiK\u00ae\" \/>\n<meta property=\"article:modified_time\" content=\"2025-04-17T08:59:01+00:00\" \/>\n<meta property=\"og:image\" content=\"https:\/\/www.medinik.de\/wp-content\/uploads\/2024\/09\/mediNik-Purenum_64x64.png\" \/>\n<meta name=\"twitter:card\" content=\"summary_large_image\" \/>\n<meta name=\"twitter:label1\" content=\"Est. reading time\" \/>\n\t<meta name=\"twitter:data1\" content=\"10 minutes\" \/>\n<script type=\"application\/ld+json\" class=\"yoast-schema-graph\">{\"@context\":\"https:\\\/\\\/schema.org\",\"@graph\":[{\"@type\":\"WebPage\",\"@id\":\"https:\\\/\\\/www.medinik.de\\\/en\\\/news-events\\\/\",\"url\":\"https:\\\/\\\/www.medinik.de\\\/en\\\/news-events\\\/\",\"name\":\"News & Events - mediNiK\u00ae\",\"isPartOf\":{\"@id\":\"https:\\\/\\\/www.medinik.de\\\/en\\\/#website\"},\"primaryImageOfPage\":{\"@id\":\"https:\\\/\\\/www.medinik.de\\\/en\\\/news-events\\\/#primaryimage\"},\"image\":{\"@id\":\"https:\\\/\\\/www.medinik.de\\\/en\\\/news-events\\\/#primaryimage\"},\"thumbnailUrl\":\"https:\\\/\\\/www.medinik.de\\\/wp-content\\\/uploads\\\/2024\\\/09\\\/icon-kachelansicht.png\",\"datePublished\":\"2024-08-20T14:52:06+00:00\",\"dateModified\":\"2025-04-17T08:59:01+00:00\",\"breadcrumb\":{\"@id\":\"https:\\\/\\\/www.medinik.de\\\/en\\\/news-events\\\/#breadcrumb\"},\"inLanguage\":\"en-US\",\"potentialAction\":[{\"@type\":\"ReadAction\",\"target\":[\"https:\\\/\\\/www.medinik.de\\\/en\\\/news-events\\\/\"]}]},{\"@type\":\"ImageObject\",\"inLanguage\":\"en-US\",\"@id\":\"https:\\\/\\\/www.medinik.de\\\/en\\\/news-events\\\/#primaryimage\",\"url\":\"https:\\\/\\\/www.medinik.de\\\/wp-content\\\/uploads\\\/2024\\\/09\\\/icon-kachelansicht.png\",\"contentUrl\":\"https:\\\/\\\/www.medinik.de\\\/wp-content\\\/uploads\\\/2024\\\/09\\\/icon-kachelansicht.png\"},{\"@type\":\"BreadcrumbList\",\"@id\":\"https:\\\/\\\/www.medinik.de\\\/en\\\/news-events\\\/#breadcrumb\",\"itemListElement\":[{\"@type\":\"ListItem\",\"position\":1,\"name\":\"Startseite\",\"item\":\"https:\\\/\\\/www.medinik.de\\\/en\\\/\"},{\"@type\":\"ListItem\",\"position\":2,\"name\":\"News &#038; Events\"}]},{\"@type\":\"WebSite\",\"@id\":\"https:\\\/\\\/www.medinik.de\\\/en\\\/#website\",\"url\":\"https:\\\/\\\/www.medinik.de\\\/en\\\/\",\"name\":\"mediNiK\u00ae\",\"description\":\"Der neue Standard. Steinfrei mit mediNiK\u00ae\",\"potentialAction\":[{\"@type\":\"SearchAction\",\"target\":{\"@type\":\"EntryPoint\",\"urlTemplate\":\"https:\\\/\\\/www.medinik.de\\\/en\\\/?s={search_term_string}\"},\"query-input\":{\"@type\":\"PropertyValueSpecification\",\"valueRequired\":true,\"valueName\":\"search_term_string\"}}],\"inLanguage\":\"en-US\"}]}<\/script>\n<!-- \/ Yoast SEO plugin. -->","yoast_head_json":{"title":"News & Events - mediNiK\u00ae","robots":{"index":"index","follow":"follow","max-snippet":"max-snippet:-1","max-image-preview":"max-image-preview:large","max-video-preview":"max-video-preview:-1"},"canonical":"https:\/\/www.medinik.de\/en\/news-events\/","og_locale":"en_US","og_type":"article","og_title":"News & Events - mediNiK\u00ae","og_description":"[et_pb_section fb_built=&#8221;1&#8243; custom_padding_last_edited=&#8221;off|desktop&#8221; module_class=&#8221;fade-out-section&#8221; _builder_version=&#8221;4.27.0&#8243; _module_preset=&#8221;00012f68-7d00-4818-b649-20d75de3265b&#8221; background_image=&#8221;https:\/\/www.medinik.de\/wp-content\/uploads\/2024\/08\/header_news_events_desk.jpg&#8221; background_position=&#8221;top_center&#8221; background_vertical_offset=&#8221;21%&#8221; height_tablet=&#8221;&#8221; height_phone=&#8221;&#8221; height_last_edited=&#8221;on|tablet&#8221; custom_margin=&#8221;||||false&#8221; custom_padding=&#8221;0px||0px||true|false&#8221; background_last_edited=&#8221;on|phone&#8221; background_image_tablet=&#8221;https:\/\/www.medinik.de\/wp-content\/uploads\/2024\/08\/header_news_events_medinik_tab.jpg&#8221; background_image_phone=&#8221;https:\/\/www.medinik.de\/wp-content\/uploads\/2024\/08\/header_news_events_medinik_mob.jpg&#8221; background_enable_image_tablet=&#8221;on&#8221; background_enable_image_phone=&#8221;on&#8221; locked=&#8221;off&#8221; global_colors_info=&#8221;{}&#8221;][et_pb_row column_structure=&#8221;3_5,2_5&#8243; make_equal=&#8221;on&#8221; module_class=&#8221;custom_row row-1440&#8243; _builder_version=&#8221;4.27.0&#8243; _module_preset=&#8221;fc0747b4-478d-48f4-8b1f-e468d1419db6&#8243; width_tablet=&#8221;&#8221; width_phone=&#8221;&#8221; width_last_edited=&#8221;on|desktop&#8221; min_height=&#8221;544px&#8221; min_height_tablet=&#8221;756px&#8221; min_height_phone=&#8221;722px&#8221; min_height_last_edited=&#8221;on|desktop&#8221; height=&#8221;30vw&#8221; max_height=&#8221;722px&#8221; global_colors_info=&#8221;{}&#8221;][et_pb_column type=&#8221;3_5&#8243; module_class=&#8221;second-on-mobile header-row&#8221; _builder_version=&#8221;4.23.4&#8243; _module_preset=&#8221;default&#8221; custom_css_main_element=&#8221;margin: auto;&#8221; global_colors_info=&#8221;{}&#8221; custom_css_main_element_last_edited=&#8221;on|phone&#8221; custom_css_main_element_tablet=&#8221;margin: auto auto 0;&#8221; custom_css_main_element_phone=&#8221;margin: auto auto 0;&#8221;][et_pb_text _builder_version=&#8221;4.27.0&#8243; [&hellip;]","og_url":"https:\/\/www.medinik.de\/en\/news-events\/","og_site_name":"mediNiK\u00ae","article_modified_time":"2025-04-17T08:59:01+00:00","og_image":[{"url":"https:\/\/www.medinik.de\/wp-content\/uploads\/2024\/09\/mediNik-Purenum_64x64.png","type":"","width":"","height":""}],"twitter_card":"summary_large_image","twitter_misc":{"Est. reading time":"10 minutes"},"schema":{"@context":"https:\/\/schema.org","@graph":[{"@type":"WebPage","@id":"https:\/\/www.medinik.de\/en\/news-events\/","url":"https:\/\/www.medinik.de\/en\/news-events\/","name":"News & Events - mediNiK\u00ae","isPartOf":{"@id":"https:\/\/www.medinik.de\/en\/#website"},"primaryImageOfPage":{"@id":"https:\/\/www.medinik.de\/en\/news-events\/#primaryimage"},"image":{"@id":"https:\/\/www.medinik.de\/en\/news-events\/#primaryimage"},"thumbnailUrl":"https:\/\/www.medinik.de\/wp-content\/uploads\/2024\/09\/icon-kachelansicht.png","datePublished":"2024-08-20T14:52:06+00:00","dateModified":"2025-04-17T08:59:01+00:00","breadcrumb":{"@id":"https:\/\/www.medinik.de\/en\/news-events\/#breadcrumb"},"inLanguage":"en-US","potentialAction":[{"@type":"ReadAction","target":["https:\/\/www.medinik.de\/en\/news-events\/"]}]},{"@type":"ImageObject","inLanguage":"en-US","@id":"https:\/\/www.medinik.de\/en\/news-events\/#primaryimage","url":"https:\/\/www.medinik.de\/wp-content\/uploads\/2024\/09\/icon-kachelansicht.png","contentUrl":"https:\/\/www.medinik.de\/wp-content\/uploads\/2024\/09\/icon-kachelansicht.png"},{"@type":"BreadcrumbList","@id":"https:\/\/www.medinik.de\/en\/news-events\/#breadcrumb","itemListElement":[{"@type":"ListItem","position":1,"name":"Startseite","item":"https:\/\/www.medinik.de\/en\/"},{"@type":"ListItem","position":2,"name":"News &#038; Events"}]},{"@type":"WebSite","@id":"https:\/\/www.medinik.de\/en\/#website","url":"https:\/\/www.medinik.de\/en\/","name":"mediNiK\u00ae","description":"Der neue Standard. Steinfrei mit mediNiK\u00ae","potentialAction":[{"@type":"SearchAction","target":{"@type":"EntryPoint","urlTemplate":"https:\/\/www.medinik.de\/en\/?s={search_term_string}"},"query-input":{"@type":"PropertyValueSpecification","valueRequired":true,"valueName":"search_term_string"}}],"inLanguage":"en-US"}]}},"_links":{"self":[{"href":"https:\/\/www.medinik.de\/en\/wp-json\/wp\/v2\/pages\/3578","targetHints":{"allow":["GET"]}}],"collection":[{"href":"https:\/\/www.medinik.de\/en\/wp-json\/wp\/v2\/pages"}],"about":[{"href":"https:\/\/www.medinik.de\/en\/wp-json\/wp\/v2\/types\/page"}],"author":[{"embeddable":true,"href":"https:\/\/www.medinik.de\/en\/wp-json\/wp\/v2\/users\/3"}],"replies":[{"embeddable":true,"href":"https:\/\/www.medinik.de\/en\/wp-json\/wp\/v2\/comments?post=3578"}],"version-history":[{"count":19,"href":"https:\/\/www.medinik.de\/en\/wp-json\/wp\/v2\/pages\/3578\/revisions"}],"predecessor-version":[{"id":5041,"href":"https:\/\/www.medinik.de\/en\/wp-json\/wp\/v2\/pages\/3578\/revisions\/5041"}],"wp:attachment":[{"href":"https:\/\/www.medinik.de\/en\/wp-json\/wp\/v2\/media?parent=3578"}],"curies":[{"name":"wp","href":"https:\/\/api.w.org\/{rel}","templated":true}]}}